{"id":1352,"date":"2022-09-26T19:42:49","date_gmt":"2022-09-27T00:42:49","guid":{"rendered":"https:\/\/ancperu.org\/ancperu\/?page_id=1352"},"modified":"2025-03-04T16:37:25","modified_gmt":"2025-03-04T21:37:25","slug":"anteriores-consejos-directivos","status":"publish","type":"page","link":"https:\/\/ancperu.org\/ancperu\/anteriores-consejos-directivos\/","title":{"rendered":"Anteriores consejos directivos"},"content":{"rendered":"<p><div class=\"fusion-fullwidth fullwidth-box fusion-builder-row-1 fusion-flex-container has-pattern-background has-mask-background nonhundred-percent-fullwidth non-hundred-percent-height-scrolling\" style=\"background-color: var(--awb-color6);background-position: center center;background-repeat: no-repeat;border-width: 0px 0px 0px 0px;border-color:hsla(var(--awb-color5-h),var(--awb-color5-s),var(--awb-color5-l),calc( var(--awb-color5-a) - 97% ));border-style:solid;\" ><div class=\"fusion-builder-row fusion-row fusion-flex-align-items-flex-start\" style=\"max-width:1248px;margin-left: calc(-4% \/ 2 );margin-right: calc(-4% \/ 2 );\"><div class=\"fusion-layout-column fusion_builder_column fusion-builder-column-0 fusion_builder_column_1_1 1_1 fusion-flex-column\"><div class=\"fusion-column-wrapper fusion-flex-justify-content-flex-start fusion-content-layout-column\" style=\"background-position:left top;background-repeat:no-repeat;-webkit-background-size:cover;-moz-background-size:cover;-o-background-size:cover;background-size:cover;padding: 0px 0px 0px 0px;\"><div class=\"fusion-separator fusion-full-width-sep\" style=\"align-self: center;margin-left: auto;margin-right: auto;margin-top:10px;margin-bottom:20px;width:100%;\"><div class=\"fusion-separator-border sep-double\" style=\"border-color:hsla(var(--awb-color5-h),var(--awb-color5-s),var(--awb-color5-l),calc( var(--awb-color5-a) - 97% ));border-top-width:0px;border-bottom-width:0px;\"><\/div><\/div><div class=\"fusion-text fusion-text-1\" style=\"font-size:20px;color:var(--awb-color1);\"><p style=\"text-align: center;\">Aqu\u00ed pueden conocer informaci\u00f3n de los anteriores consejos directivos<\/p>\n<\/div><style type=\"text\/css\">@media only screen and (max-width:1024px) {.fusion-title.fusion-title-1{margin-top:10px!important; margin-right:0px!important;margin-bottom:15px!important;margin-left:0px!important;}}@media only screen and (max-width:640px) {.fusion-title.fusion-title-1{margin-top:10px!important; margin-right:0px!important;margin-bottom:10px!important; margin-left:0px!important;}}<\/style><div class=\"fusion-title title fusion-title-1 fusion-sep-none fusion-title-center fusion-title-text fusion-title-size-one\" style=\"margin-top:10px;margin-right:0px;margin-bottom:15px;margin-left:0px;\"><h1 class=\"title-heading-center fusion-responsive-typography-calculated\" style=\"margin:0;color:var(--awb-color4);--fontSize:54;line-height:var(--awb-typography1-line-height);\"><p style=\"text-align: center;\">Consejo Directivo 2018-2021<\/p><\/h1><\/div><\/div><style type=\"text\/css\">.fusion-body .fusion-builder-column-0{width:100% !important;margin-top : 0px;margin-bottom : 20px;}.fusion-builder-column-0 > .fusion-column-wrapper {padding-top : 0px !important;padding-right : 0px !important;margin-right : 1.92%;padding-bottom : 0px !important;padding-left : 0px !important;margin-left : 1.92%;}@media only screen and (max-width:1024px) {.fusion-body .fusion-builder-column-0{width:100% !important;order : 0;}.fusion-builder-column-0 > .fusion-column-wrapper {margin-right : 1.92%;margin-left : 1.92%;}}@media only screen and (max-width:640px) {.fusion-body .fusion-builder-column-0{width:100% !important;order : 0;}.fusion-builder-column-0 > .fusion-column-wrapper {margin-right : 1.92%;margin-left : 1.92%;}}<\/style><\/div><div class=\"fusion-layout-column fusion_builder_column fusion-builder-column-1 fusion_builder_column_1_3 1_3 fusion-flex-column fusion-flex-align-self-flex-start\"><div class=\"fusion-column-wrapper fusion-flex-justify-content-flex-start fusion-content-layout-column\" style=\"background-position:left top;background-repeat:no-repeat;-webkit-background-size:cover;-moz-background-size:cover;-o-background-size:cover;background-size:cover;border-radius:10px 10px 10px 10px;background-color:var(--awb-color5);border-radius:10px 10px 10px 10px;overflow:hidden;padding: 10px 10px 10px 10px;\"><div style=\"text-align:center;\"><span class=\" fusion-imageframe imageframe-none imageframe-1 hover-type-none\" style=\"border-radius:50%;\"><img decoding=\"async\" width=\"300\" height=\"298\" title=\"Rectangle-24-300&#215;298\" src=\"https:\/\/ancperu.org\/ancperu\/wp-content\/uploads\/2025\/03\/Rectangle-24-300x298-1.png\" data-orig-src=\"https:\/\/ancperu.org\/ancperu\/wp-content\/uploads\/2025\/03\/Rectangle-24-300x298-1.png\" alt class=\"lazyload img-responsive wp-image-1797\" srcset=\"data:image\/svg+xml,%3Csvg%20xmlns%3D%27http%3A%2F%2Fwww.w3.org%2F2000%2Fsvg%27%20width%3D%27300%27%20height%3D%27298%27%20viewBox%3D%270%200%20300%20298%27%3E%3Crect%20width%3D%27300%27%20height%3D%27298%27%20fill-opacity%3D%220%22%2F%3E%3C%2Fsvg%3E\" data-srcset=\"https:\/\/ancperu.org\/ancperu\/wp-content\/uploads\/2025\/03\/Rectangle-24-300x298-1-200x199.png 200w, https:\/\/ancperu.org\/ancperu\/wp-content\/uploads\/2025\/03\/Rectangle-24-300x298-1.png 300w\" data-sizes=\"auto\" data-orig-sizes=\"(max-width: 640px) 100vw, 300px\" \/><\/span><\/div><style type=\"text\/css\">@media only screen and (max-width:1024px) {.fusion-title.fusion-title-2{margin-top:10px!important; margin-right:0px!important;margin-bottom:15px!important;margin-left:0px!important;}}@media only screen and (max-width:640px) {.fusion-title.fusion-title-2{margin-top:10px!important; margin-right:0px!important;margin-bottom:10px!important; margin-left:0px!important;}}<\/style><div class=\"fusion-title title fusion-title-2 fusion-sep-none fusion-title-center fusion-title-text fusion-title-size-two\" style=\"font-size:21px;margin-top:10px;margin-right:0px;margin-bottom:15px;margin-left:0px;\"><h2 class=\"title-heading-center fusion-responsive-typography-calculated\" style=\"margin:0;font-size:1em;color:var(--awb-color1);--fontSize:21;--minFontSize:21px;line-height:var(--awb-typography1-line-height);\"><p style=\"text-align: center;\">Dr. Alberto Gago<\/p><\/h2><\/div><div class=\"fusion-text fusion-text-2\" style=\"text-align:left;font-size:14px;color:var(--awb-color1);\"><p style=\"text-align: center;\"><strong>PRESIDENTE<\/strong><\/p>\n<\/div><div class=\"fusion-text fusion-text-3\" style=\"text-align:left;font-size:14px;color:var(--awb-color1);\"><p style=\"text-align: left;\">Doctor en Ciencias por la Universidad de de S\u00e3o Paulo (Brasil). Su \u00e1rea de investigaci\u00f3n es la f\u00edsica de las part\u00edculas subat\u00f3micas o elementales siendo l\u00edder del Grupo de Altas Energ\u00edas de la PUCP que participa en los experimentos ALICE (CERN) y MINERvA (Fermilab) desde los a\u00f1os 2009 y 2006, respectivamente. Su trabajo se extiende tambi\u00e9n a la parte te\u00f3rica-fenomenol\u00f3gica de la f\u00edsica de part\u00edculas. Si quieres conocer m\u00e1s de lo que \u00e9l y su grupo hace vaya al link del grupo de <a style=\"color: #ffe252;\" href=\"https:\/\/investigacion.pucp.edu.pe\/grupos\/hep\/\" target=\"_blank\" rel=\"noopener\">Altas Energ\u00edas\u00a0<\/a> o al link del <a style=\"color: #ffe252;\" href=\"https:\/\/youtu.be\/BrNGqLC6Tqw\" target=\"_blank\" rel=\"noopener\">video introductorio<\/a>. Ha recibido el Premio a la excelencia Elsevier en Ciencias F\u00edsicas-Per\u00fa 2017 y el Premio TWAS-ANCYT para cient\u00edficos j\u00f3venes en ciencias b\u00e1sicas 2004. Es Director del Doctorado de F\u00edsica y profesor principal de la Secci\u00f3n de F\u00edsica del Departamento de Ciencias de la PUCP.<\/p>\n<\/div><\/div><style type=\"text\/css\">.fusion-body .fusion-builder-column-1{width:33.333333333333% !important;margin-top : 0px;margin-bottom : 20px;}.fusion-builder-column-1 > .fusion-column-wrapper {padding-top : 10px !important;padding-right : 10px !important;margin-right : 5.76%;padding-bottom : 10px !important;padding-left : 10px !important;margin-left : 5.76%;}@media only screen and (max-width:1024px) {.fusion-body .fusion-builder-column-1{width:33.333333333333% !important;order : 0;}.fusion-builder-column-1 > .fusion-column-wrapper {margin-right : 5.76%;margin-left : 5.76%;}}@media only screen and (max-width:640px) {.fusion-body .fusion-builder-column-1{width:100% !important;order : 0;}.fusion-builder-column-1 > .fusion-column-wrapper {margin-right : 1.92%;margin-left : 1.92%;}}<\/style><\/div><div class=\"fusion-layout-column fusion_builder_column fusion-builder-column-2 fusion_builder_column_1_3 1_3 fusion-flex-column fusion-flex-align-self-flex-start\"><div class=\"fusion-column-wrapper fusion-flex-justify-content-flex-start fusion-content-layout-column\" style=\"background-position:left top;background-repeat:no-repeat;-webkit-background-size:cover;-moz-background-size:cover;-o-background-size:cover;background-size:cover;border-radius:10px 10px 10px 10px;background-color:var(--awb-color5);border-radius:10px 10px 10px 10px;overflow:hidden;padding: 10px 10px 10px 10px;\"><div style=\"text-align:center;\"><span class=\" fusion-imageframe imageframe-none imageframe-2 hover-type-none\" style=\"border-radius:50%;\"><img decoding=\"async\" width=\"317\" height=\"315\" title=\"Rectangle 24-3\" src=\"https:\/\/ancperu.org\/ancperu\/wp-content\/uploads\/2022\/08\/Rectangle-24-3.png\" data-orig-src=\"https:\/\/ancperu.org\/ancperu\/wp-content\/uploads\/2022\/08\/Rectangle-24-3.png\" alt class=\"lazyload img-responsive wp-image-860\" srcset=\"data:image\/svg+xml,%3Csvg%20xmlns%3D%27http%3A%2F%2Fwww.w3.org%2F2000%2Fsvg%27%20width%3D%27317%27%20height%3D%27315%27%20viewBox%3D%270%200%20317%20315%27%3E%3Crect%20width%3D%27317%27%20height%3D%27315%27%20fill-opacity%3D%220%22%2F%3E%3C%2Fsvg%3E\" data-srcset=\"https:\/\/ancperu.org\/ancperu\/wp-content\/uploads\/2022\/08\/Rectangle-24-3-200x199.png 200w, https:\/\/ancperu.org\/ancperu\/wp-content\/uploads\/2022\/08\/Rectangle-24-3.png 317w\" data-sizes=\"auto\" data-orig-sizes=\"(max-width: 640px) 100vw, 317px\" \/><\/span><\/div><style type=\"text\/css\">@media only screen and (max-width:1024px) {.fusion-title.fusion-title-3{margin-top:10px!important; margin-right:0px!important;margin-bottom:15px!important;margin-left:0px!important;}}@media only screen and (max-width:640px) {.fusion-title.fusion-title-3{margin-top:10px!important; margin-right:0px!important;margin-bottom:10px!important; margin-left:0px!important;}}<\/style><div class=\"fusion-title title fusion-title-3 fusion-sep-none fusion-title-center fusion-title-text fusion-title-size-two\" style=\"font-size:21px;margin-top:10px;margin-right:0px;margin-bottom:15px;margin-left:0px;\"><h2 class=\"title-heading-center fusion-responsive-typography-calculated\" style=\"margin:0;font-size:1em;color:var(--awb-color1);--fontSize:21;--minFontSize:21px;line-height:var(--awb-typography1-line-height);\"><p style=\"text-align: center;\">Dra. Gisella Orjeda<\/p><\/h2><\/div><div class=\"fusion-text fusion-text-4\" style=\"text-align:left;font-size:14px;color:var(--awb-color1);\"><p style=\"text-align: center;\"><strong>VICEPRESIDENTA<\/strong><\/p>\n<\/div><div class=\"fusion-text fusion-text-5\" style=\"text-align:left;font-size:14px;color:var(--awb-color1);\"><p style=\"text-align: left;\">Biolog\u00eda (UNALM), MSc en Mejoramiento Gen\u00e9tico de Plantas con menci\u00f3n en estad\u00edstica (UNALM) y PhD en Ciencias Biol\u00f3gicas (University of Birmingham, UK). Investigadora en gen\u00f3mica vegetal. \u00daltima publicaci\u00f3n: Transcriptome Profiling Shows a Rapid Variety-Specific Response in Two Andigenum Potato Varieties Under Drought Stress. En Frontiers en Plant Science (2022). Profesora principal en la Facultad de Ciencias Biol\u00f3gicas de la Universidad Nacional Mayor de San Marcos. Laboratorio de Gen\u00f3mica y Bioinform\u00e1tica de la Biodiversidad. VicePresidente de la ANC 2021-2024.\u00a0 Ha sido Presidente del Consejo Nacional de Ciencia, tecnolog\u00eda e Innovaci\u00f3n Tecnol\u00f3gica (Concytec) y Presidente ejecutiva del Instituto Nacional de Investigaci\u00f3n en Glaciares y Ecosistemas de Monta\u00f1a (INAIGEM). Recibi\u00f3 la medalla Encinas otorgada a personas que han dedicado su vida a la generaci\u00f3n de conocimiento y la cultura.<\/p>\n<\/div><\/div><style type=\"text\/css\">.fusion-body .fusion-builder-column-2{width:33.333333333333% !important;margin-top : 0px;margin-bottom : 20px;}.fusion-builder-column-2 > .fusion-column-wrapper {padding-top : 10px !important;padding-right : 10px !important;margin-right : 5.76%;padding-bottom : 10px !important;padding-left : 10px !important;margin-left : 5.76%;}@media only screen and (max-width:1024px) {.fusion-body .fusion-builder-column-2{width:33.333333333333% !important;order : 0;}.fusion-builder-column-2 > .fusion-column-wrapper {margin-right : 5.76%;margin-left : 5.76%;}}@media only screen and (max-width:640px) {.fusion-body .fusion-builder-column-2{width:100% !important;order : 0;}.fusion-builder-column-2 > .fusion-column-wrapper {margin-right : 1.92%;margin-left : 1.92%;}}<\/style><\/div><div class=\"fusion-layout-column fusion_builder_column fusion-builder-column-3 fusion_builder_column_1_3 1_3 fusion-flex-column fusion-flex-align-self-flex-start\"><div class=\"fusion-column-wrapper fusion-flex-justify-content-flex-start fusion-content-layout-column\" style=\"background-position:left top;background-repeat:no-repeat;-webkit-background-size:cover;-moz-background-size:cover;-o-background-size:cover;background-size:cover;border-radius:10px 10px 10px 10px;background-color:var(--awb-color5);border-radius:10px 10px 10px 10px;overflow:hidden;padding: 10px 10px 10px 10px;\"><div style=\"text-align:center;\"><span class=\" fusion-imageframe imageframe-none imageframe-3 hover-type-none\" style=\"border-radius:50%;\"><img decoding=\"async\" width=\"317\" height=\"315\" title=\"Rectangle 24-5\" src=\"https:\/\/ancperu.org\/ancperu\/wp-content\/uploads\/2022\/08\/Rectangle-24-5.png\" data-orig-src=\"https:\/\/ancperu.org\/ancperu\/wp-content\/uploads\/2022\/08\/Rectangle-24-5.png\" alt class=\"lazyload img-responsive wp-image-858\" srcset=\"data:image\/svg+xml,%3Csvg%20xmlns%3D%27http%3A%2F%2Fwww.w3.org%2F2000%2Fsvg%27%20width%3D%27317%27%20height%3D%27315%27%20viewBox%3D%270%200%20317%20315%27%3E%3Crect%20width%3D%27317%27%20height%3D%27315%27%20fill-opacity%3D%220%22%2F%3E%3C%2Fsvg%3E\" data-srcset=\"https:\/\/ancperu.org\/ancperu\/wp-content\/uploads\/2022\/08\/Rectangle-24-5-200x199.png 200w, https:\/\/ancperu.org\/ancperu\/wp-content\/uploads\/2022\/08\/Rectangle-24-5.png 317w\" data-sizes=\"auto\" data-orig-sizes=\"(max-width: 640px) 100vw, 317px\" \/><\/span><\/div><style type=\"text\/css\">@media only screen and (max-width:1024px) {.fusion-title.fusion-title-4{margin-top:10px!important; margin-right:0px!important;margin-bottom:15px!important;margin-left:0px!important;}}@media only screen and (max-width:640px) {.fusion-title.fusion-title-4{margin-top:10px!important; margin-right:0px!important;margin-bottom:10px!important; margin-left:0px!important;}}<\/style><div class=\"fusion-title title fusion-title-4 fusion-sep-none fusion-title-center fusion-title-text fusion-title-size-two\" style=\"font-size:21px;margin-top:10px;margin-right:0px;margin-bottom:15px;margin-left:0px;\"><h2 class=\"title-heading-center fusion-responsive-typography-calculated\" style=\"margin:0;font-size:1em;color:var(--awb-color1);--fontSize:21;--minFontSize:21px;line-height:var(--awb-typography1-line-height);\"><p style=\"text-align: center;\">Dr. Jos\u00e9 Machar\u00e9<\/p><\/h2><\/div><div class=\"fusion-text fusion-text-6\" style=\"text-align:left;font-size:14px;color:var(--awb-color1);\"><p style=\"text-align: center;\"><strong>SECRETARIO<\/strong><\/p>\n<\/div><div class=\"fusion-text fusion-text-7\" style=\"text-align:left;font-size:14px;color:var(--awb-color1);\"><p>Ingeniero ge\u00f3logo (Universidad Nacional de Ingenier\u00eda (UNI), Doctor en Ciencias de la Tierra (Universidad de Par\u00eds, Orsay). Profesor del Departamento de Geolog\u00eda de la UNI. Especialista en estructural y tect\u00f3nica, as\u00ed como en procesos recientes y actuales: riesgos naturales, cambio clim\u00e1tico y su gesti\u00f3n. Recientemente, coedit\u00f3 el libro Engineering Resilience in Disaster Risk Management for Sustainable Development (WFEO-UNESCO-CIP). Ha recibido las Palmas Acad\u00e9micas del gobierno de Francia y la Orden de la Ingenier\u00eda Peruana. Anteriormente, se desempe\u00f1\u00f3 como investigador y director cient\u00edfico en el Instituto Geof\u00edsico del Per\u00fa y el Instituto Geol\u00f3gico Minero y Metal\u00fargico, as\u00ed como ingeniero en el sector privado.<\/p>\n<\/div><\/div><style type=\"text\/css\">.fusion-body .fusion-builder-column-3{width:33.333333333333% !important;margin-top : 0px;margin-bottom : 20px;}.fusion-builder-column-3 > .fusion-column-wrapper {padding-top : 10px !important;padding-right : 10px !important;margin-right : 5.76%;padding-bottom : 10px !important;padding-left : 10px !important;margin-left : 5.76%;}@media only screen and (max-width:1024px) {.fusion-body .fusion-builder-column-3{width:33.333333333333% !important;order : 0;}.fusion-builder-column-3 > .fusion-column-wrapper {margin-right : 5.76%;margin-left : 5.76%;}}@media only screen and (max-width:640px) {.fusion-body .fusion-builder-column-3{width:100% !important;order : 0;}.fusion-builder-column-3 > .fusion-column-wrapper {margin-right : 1.92%;margin-left : 1.92%;}}<\/style><\/div><div class=\"fusion-layout-column fusion_builder_column fusion-builder-column-4 fusion_builder_column_1_3 1_3 fusion-flex-column fusion-flex-align-self-flex-start\"><div class=\"fusion-column-wrapper fusion-flex-justify-content-flex-start fusion-content-layout-column\" style=\"background-position:left top;background-repeat:no-repeat;-webkit-background-size:cover;-moz-background-size:cover;-o-background-size:cover;background-size:cover;border-radius:10px 10px 10px 10px;background-color:var(--awb-color5);border-radius:10px 10px 10px 10px;overflow:hidden;padding: 10px 10px 10px 10px;\"><div style=\"text-align:center;\"><span class=\" fusion-imageframe imageframe-none imageframe-4 hover-type-none\" style=\"border-radius:50%;\"><img decoding=\"async\" width=\"317\" height=\"315\" title=\"Rectangle 24-1\" src=\"https:\/\/ancperu.org\/ancperu\/wp-content\/uploads\/2022\/08\/Rectangle-24-1.png\" data-orig-src=\"https:\/\/ancperu.org\/ancperu\/wp-content\/uploads\/2022\/08\/Rectangle-24-1.png\" alt class=\"lazyload img-responsive wp-image-862\" srcset=\"data:image\/svg+xml,%3Csvg%20xmlns%3D%27http%3A%2F%2Fwww.w3.org%2F2000%2Fsvg%27%20width%3D%27317%27%20height%3D%27315%27%20viewBox%3D%270%200%20317%20315%27%3E%3Crect%20width%3D%27317%27%20height%3D%27315%27%20fill-opacity%3D%220%22%2F%3E%3C%2Fsvg%3E\" data-srcset=\"https:\/\/ancperu.org\/ancperu\/wp-content\/uploads\/2022\/08\/Rectangle-24-1-200x199.png 200w, https:\/\/ancperu.org\/ancperu\/wp-content\/uploads\/2022\/08\/Rectangle-24-1.png 317w\" data-sizes=\"auto\" data-orig-sizes=\"(max-width: 640px) 100vw, 317px\" \/><\/span><\/div><style type=\"text\/css\">@media only screen and (max-width:1024px) {.fusion-title.fusion-title-5{margin-top:10px!important; margin-right:0px!important;margin-bottom:15px!important;margin-left:0px!important;}}@media only screen and (max-width:640px) {.fusion-title.fusion-title-5{margin-top:10px!important; margin-right:0px!important;margin-bottom:10px!important; margin-left:0px!important;}}<\/style><div class=\"fusion-title title fusion-title-5 fusion-sep-none fusion-title-center fusion-title-text fusion-title-size-two\" style=\"font-size:21px;margin-top:10px;margin-right:0px;margin-bottom:15px;margin-left:0px;\"><h2 class=\"title-heading-center fusion-responsive-typography-calculated\" style=\"margin:0;font-size:1em;color:var(--awb-color1);--fontSize:21;--minFontSize:21px;line-height:var(--awb-typography1-line-height);\"><p style=\"text-align: center;\">Dra. Dionicia Gamboa<\/p><\/h2><\/div><div class=\"fusion-text fusion-text-8\" style=\"text-align:left;font-size:14px;color:var(--awb-color1);\"><p style=\"text-align: center;\"><strong>TESORERA<\/strong><\/p>\n<\/div><div class=\"fusion-text fusion-text-9\" style=\"text-align:left;font-size:14px;color:var(--awb-color1);\"><p>Bi\u00f3loga (Universidad Peruana Cayetano Heredia &#8211; UPCH), Magister en Ciencias con menci\u00f3n en Bioqu\u00edmica (UPCH) y Doctora en Ciencias Biom\u00e9dicas (Universidad de Maastricht, Pa\u00edses Bajos). Profesora Principal del Departamento de Ciencias Celulares y Moleculares, Facultad de Ciencias y Filosof\u00eda (UPCH), miembro titular del Instituto de Medicina Tropical Alexander von Humboldt (IMTAvH &#8211; UPCH). Coordinadora del Programa de Doctorado en Ciencias de la Vida (UPCH). Investigadora en el \u00e1rea de salud, enfermedades infecciosas tropicales, espec\u00edficamente en Malaria, con proyectos en la Amazon\u00eda Peruana que incluyen el desarrollo y uso de herramientas moleculares especializadas para el diagn\u00f3stico y la caracterizaci\u00f3n gen\u00e9tica de los par\u00e1sitos que causan esta enfermedad. M\u00e1s de 80 publicaciones en revistas cient\u00edficas indexadas internacionalmente. Ganadora del Premio Internacional UNESCO-L\u2019OREAL por las mujeres en la ciencia el 2003 (como estudiante de doctorado), el Premio Nacional UNESCO-L\u2019OREAL-CONCYTEC-ANC por las mujeres en la ciencia el 2015 (como investigadora). El 2013 recibi\u00f3 el premio Elsevier Award, Early Carrier Woman in Science (TWAS, OWSD), representando a America Latina &amp; Caribe.<\/p>\n<\/div><\/div><style type=\"text\/css\">.fusion-body .fusion-builder-column-4{width:33.333333333333% !important;margin-top : 0px;margin-bottom : 20px;}.fusion-builder-column-4 > .fusion-column-wrapper {padding-top : 10px !important;padding-right : 10px !important;margin-right : 5.76%;padding-bottom : 10px !important;padding-left : 10px !important;margin-left : 5.76%;}@media only screen and (max-width:1024px) {.fusion-body .fusion-builder-column-4{width:33.333333333333% !important;order : 0;}.fusion-builder-column-4 > .fusion-column-wrapper {margin-right : 5.76%;margin-left : 5.76%;}}@media only screen and (max-width:640px) {.fusion-body .fusion-builder-column-4{width:100% !important;order : 0;}.fusion-builder-column-4 > .fusion-column-wrapper {margin-right : 1.92%;margin-left : 1.92%;}}<\/style><\/div><div class=\"fusion-layout-column fusion_builder_column fusion-builder-column-5 fusion_builder_column_1_3 1_3 fusion-flex-column fusion-flex-align-self-flex-start\"><div class=\"fusion-column-wrapper fusion-flex-justify-content-flex-start fusion-content-layout-column\" style=\"background-position:left top;background-repeat:no-repeat;-webkit-background-size:cover;-moz-background-size:cover;-o-background-size:cover;background-size:cover;border-radius:10px 10px 10px 10px;background-color:var(--awb-color5);border-radius:10px 10px 10px 10px;overflow:hidden;padding: 10px 10px 10px 10px;\"><div style=\"text-align:center;\"><span class=\" fusion-imageframe imageframe-none imageframe-5 hover-type-none\" style=\"border-radius:50%;\"><img decoding=\"async\" width=\"317\" height=\"315\" title=\"Rectangle 24-2\" src=\"https:\/\/ancperu.org\/ancperu\/wp-content\/uploads\/2022\/08\/Rectangle-24-2.png\" data-orig-src=\"https:\/\/ancperu.org\/ancperu\/wp-content\/uploads\/2022\/08\/Rectangle-24-2.png\" alt class=\"lazyload img-responsive wp-image-861\" srcset=\"data:image\/svg+xml,%3Csvg%20xmlns%3D%27http%3A%2F%2Fwww.w3.org%2F2000%2Fsvg%27%20width%3D%27317%27%20height%3D%27315%27%20viewBox%3D%270%200%20317%20315%27%3E%3Crect%20width%3D%27317%27%20height%3D%27315%27%20fill-opacity%3D%220%22%2F%3E%3C%2Fsvg%3E\" data-srcset=\"https:\/\/ancperu.org\/ancperu\/wp-content\/uploads\/2022\/08\/Rectangle-24-2-200x199.png 200w, https:\/\/ancperu.org\/ancperu\/wp-content\/uploads\/2022\/08\/Rectangle-24-2.png 317w\" data-sizes=\"auto\" data-orig-sizes=\"(max-width: 640px) 100vw, 317px\" \/><\/span><\/div><style type=\"text\/css\">@media only screen and (max-width:1024px) {.fusion-title.fusion-title-6{margin-top:10px!important; margin-right:0px!important;margin-bottom:15px!important;margin-left:0px!important;}}@media only screen and (max-width:640px) {.fusion-title.fusion-title-6{margin-top:10px!important; margin-right:0px!important;margin-bottom:10px!important; margin-left:0px!important;}}<\/style><div class=\"fusion-title title fusion-title-6 fusion-sep-none fusion-title-center fusion-title-text fusion-title-size-two\" style=\"font-size:21px;margin-top:10px;margin-right:0px;margin-bottom:15px;margin-left:0px;\"><h2 class=\"title-heading-center fusion-responsive-typography-calculated\" style=\"margin:0;font-size:1em;color:var(--awb-color1);--fontSize:21;--minFontSize:21px;line-height:var(--awb-typography1-line-height);\"><p style=\"text-align: center;\">Dra. Luisa Vetter<\/p><\/h2><\/div><div class=\"fusion-text fusion-text-10\" style=\"text-align:left;font-size:14px;color:var(--awb-color1);\"><p style=\"text-align: center;\"><strong>VOCAL<\/strong><\/p>\n<\/div><div class=\"fusion-text fusion-text-11\" style=\"text-align:left;font-size:14px;color:var(--awb-color1);\"><p>Arqueologa (PUCP), Magister en Historia (PUCP) y Doctora en Historia con menci\u00f3n en Estudios Andinos (PUCP). Diplomada en Arqueometr\u00eda (Universidad Nacional Mayor de San Marcos). Especialista en metalurgia prehisp\u00e1nica y colonial. \u00daltimos libros: Los metales en nuestra historia. IFEA y Academia Colombiana de Historia, Lima, 2021; Plateros y saberes andinos: el arte orfebre en los siglos XVI y XVII. Centro Bartolom\u00e9 de las Casas y Academia Nacional de Ciencias, Lima. 2016. Docente de la Pontificia Universidad Cat\u00f3lica del Per\u00fa. Miembro del Consejo Directivo 2021-2024. Ganadora del premio L\u00d3real-UNESCO-Concytec \u201cPor las Mujeres en la Ciencia\u201d 2016. Ha sido Directora General de Museos del Ministerio de Cultura, Directora T\u00e9cnica de la Biblioteca Nacional del Per\u00fa y Jefa Institucional del Archivo General de la Naci\u00f3n.<\/p>\n<\/div><\/div><style type=\"text\/css\">.fusion-body .fusion-builder-column-5{width:33.333333333333% !important;margin-top : 0px;margin-bottom : 20px;}.fusion-builder-column-5 > .fusion-column-wrapper {padding-top : 10px !important;padding-right : 10px !important;margin-right : 5.76%;padding-bottom : 10px !important;padding-left : 10px !important;margin-left : 5.76%;}@media only screen and (max-width:1024px) {.fusion-body .fusion-builder-column-5{width:33.333333333333% !important;order : 0;}.fusion-builder-column-5 > .fusion-column-wrapper {margin-right : 5.76%;margin-left : 5.76%;}}@media only screen and (max-width:640px) {.fusion-body .fusion-builder-column-5{width:100% !important;order : 0;}.fusion-builder-column-5 > .fusion-column-wrapper {margin-right : 1.92%;margin-left : 1.92%;}}<\/style><\/div><div class=\"fusion-layout-column fusion_builder_column fusion-builder-column-6 fusion_builder_column_1_3 1_3 fusion-flex-column fusion-flex-align-self-flex-start\"><div class=\"fusion-column-wrapper fusion-flex-justify-content-flex-start fusion-content-layout-column\" style=\"background-position:left top;background-repeat:no-repeat;-webkit-background-size:cover;-moz-background-size:cover;-o-background-size:cover;background-size:cover;border-radius:10px 10px 10px 10px;background-color:var(--awb-color5);border-radius:10px 10px 10px 10px;overflow:hidden;padding: 10px 10px 10px 10px;\"><div style=\"text-align:center;\"><span class=\" fusion-imageframe imageframe-none imageframe-6 hover-type-none\" style=\"border-radius:50%;\"><img decoding=\"async\" width=\"317\" height=\"315\" title=\"Rectangle 24-6\" src=\"https:\/\/ancperu.org\/ancperu\/wp-content\/uploads\/2022\/08\/Rectangle-24-6.png\" data-orig-src=\"https:\/\/ancperu.org\/ancperu\/wp-content\/uploads\/2022\/08\/Rectangle-24-6.png\" alt class=\"lazyload img-responsive wp-image-857\" srcset=\"data:image\/svg+xml,%3Csvg%20xmlns%3D%27http%3A%2F%2Fwww.w3.org%2F2000%2Fsvg%27%20width%3D%27317%27%20height%3D%27315%27%20viewBox%3D%270%200%20317%20315%27%3E%3Crect%20width%3D%27317%27%20height%3D%27315%27%20fill-opacity%3D%220%22%2F%3E%3C%2Fsvg%3E\" data-srcset=\"https:\/\/ancperu.org\/ancperu\/wp-content\/uploads\/2022\/08\/Rectangle-24-6-200x199.png 200w, https:\/\/ancperu.org\/ancperu\/wp-content\/uploads\/2022\/08\/Rectangle-24-6.png 317w\" data-sizes=\"auto\" data-orig-sizes=\"(max-width: 640px) 100vw, 317px\" \/><\/span><\/div><style type=\"text\/css\">@media only screen and (max-width:1024px) {.fusion-title.fusion-title-7{margin-top:10px!important; margin-right:0px!important;margin-bottom:15px!important;margin-left:0px!important;}}@media only screen and (max-width:640px) {.fusion-title.fusion-title-7{margin-top:10px!important; margin-right:0px!important;margin-bottom:10px!important; margin-left:0px!important;}}<\/style><div class=\"fusion-title title fusion-title-7 fusion-sep-none fusion-title-center fusion-title-text fusion-title-size-two\" style=\"font-size:21px;margin-top:10px;margin-right:0px;margin-bottom:15px;margin-left:0px;\"><h2 class=\"title-heading-center fusion-responsive-typography-calculated\" style=\"margin:0;font-size:1em;color:var(--awb-color1);--fontSize:21;--minFontSize:21px;line-height:var(--awb-typography1-line-height);\"><p style=\"text-align: center;\">Dra. Gretty Villena<\/p><\/h2><\/div><div class=\"fusion-text fusion-text-12\" style=\"text-align:left;font-size:14px;color:var(--awb-color1);\"><p style=\"text-align: center;\"><strong>VOCAL<\/strong><\/p>\n<\/div><div class=\"fusion-text fusion-text-13\" style=\"text-align:left;font-size:14px;color:var(--awb-color1);\"><p>Bi\u00f3loga graduada en la UNALM. <em>Mg Sc.\u00a0 en<\/em> Tecnolog\u00eda de Alimentos y Ph.D en Ciencias e Ingenier\u00eda Biol\u00f3gicas (UNALM). Profesora Principal de la Facultad de Ciencias y Directora del Laboratorio de Micolog\u00eda y Biotecnolog\u00eda (LMB) y Presidente del Comit\u00e9 de \u00c9tica de la UNALM. Acad\u00e9mico de N\u00famero de la Academia Nacional de Ciencias. Premio CONCYTEC L\u00b4Oreal a la Mujer en la Ciencia 2012. Investigadora RENACYT. Sus l\u00edneas de investigaci\u00f3n incluyen la Ingenier\u00eda gen\u00f3mica e Ingenier\u00eda Biol\u00f3gica de hongos y otros microorganismos de uso industrial aplicando herramientas de biolog\u00eda sint\u00e9tica, edici\u00f3n g\u00e9nica e ingenier\u00eda metab\u00f3lica.<\/p>\n<\/div><\/div><style type=\"text\/css\">.fusion-body .fusion-builder-column-6{width:33.333333333333% !important;margin-top : 0px;margin-bottom : 20px;}.fusion-builder-column-6 > .fusion-column-wrapper {padding-top : 10px !important;padding-right : 10px !important;margin-right : 5.76%;padding-bottom : 10px !important;padding-left : 10px !important;margin-left : 5.76%;}@media only screen and (max-width:1024px) {.fusion-body .fusion-builder-column-6{width:33.333333333333% !important;order : 0;}.fusion-builder-column-6 > .fusion-column-wrapper {margin-right : 5.76%;margin-left : 5.76%;}}@media only screen and (max-width:640px) {.fusion-body .fusion-builder-column-6{width:100% !important;order : 0;}.fusion-builder-column-6 > .fusion-column-wrapper {margin-right : 1.92%;margin-left : 1.92%;}}<\/style><\/div><div class=\"fusion-layout-column fusion_builder_column fusion-builder-column-7 fusion_builder_column_1_3 1_3 fusion-flex-column fusion-flex-align-self-flex-start\"><div class=\"fusion-column-wrapper fusion-flex-justify-content-flex-start fusion-content-layout-column\" style=\"background-position:left top;background-repeat:no-repeat;-webkit-background-size:cover;-moz-background-size:cover;-o-background-size:cover;background-size:cover;border-radius:10px 10px 10px 10px;background-color:var(--awb-color5);border-radius:10px 10px 10px 10px;overflow:hidden;padding: 10px 10px 10px 10px;\"><div style=\"text-align:center;\"><span class=\" fusion-imageframe imageframe-none imageframe-7 hover-type-none\" style=\"border-radius:50%;\"><img decoding=\"async\" width=\"317\" height=\"315\" title=\"Rectangle 24-4\" src=\"https:\/\/ancperu.org\/ancperu\/wp-content\/uploads\/2022\/08\/Rectangle-24-4.png\" data-orig-src=\"https:\/\/ancperu.org\/ancperu\/wp-content\/uploads\/2022\/08\/Rectangle-24-4.png\" alt class=\"lazyload img-responsive wp-image-859\" srcset=\"data:image\/svg+xml,%3Csvg%20xmlns%3D%27http%3A%2F%2Fwww.w3.org%2F2000%2Fsvg%27%20width%3D%27317%27%20height%3D%27315%27%20viewBox%3D%270%200%20317%20315%27%3E%3Crect%20width%3D%27317%27%20height%3D%27315%27%20fill-opacity%3D%220%22%2F%3E%3C%2Fsvg%3E\" data-srcset=\"https:\/\/ancperu.org\/ancperu\/wp-content\/uploads\/2022\/08\/Rectangle-24-4-200x199.png 200w, https:\/\/ancperu.org\/ancperu\/wp-content\/uploads\/2022\/08\/Rectangle-24-4.png 317w\" data-sizes=\"auto\" data-orig-sizes=\"(max-width: 640px) 100vw, 317px\" \/><\/span><\/div><style type=\"text\/css\">@media only screen and (max-width:1024px) {.fusion-title.fusion-title-8{margin-top:10px!important; margin-right:0px!important;margin-bottom:15px!important;margin-left:0px!important;}}@media only screen and (max-width:640px) {.fusion-title.fusion-title-8{margin-top:10px!important; margin-right:0px!important;margin-bottom:10px!important; margin-left:0px!important;}}<\/style><div class=\"fusion-title title fusion-title-8 fusion-sep-none fusion-title-center fusion-title-text fusion-title-size-two\" style=\"font-size:21px;margin-top:10px;margin-right:0px;margin-bottom:15px;margin-left:0px;\"><h2 class=\"title-heading-center fusion-responsive-typography-calculated\" style=\"margin:0;font-size:1em;color:var(--awb-color1);--fontSize:21;--minFontSize:21px;line-height:var(--awb-typography1-line-height);\"><p style=\"text-align: center;\">Dra. Silvia Rosas<\/p><\/h2><\/div><div class=\"fusion-text fusion-text-14\" style=\"text-align:left;font-size:14px;color:var(--awb-color1);\"><p style=\"text-align: center;\"><strong>VOCAL<\/strong><\/p>\n<\/div><div class=\"fusion-text fusion-text-15\" style=\"text-align:left;font-size:14px;color:var(--awb-color1);\"><p>Ingeniera Ge\u00f3loga (UNI), Magister en Mineralog\u00eda (Universidad de Heidelberg &#8211; Alemania) y Doctora en Ciencias Naturales (Universidad de Heidelberg &#8211; Alemania). Investigadora en rocas carbonatadas y yacimientos minerales met\u00e1licos asociados. \u00daltimas publicaciones (con coautores): Geology, mineralogy, and cassiterite geochronology of the Ayawilca Zn-Pb-Ag-In-Sn-Cu deposit, Pasco, Peru; Mineralium Deposita, Springer Verlag, 57, 2022. Mercury contents and isotope ratios from diverse depositional environments across the Triassic\/Jurassic Boundary: Towards a more robust mercury proxy for large igneous province magmatism; Earth-science reviews, Elsevier, 223, 2021. Profesora Principal, Directora de Ingenier\u00eda Geol\u00f3gica &#8211; Facultad de Ciencias e Ingenier\u00eda y Coordinadora de la Escuela Doctoral Franco Peruana en Ciencias de la Ingenier\u00eda y Geociencias, Pontificia Universidad Cat\u00f3lica del Per\u00fa.<\/p>\n<\/div><\/div><style type=\"text\/css\">.fusion-body .fusion-builder-column-7{width:33.333333333333% !important;margin-top : 0px;margin-bottom : 20px;}.fusion-builder-column-7 > .fusion-column-wrapper {padding-top : 10px !important;padding-right : 10px !important;margin-right : 5.76%;padding-bottom : 10px !important;padding-left : 10px !important;margin-left : 5.76%;}@media only screen and (max-width:1024px) {.fusion-body .fusion-builder-column-7{width:33.333333333333% !important;order : 0;}.fusion-builder-column-7 > .fusion-column-wrapper {margin-right : 5.76%;margin-left : 5.76%;}}@media only screen and (max-width:640px) {.fusion-body .fusion-builder-column-7{width:100% !important;order : 0;}.fusion-builder-column-7 > .fusion-column-wrapper {margin-right : 1.92%;margin-left : 1.92%;}}<\/style><\/div><div class=\"fusion-layout-column fusion_builder_column fusion-builder-column-8 fusion_builder_column_1_1 1_1 fusion-flex-column\"><div class=\"fusion-column-wrapper fusion-flex-justify-content-flex-start fusion-content-layout-column\" style=\"background-position:left top;background-repeat:no-repeat;-webkit-background-size:cover;-moz-background-size:cover;-o-background-size:cover;background-size:cover;padding: 0px 0px 0px 0px;\"><div class=\"fusion-separator fusion-full-width-sep\" style=\"align-self: center;margin-left: auto;margin-right: auto;margin-top:10px;margin-bottom:20px;width:100%;\"><div class=\"fusion-separator-border sep-double\" style=\"border-color:hsla(var(--awb-color5-h),var(--awb-color5-s),var(--awb-color5-l),calc( var(--awb-color5-a) - 97% ));border-top-width:0px;border-bottom-width:0px;\"><\/div><\/div><\/div><style type=\"text\/css\">.fusion-body .fusion-builder-column-8{width:100% !important;margin-top : 0px;margin-bottom : 20px;}.fusion-builder-column-8 > .fusion-column-wrapper {padding-top : 0px !important;padding-right : 0px !important;margin-right : 1.92%;padding-bottom : 0px !important;padding-left : 0px !important;margin-left : 1.92%;}@media only screen and (max-width:1024px) {.fusion-body .fusion-builder-column-8{width:100% !important;order : 0;}.fusion-builder-column-8 > .fusion-column-wrapper {margin-right : 1.92%;margin-left : 1.92%;}}@media only screen and (max-width:640px) {.fusion-body .fusion-builder-column-8{width:100% !important;order : 0;}.fusion-builder-column-8 > .fusion-column-wrapper {margin-right : 1.92%;margin-left : 1.92%;}}<\/style><\/div><\/div><style type=\"text\/css\">.fusion-body .fusion-flex-container.fusion-builder-row-1{ padding-top : 0px;margin-top : 0px;padding-right : 0px;padding-bottom : 0px;margin-bottom : 0px;padding-left : 0px;}<\/style><\/div><div class=\"fusion-fullwidth fullwidth-box fusion-builder-row-2 fusion-flex-container has-pattern-background has-mask-background nonhundred-percent-fullwidth non-hundred-percent-height-scrolling\" style=\"background-color: var(--awb-color6);background-position: center center;background-repeat: no-repeat;border-width: 0px 0px 0px 0px;border-color:hsla(var(--awb-color5-h),var(--awb-color5-s),var(--awb-color5-l),calc( var(--awb-color5-a) - 97% ));border-style:solid;\" ><div class=\"fusion-builder-row fusion-row fusion-flex-align-items-flex-start\" style=\"max-width:1248px;margin-left: calc(-4% \/ 2 );margin-right: calc(-4% \/ 2 );\"><div class=\"fusion-layout-column fusion_builder_column fusion-builder-column-9 fusion_builder_column_1_1 1_1 fusion-flex-column\"><div class=\"fusion-column-wrapper fusion-flex-justify-content-flex-start fusion-content-layout-column\" style=\"background-position:left top;background-repeat:no-repeat;-webkit-background-size:cover;-moz-background-size:cover;-o-background-size:cover;background-size:cover;padding: 0px 0px 0px 0px;\"><div class=\"fusion-separator fusion-full-width-sep\" style=\"align-self: center;margin-left: auto;margin-right: auto;margin-top:10px;margin-bottom:20px;width:100%;\"><div class=\"fusion-separator-border sep-double\" style=\"border-color:hsla(var(--awb-color5-h),var(--awb-color5-s),var(--awb-color5-l),calc( var(--awb-color5-a) - 97% ));border-top-width:0px;border-bottom-width:0px;\"><\/div><\/div><style type=\"text\/css\">@media only screen and (max-width:1024px) {.fusion-title.fusion-title-9{margin-top:10px!important; margin-right:0px!important;margin-bottom:15px!important;margin-left:0px!important;}}@media only screen and (max-width:640px) {.fusion-title.fusion-title-9{margin-top:10px!important; margin-right:0px!important;margin-bottom:10px!important; margin-left:0px!important;}}<\/style><div class=\"fusion-title title fusion-title-9 fusion-sep-none fusion-title-center fusion-title-text fusion-title-size-two\" style=\"margin-top:10px;margin-right:0px;margin-bottom:15px;margin-left:0px;\"><h2 class=\"title-heading-center fusion-responsive-typography-calculated\" style=\"margin:0;color:var(--awb-color4);--fontSize:40;line-height:var(--awb-typography1-line-height);\"><p style=\"text-align: center;\">Consejo Directivo 2018-2021<\/p><\/h2><\/div><\/div><style type=\"text\/css\">.fusion-body .fusion-builder-column-9{width:100% !important;margin-top : 0px;margin-bottom : 20px;}.fusion-builder-column-9 > .fusion-column-wrapper {padding-top : 0px !important;padding-right : 0px !important;margin-right : 1.92%;padding-bottom : 0px !important;padding-left : 0px !important;margin-left : 1.92%;}@media only screen and (max-width:1024px) {.fusion-body .fusion-builder-column-9{width:100% !important;order : 0;}.fusion-builder-column-9 > .fusion-column-wrapper {margin-right : 1.92%;margin-left : 1.92%;}}@media only screen and (max-width:640px) {.fusion-body .fusion-builder-column-9{width:100% !important;order : 0;}.fusion-builder-column-9 > .fusion-column-wrapper {margin-right : 1.92%;margin-left : 1.92%;}}<\/style><\/div><div class=\"fusion-layout-column fusion_builder_column fusion-builder-column-10 fusion_builder_column_1_3 1_3 fusion-flex-column fusion-flex-align-self-flex-start\"><div class=\"fusion-column-wrapper fusion-flex-justify-content-flex-start fusion-content-layout-column\" style=\"background-position:left top;background-repeat:no-repeat;-webkit-background-size:cover;-moz-background-size:cover;-o-background-size:cover;background-size:cover;border-radius:10px 10px 10px 10px;background-color:var(--awb-color5);border-radius:10px 10px 10px 10px;overflow:hidden;padding: 10px 10px 10px 10px;\"><div style=\"text-align:center;\"><span class=\" fusion-imageframe imageframe-none imageframe-8 hover-type-none\" style=\"border-radius:50%;\"><img decoding=\"async\" width=\"224\" height=\"224\" title=\"Rectangle 8\" src=\"https:\/\/ancperu.org\/ancperu\/wp-content\/uploads\/2022\/09\/Rectangle-8.png\" data-orig-src=\"https:\/\/ancperu.org\/ancperu\/wp-content\/uploads\/2022\/09\/Rectangle-8.png\" alt class=\"lazyload img-responsive wp-image-1370\" srcset=\"data:image\/svg+xml,%3Csvg%20xmlns%3D%27http%3A%2F%2Fwww.w3.org%2F2000%2Fsvg%27%20width%3D%27224%27%20height%3D%27224%27%20viewBox%3D%270%200%20224%20224%27%3E%3Crect%20width%3D%27224%27%20height%3D%27224%27%20fill-opacity%3D%220%22%2F%3E%3C%2Fsvg%3E\" data-srcset=\"https:\/\/ancperu.org\/ancperu\/wp-content\/uploads\/2022\/09\/Rectangle-8-200x200.png 200w, https:\/\/ancperu.org\/ancperu\/wp-content\/uploads\/2022\/09\/Rectangle-8.png 224w\" data-sizes=\"auto\" data-orig-sizes=\"(max-width: 640px) 100vw, 224px\" \/><\/span><\/div><style type=\"text\/css\">@media only screen and (max-width:1024px) {.fusion-title.fusion-title-10{margin-top:10px!important; margin-right:0px!important;margin-bottom:15px!important;margin-left:0px!important;}}@media only screen and (max-width:640px) {.fusion-title.fusion-title-10{margin-top:10px!important; margin-right:0px!important;margin-bottom:10px!important; margin-left:0px!important;}}<\/style><div class=\"fusion-title title fusion-title-10 fusion-sep-none fusion-title-center fusion-title-text fusion-title-size-two\" style=\"font-size:21px;margin-top:10px;margin-right:0px;margin-bottom:15px;margin-left:0px;\"><h2 class=\"title-heading-center fusion-responsive-typography-calculated\" style=\"margin:0;font-size:1em;color:var(--awb-color1);--fontSize:21;--minFontSize:21px;line-height:var(--awb-typography1-line-height);\"><p style=\"text-align: center;\">Dr. Gustavo Gonzales<\/p><\/h2><\/div><div class=\"fusion-text fusion-text-16\" style=\"text-align:left;font-size:14px;color:var(--awb-color1);\"><p style=\"text-align: center;\"><strong>PRESIDENTE<\/strong><\/p>\n<\/div><div class=\"fusion-text fusion-text-17\" style=\"text-align:left;font-size:14px;color:var(--awb-color1);\"><p style=\"text-align: left;\">Bi\u00f3logo y m\u00e9dico endocrin\u00f3logo, profesor principal del Departamento de Ciencias Biol\u00f3gicas y Fisiol\u00f3gicas y director del Laboratorio de Endocrinolog\u00eda y Reproducci\u00f3n de la Facultad de Ciencias y Filosof\u00eda, Universidad Peruana Cayetano Heredia. Magister en Ciencias con menci\u00f3n de Fisiolog\u00eda (1978), especialidad en Endocrinolog\u00eda (1992), doctorado en Ciencias con menci\u00f3n en Fisiolog\u00eda (1985) y doctorado en Medicina (1999). Fue Director del Instituto de Investigaciones de la Altura, electo en seis oportunidades, Vicedecano de la Facultad de Ciencias y Filosof\u00eda en dos oportunidades (1999-2002; 2002-2005) y una vez electo Decano (2005-2008). Es director del C\u00edrculo de Investigaci\u00f3n en Plantas con Efectos en Salud; en los dos a\u00f1os de vigencia, el C\u00edrculo logr\u00f3 diez Premios nacionales e internacionales. Autor de m\u00e1s de 300 art\u00edculos cient\u00edficos y ganador de 53 premios y\/o reconocimientos nacionales y 9 internacionales. Acad\u00e9mico de N\u00famero en la Academia Nacional de Medicina donde es Secretario Bienal y Academia Nacional de Ciencias donde asumi\u00f3 la Presidencia el 23 de Julio del 2018.<\/p>\n<\/div><\/div><style type=\"text\/css\">.fusion-body .fusion-builder-column-10{width:33.333333333333% !important;margin-top : 0px;margin-bottom : 20px;}.fusion-builder-column-10 > .fusion-column-wrapper {padding-top : 10px !important;padding-right : 10px !important;margin-right : 5.76%;padding-bottom : 10px !important;padding-left : 10px !important;margin-left : 5.76%;}@media only screen and (max-width:1024px) {.fusion-body .fusion-builder-column-10{width:33.333333333333% !important;order : 0;}.fusion-builder-column-10 > .fusion-column-wrapper {margin-right : 5.76%;margin-left : 5.76%;}}@media only screen and (max-width:640px) {.fusion-body .fusion-builder-column-10{width:100% !important;order : 0;}.fusion-builder-column-10 > .fusion-column-wrapper {margin-right : 1.92%;margin-left : 1.92%;}}<\/style><\/div><div class=\"fusion-layout-column fusion_builder_column fusion-builder-column-11 fusion_builder_column_1_3 1_3 fusion-flex-column fusion-flex-align-self-flex-start\"><div class=\"fusion-column-wrapper fusion-flex-justify-content-flex-start fusion-content-layout-column\" style=\"background-position:left top;background-repeat:no-repeat;-webkit-background-size:cover;-moz-background-size:cover;-o-background-size:cover;background-size:cover;border-radius:10px 10px 10px 10px;background-color:var(--awb-color5);border-radius:10px 10px 10px 10px;overflow:hidden;padding: 10px 10px 10px 10px;\"><div style=\"text-align:center;\"><span class=\" fusion-imageframe imageframe-none imageframe-9 hover-type-none\" style=\"border-radius:50%;\"><img decoding=\"async\" width=\"224\" height=\"224\" title=\"Rectangle 9\" src=\"https:\/\/ancperu.org\/ancperu\/wp-content\/uploads\/2022\/09\/Rectangle-9.png\" data-orig-src=\"https:\/\/ancperu.org\/ancperu\/wp-content\/uploads\/2022\/09\/Rectangle-9.png\" alt class=\"lazyload img-responsive wp-image-1369\" srcset=\"data:image\/svg+xml,%3Csvg%20xmlns%3D%27http%3A%2F%2Fwww.w3.org%2F2000%2Fsvg%27%20width%3D%27224%27%20height%3D%27224%27%20viewBox%3D%270%200%20224%20224%27%3E%3Crect%20width%3D%27224%27%20height%3D%27224%27%20fill-opacity%3D%220%22%2F%3E%3C%2Fsvg%3E\" data-srcset=\"https:\/\/ancperu.org\/ancperu\/wp-content\/uploads\/2022\/09\/Rectangle-9-200x200.png 200w, https:\/\/ancperu.org\/ancperu\/wp-content\/uploads\/2022\/09\/Rectangle-9.png 224w\" data-sizes=\"auto\" data-orig-sizes=\"(max-width: 640px) 100vw, 224px\" \/><\/span><\/div><style type=\"text\/css\">@media only screen and (max-width:1024px) {.fusion-title.fusion-title-11{margin-top:10px!important; margin-right:0px!important;margin-bottom:15px!important;margin-left:0px!important;}}@media only screen and (max-width:640px) {.fusion-title.fusion-title-11{margin-top:10px!important; margin-right:0px!important;margin-bottom:10px!important; margin-left:0px!important;}}<\/style><div class=\"fusion-title title fusion-title-11 fusion-sep-none fusion-title-center fusion-title-text fusion-title-size-two\" style=\"font-size:21px;margin-top:10px;margin-right:0px;margin-bottom:15px;margin-left:0px;\"><h2 class=\"title-heading-center fusion-responsive-typography-calculated\" style=\"margin:0;font-size:1em;color:var(--awb-color1);--fontSize:21;--minFontSize:21px;line-height:var(--awb-typography1-line-height);\"><p style=\"text-align: center;\">Dra. Nicole Bernex<\/p><\/h2><\/div><div class=\"fusion-text fusion-text-18\" style=\"text-align:left;font-size:14px;color:var(--awb-color1);\"><p style=\"text-align: center;\"><strong>VICEPRESIDENTA<\/strong><\/p>\n<\/div><div class=\"fusion-text fusion-text-19\" style=\"text-align:left;font-size:14px;color:var(--awb-color1);\"><p style=\"text-align: left;\">Profesora Principal del Departamento de humanidades de la Pontificia Universidad Cat\u00f3lica del Per\u00fa; Presidenta de la Sociedad Geogr\u00e1fica de Lima; Miembro de n\u00famero y Vicepresidenta de la Academia Nacional de Ciencias del Per\u00fa; y punto focal del Programa de Agua de la Red Interamericana de Academias de Ciencias (IANAS). Miembro del Comit\u00e9 T\u00e9cnico de Global Water Partnership (GWP TEC) y Presidenta Em\u00e9rita del Foro Peruano para el Agua. Miembro de la Uni\u00f3n Geogr\u00e1fica Internacional (Commission of water sustainibility). Past Co-Chair para Latin Am\u00e9rica Caribe del Comit\u00e9 Cient\u00edfico y T\u00e9cnico de la Convenci\u00f3n de Lucha contra la Desertificaci\u00f3n de Naciones Unidas\u2013UNCCD. (2014-2015). Coordinadora del \u201cDise\u00f1o cient\u00edfico, legal y financiero del Instituto Cient\u00edfico del Agua \u2013 ICA\u201d financiado con el apoyo del CONCYTEC-CienciActiva. Consultora de organismos nacionales e internacionales, cuenta con m\u00e1s de 150 publicaciones entre libros y art\u00edculos.<\/p>\n<\/div><\/div><style type=\"text\/css\">.fusion-body .fusion-builder-column-11{width:33.333333333333% !important;margin-top : 0px;margin-bottom : 20px;}.fusion-builder-column-11 > .fusion-column-wrapper {padding-top : 10px !important;padding-right : 10px !important;margin-right : 5.76%;padding-bottom : 10px !important;padding-left : 10px !important;margin-left : 5.76%;}@media only screen and (max-width:1024px) {.fusion-body .fusion-builder-column-11{width:33.333333333333% !important;order : 0;}.fusion-builder-column-11 > .fusion-column-wrapper {margin-right : 5.76%;margin-left : 5.76%;}}@media only screen and (max-width:640px) {.fusion-body .fusion-builder-column-11{width:100% !important;order : 0;}.fusion-builder-column-11 > .fusion-column-wrapper {margin-right : 1.92%;margin-left : 1.92%;}}<\/style><\/div><div class=\"fusion-layout-column fusion_builder_column fusion-builder-column-12 fusion_builder_column_1_3 1_3 fusion-flex-column fusion-flex-align-self-flex-start\"><div class=\"fusion-column-wrapper fusion-flex-justify-content-flex-start fusion-content-layout-column\" style=\"background-position:left top;background-repeat:no-repeat;-webkit-background-size:cover;-moz-background-size:cover;-o-background-size:cover;background-size:cover;border-radius:10px 10px 10px 10px;background-color:var(--awb-color5);border-radius:10px 10px 10px 10px;overflow:hidden;padding: 10px 10px 10px 10px;\"><div style=\"text-align:center;\"><span class=\" fusion-imageframe imageframe-none imageframe-10 hover-type-none\" style=\"border-radius:50%;\"><img decoding=\"async\" width=\"224\" height=\"224\" title=\"Rectangle 10\" src=\"https:\/\/ancperu.org\/ancperu\/wp-content\/uploads\/2022\/09\/Rectangle-10.png\" data-orig-src=\"https:\/\/ancperu.org\/ancperu\/wp-content\/uploads\/2022\/09\/Rectangle-10.png\" alt class=\"lazyload img-responsive wp-image-1368\" srcset=\"data:image\/svg+xml,%3Csvg%20xmlns%3D%27http%3A%2F%2Fwww.w3.org%2F2000%2Fsvg%27%20width%3D%27224%27%20height%3D%27224%27%20viewBox%3D%270%200%20224%20224%27%3E%3Crect%20width%3D%27224%27%20height%3D%27224%27%20fill-opacity%3D%220%22%2F%3E%3C%2Fsvg%3E\" data-srcset=\"https:\/\/ancperu.org\/ancperu\/wp-content\/uploads\/2022\/09\/Rectangle-10-200x200.png 200w, https:\/\/ancperu.org\/ancperu\/wp-content\/uploads\/2022\/09\/Rectangle-10.png 224w\" data-sizes=\"auto\" data-orig-sizes=\"(max-width: 640px) 100vw, 224px\" \/><\/span><\/div><style type=\"text\/css\">@media only screen and (max-width:1024px) {.fusion-title.fusion-title-12{margin-top:10px!important; margin-right:0px!important;margin-bottom:15px!important;margin-left:0px!important;}}@media only screen and (max-width:640px) {.fusion-title.fusion-title-12{margin-top:10px!important; margin-right:0px!important;margin-bottom:10px!important; margin-left:0px!important;}}<\/style><div class=\"fusion-title title fusion-title-12 fusion-sep-none fusion-title-center fusion-title-text fusion-title-size-two\" style=\"font-size:21px;margin-top:10px;margin-right:0px;margin-bottom:15px;margin-left:0px;\"><h2 class=\"title-heading-center fusion-responsive-typography-calculated\" style=\"margin:0;font-size:1em;color:var(--awb-color1);--fontSize:21;--minFontSize:21px;line-height:var(--awb-typography1-line-height);\"><p style=\"text-align: center;\">Dra. Ver\u00f3nica Rub\u00edn<\/p><\/h2><\/div><div class=\"fusion-text fusion-text-20\" style=\"text-align:left;font-size:14px;color:var(--awb-color1);\"><p style=\"text-align: center;\"><strong>SECRETARIA<\/strong><\/p>\n<\/div><div class=\"fusion-text fusion-text-21\" style=\"text-align:left;font-size:14px;color:var(--awb-color1);\"><p style=\"text-align: left;\">Doctora En Ciencias Biol\u00f3gicas en Universidad Nacional Mayor de San Marcos, Maestr\u00eda en Gen\u00e9tica y Biolog\u00eda Molecular en la Universidad Federal do R\u00edo Grande do Sul-Brasil, Licenciada en Biolog\u00eda en la Universidad Ricardo Palma-URP, Per\u00fa. Past Presidenta de la Sociedad Entomol\u00f3gica del Per\u00fa. Miembro de n\u00famero de la Academia Nacional de Ciencias. Especialista en Gen\u00e9tica y Biolog\u00eda molecular. Profesora de Biolog\u00eda Celular y Molecular en la Facultad de Medicina Humana de la Universidad Ricardo Palma, Directora del Laboratorio de Gen\u00f3mica y Biolog\u00eda Molecular Evolutiva.<\/p>\n<\/div><\/div><style type=\"text\/css\">.fusion-body .fusion-builder-column-12{width:33.333333333333% !important;margin-top : 0px;margin-bottom : 20px;}.fusion-builder-column-12 > .fusion-column-wrapper {padding-top : 10px !important;padding-right : 10px !important;margin-right : 5.76%;padding-bottom : 10px !important;padding-left : 10px !important;margin-left : 5.76%;}@media only screen and (max-width:1024px) {.fusion-body .fusion-builder-column-12{width:33.333333333333% !important;order : 0;}.fusion-builder-column-12 > .fusion-column-wrapper {margin-right : 5.76%;margin-left : 5.76%;}}@media only screen and (max-width:640px) {.fusion-body .fusion-builder-column-12{width:100% !important;order : 0;}.fusion-builder-column-12 > .fusion-column-wrapper {margin-right : 1.92%;margin-left : 1.92%;}}<\/style><\/div><div class=\"fusion-layout-column fusion_builder_column fusion-builder-column-13 fusion_builder_column_1_3 1_3 fusion-flex-column fusion-flex-align-self-flex-start\"><div class=\"fusion-column-wrapper fusion-flex-justify-content-flex-start fusion-content-layout-column\" style=\"background-position:left top;background-repeat:no-repeat;-webkit-background-size:cover;-moz-background-size:cover;-o-background-size:cover;background-size:cover;border-radius:10px 10px 10px 10px;background-color:var(--awb-color5);border-radius:10px 10px 10px 10px;overflow:hidden;padding: 10px 10px 10px 10px;\"><div style=\"text-align:center;\"><span class=\" fusion-imageframe imageframe-none imageframe-11 hover-type-none\" style=\"border-radius:50%;\"><img decoding=\"async\" width=\"224\" height=\"224\" title=\"Rectangle 11\" src=\"https:\/\/ancperu.org\/ancperu\/wp-content\/uploads\/2022\/09\/Rectangle-11.png\" data-orig-src=\"https:\/\/ancperu.org\/ancperu\/wp-content\/uploads\/2022\/09\/Rectangle-11.png\" alt class=\"lazyload img-responsive wp-image-1367\" srcset=\"data:image\/svg+xml,%3Csvg%20xmlns%3D%27http%3A%2F%2Fwww.w3.org%2F2000%2Fsvg%27%20width%3D%27224%27%20height%3D%27224%27%20viewBox%3D%270%200%20224%20224%27%3E%3Crect%20width%3D%27224%27%20height%3D%27224%27%20fill-opacity%3D%220%22%2F%3E%3C%2Fsvg%3E\" data-srcset=\"https:\/\/ancperu.org\/ancperu\/wp-content\/uploads\/2022\/09\/Rectangle-11-200x200.png 200w, https:\/\/ancperu.org\/ancperu\/wp-content\/uploads\/2022\/09\/Rectangle-11.png 224w\" data-sizes=\"auto\" data-orig-sizes=\"(max-width: 640px) 100vw, 224px\" \/><\/span><\/div><style type=\"text\/css\">@media only screen and (max-width:1024px) {.fusion-title.fusion-title-13{margin-top:10px!important; margin-right:0px!important;margin-bottom:15px!important;margin-left:0px!important;}}@media only screen and (max-width:640px) {.fusion-title.fusion-title-13{margin-top:10px!important; margin-right:0px!important;margin-bottom:10px!important; margin-left:0px!important;}}<\/style><div class=\"fusion-title title fusion-title-13 fusion-sep-none fusion-title-center fusion-title-text fusion-title-size-two\" style=\"font-size:21px;margin-top:10px;margin-right:0px;margin-bottom:15px;margin-left:0px;\"><h2 class=\"title-heading-center fusion-responsive-typography-calculated\" style=\"margin:0;font-size:1em;color:var(--awb-color1);--fontSize:21;--minFontSize:21px;line-height:var(--awb-typography1-line-height);\"><p style=\"text-align: center;\">Dr. Jos\u00e9 Luis Bauer<\/p><\/h2><\/div><div class=\"fusion-text fusion-text-22\" style=\"text-align:left;font-size:14px;color:var(--awb-color1);\"><p style=\"text-align: center;\"><strong>TESORERO<\/strong><\/p>\n<\/div><div class=\"fusion-text fusion-text-23\" style=\"text-align:left;font-size:14px;color:var(--awb-color1);\"><div>Doctor en Ciencias con menci\u00f3n en Microbiolog\u00eda. Especialista en Biotecnolog\u00eda con orientaci\u00f3n a la Biominer\u00eda y Medio Ambiente. Asesor en el \u00e1rea de Biotecnolog\u00eda aplicada a la miner\u00eda del Programa Minero Metal\u00fargico Andino Acuerdo de Cartagena 1,982 a 1,989. Asesor en el \u00e1rea de Biotecnolog\u00eda del Banco Interamericano de Desarrollo BID\/INTAL 1,987. Actualmente es consultor en el \u00e1rea de Biotecnolog\u00eda, Biominer\u00eda y Medio Ambiente del Consejo Nacional de Ciencia y Tecnolog\u00eda, CONCYTEC. Desarrollo de investigaciones y tecnolog\u00edas en el \u00e1rea de los productos naturales.<\/div>\n<\/div><\/div><style type=\"text\/css\">.fusion-body .fusion-builder-column-13{width:33.333333333333% !important;margin-top : 0px;margin-bottom : 20px;}.fusion-builder-column-13 > .fusion-column-wrapper {padding-top : 10px !important;padding-right : 10px !important;margin-right : 5.76%;padding-bottom : 10px !important;padding-left : 10px !important;margin-left : 5.76%;}@media only screen and (max-width:1024px) {.fusion-body .fusion-builder-column-13{width:33.333333333333% !important;order : 0;}.fusion-builder-column-13 > .fusion-column-wrapper {margin-right : 5.76%;margin-left : 5.76%;}}@media only screen and (max-width:640px) {.fusion-body .fusion-builder-column-13{width:100% !important;order : 0;}.fusion-builder-column-13 > .fusion-column-wrapper {margin-right : 1.92%;margin-left : 1.92%;}}<\/style><\/div><div class=\"fusion-layout-column fusion_builder_column fusion-builder-column-14 fusion_builder_column_1_3 1_3 fusion-flex-column fusion-flex-align-self-flex-start\"><div class=\"fusion-column-wrapper fusion-flex-justify-content-flex-start fusion-content-layout-column\" style=\"background-position:left top;background-repeat:no-repeat;-webkit-background-size:cover;-moz-background-size:cover;-o-background-size:cover;background-size:cover;border-radius:10px 10px 10px 10px;background-color:var(--awb-color5);border-radius:10px 10px 10px 10px;overflow:hidden;padding: 10px 10px 10px 10px;\"><div style=\"text-align:center;\"><span class=\" fusion-imageframe imageframe-none imageframe-12 hover-type-none\" style=\"border-radius:50%;\"><img decoding=\"async\" width=\"224\" height=\"224\" title=\"Rectangle 12\" src=\"https:\/\/ancperu.org\/ancperu\/wp-content\/uploads\/2022\/09\/Rectangle-12.png\" data-orig-src=\"https:\/\/ancperu.org\/ancperu\/wp-content\/uploads\/2022\/09\/Rectangle-12.png\" alt class=\"lazyload img-responsive wp-image-1366\" srcset=\"data:image\/svg+xml,%3Csvg%20xmlns%3D%27http%3A%2F%2Fwww.w3.org%2F2000%2Fsvg%27%20width%3D%27224%27%20height%3D%27224%27%20viewBox%3D%270%200%20224%20224%27%3E%3Crect%20width%3D%27224%27%20height%3D%27224%27%20fill-opacity%3D%220%22%2F%3E%3C%2Fsvg%3E\" data-srcset=\"https:\/\/ancperu.org\/ancperu\/wp-content\/uploads\/2022\/09\/Rectangle-12-200x200.png 200w, https:\/\/ancperu.org\/ancperu\/wp-content\/uploads\/2022\/09\/Rectangle-12.png 224w\" data-sizes=\"auto\" data-orig-sizes=\"(max-width: 640px) 100vw, 224px\" \/><\/span><\/div><style type=\"text\/css\">@media only screen and (max-width:1024px) {.fusion-title.fusion-title-14{margin-top:10px!important; margin-right:0px!important;margin-bottom:15px!important;margin-left:0px!important;}}@media only screen and (max-width:640px) {.fusion-title.fusion-title-14{margin-top:10px!important; margin-right:0px!important;margin-bottom:10px!important; margin-left:0px!important;}}<\/style><div class=\"fusion-title title fusion-title-14 fusion-sep-none fusion-title-center fusion-title-text fusion-title-size-two\" style=\"font-size:21px;margin-top:10px;margin-right:0px;margin-bottom:15px;margin-left:0px;\"><h2 class=\"title-heading-center fusion-responsive-typography-calculated\" style=\"margin:0;font-size:1em;color:var(--awb-color1);--fontSize:21;--minFontSize:21px;line-height:var(--awb-typography1-line-height);\"><p style=\"text-align: center;\">Dra. Ruth Shady Sol\u00eds<\/p><\/h2><\/div><div class=\"fusion-text fusion-text-24\" style=\"text-align:left;font-size:14px;color:var(--awb-color1);\"><p style=\"text-align: center;\"><strong>VOCAL<\/strong><\/p>\n<\/div><div class=\"fusion-text fusion-text-25\" style=\"text-align:left;font-size:14px;color:var(--awb-color1);\"><p>Doctora en Antropolog\u00eda y Arqueolog\u00eda, y Licenciada en Educaci\u00f3n por la Universidad Nacional Mayor de San Marcos. Jefa de Investigaciones en el Museo Nacional de Arqueolog\u00eda y Antropolog\u00eda del Per\u00fa (1972-1984), instituci\u00f3n de la cual fue Directora (1984); Profesora Principal de la Escuela de Arqueolog\u00eda de la UNMSM (1989 a la fecha); Directora del Museo de Arqueolog\u00eda y Antropolog\u00eda (1997-2002); Directora de la Unidad de Posgrado de la Facultad de Ciencias Sociales (1989-1991); Directora de la Escuela de Arqueolog\u00eda (1994-1995), Coordinadora de la Maestr\u00eda de Arqueolog\u00eda Andina de la Unidad de Post Grado (1998-2004), Decana de la Facultad de Ciencias Sociales UNMSM (2016). Desde 1994, como docente universitaria, inici\u00f3 las investigaciones en la Ciudad Sagrada de Caral; logr\u00f3 que en el 2001 este programa sea declarado de preferente inter\u00e9s nacional. En el 2003, consigui\u00f3 que fuera creado el Proyecto Especial Arqueol\u00f3gico Caral-Supe, adscrito al INC. Actualmente es Directora de la Zona Arqueol\u00f3gica Caral, Unidad Ejecutora 003, Ministerio de Cultura, y Directora de la Escuela Acad\u00e9mico Profesional de Arqueolog\u00eda de la UNMSM.<\/p>\n<\/div><\/div><style type=\"text\/css\">.fusion-body .fusion-builder-column-14{width:33.333333333333% !important;margin-top : 0px;margin-bottom : 20px;}.fusion-builder-column-14 > .fusion-column-wrapper {padding-top : 10px !important;padding-right : 10px !important;margin-right : 5.76%;padding-bottom : 10px !important;padding-left : 10px !important;margin-left : 5.76%;}@media only screen and (max-width:1024px) {.fusion-body .fusion-builder-column-14{width:33.333333333333% !important;order : 0;}.fusion-builder-column-14 > .fusion-column-wrapper {margin-right : 5.76%;margin-left : 5.76%;}}@media only screen and (max-width:640px) {.fusion-body .fusion-builder-column-14{width:100% !important;order : 0;}.fusion-builder-column-14 > .fusion-column-wrapper {margin-right : 1.92%;margin-left : 1.92%;}}<\/style><\/div><div class=\"fusion-layout-column fusion_builder_column fusion-builder-column-15 fusion_builder_column_1_3 1_3 fusion-flex-column fusion-flex-align-self-flex-start\"><div class=\"fusion-column-wrapper fusion-flex-justify-content-flex-start fusion-content-layout-column\" style=\"background-position:left top;background-repeat:no-repeat;-webkit-background-size:cover;-moz-background-size:cover;-o-background-size:cover;background-size:cover;border-radius:10px 10px 10px 10px;background-color:var(--awb-color5);border-radius:10px 10px 10px 10px;overflow:hidden;padding: 10px 10px 10px 10px;\"><div style=\"text-align:center;\"><span class=\" fusion-imageframe imageframe-none imageframe-13 hover-type-none\" style=\"border-radius:50%;\"><img decoding=\"async\" width=\"224\" height=\"224\" title=\"Rectangle 13\" src=\"https:\/\/ancperu.org\/ancperu\/wp-content\/uploads\/2022\/09\/Rectangle-13.png\" data-orig-src=\"https:\/\/ancperu.org\/ancperu\/wp-content\/uploads\/2022\/09\/Rectangle-13.png\" alt class=\"lazyload img-responsive wp-image-1365\" srcset=\"data:image\/svg+xml,%3Csvg%20xmlns%3D%27http%3A%2F%2Fwww.w3.org%2F2000%2Fsvg%27%20width%3D%27224%27%20height%3D%27224%27%20viewBox%3D%270%200%20224%20224%27%3E%3Crect%20width%3D%27224%27%20height%3D%27224%27%20fill-opacity%3D%220%22%2F%3E%3C%2Fsvg%3E\" data-srcset=\"https:\/\/ancperu.org\/ancperu\/wp-content\/uploads\/2022\/09\/Rectangle-13-200x200.png 200w, https:\/\/ancperu.org\/ancperu\/wp-content\/uploads\/2022\/09\/Rectangle-13.png 224w\" data-sizes=\"auto\" data-orig-sizes=\"(max-width: 640px) 100vw, 224px\" \/><\/span><\/div><style type=\"text\/css\">@media only screen and (max-width:1024px) {.fusion-title.fusion-title-15{margin-top:10px!important; margin-right:0px!important;margin-bottom:15px!important;margin-left:0px!important;}}@media only screen and (max-width:640px) {.fusion-title.fusion-title-15{margin-top:10px!important; margin-right:0px!important;margin-bottom:10px!important; margin-left:0px!important;}}<\/style><div class=\"fusion-title title fusion-title-15 fusion-sep-none fusion-title-center fusion-title-text fusion-title-size-two\" style=\"font-size:21px;margin-top:10px;margin-right:0px;margin-bottom:15px;margin-left:0px;\"><h2 class=\"title-heading-center fusion-responsive-typography-calculated\" style=\"margin:0;font-size:1em;color:var(--awb-color1);--fontSize:21;--minFontSize:21px;line-height:var(--awb-typography1-line-height);\"><p style=\"text-align: center;\">Dr. Jos\u00e9 Machar\u00e9<\/p><\/h2><\/div><div class=\"fusion-text fusion-text-26\" style=\"text-align:left;font-size:14px;color:var(--awb-color1);\"><p style=\"text-align: center;\"><strong>VOCAL<\/strong><\/p>\n<\/div><div class=\"fusion-text fusion-text-27\" style=\"text-align:left;font-size:14px;color:var(--awb-color1);\"><p>Estudi\u00f3 geolog\u00eda en la Universidad Nacional de Ingenier\u00eda (UNI, Lima) gradu\u00e1ndose con una tesis sobre la Geolog\u00eda del Cuaternario en los Andes del Per\u00fa Central. Curs\u00f3 sus estudios de post-grado en la Universidad de Par\u00eds XI, obteniendo el Doctorado en Ciencias de la Tierra con una tesis sobre los Reg\u00edmenes tect\u00f3nicos y sedimentarios del Margen Continental del Per\u00fa. Ha desarrollado su actividad profesional tanto en la investigaci\u00f3n como en la industria y en el mundo acad\u00e9mico. Ha sido investigador del Programa de Neotect\u00f3nica y Paleoclimatolog\u00eda del Instituto Geof\u00edsico del Per\u00fa. Luego ha trabajado como ge\u00f3logo de exploraciones en empresas mineras de prestigio como Newmont Ltd., North Ltd. y Barrick Gold y Exploandes SAC. Ha sido Director Ejecutivo del Instituto Geol\u00f3gico Minero y Metal\u00fargico del Per\u00fa INGEMMET y Director Cient\u00edfico del Instituto Geof\u00edsico del Per\u00fa IGP. Actualmente es Asesor en Investigaci\u00f3n Geol\u00f3gica del INGEMMET y, paralelamente, ejerce la docencia de los cursos de Geolog\u00eda Estructural y Geotect\u00f3nica en la Escuela de Geolog\u00eda de la UNI. Acad\u00e9mico de N\u00famero en la Academia Nacional de Ciencias.<\/p>\n<\/div><\/div><style type=\"text\/css\">.fusion-body .fusion-builder-column-15{width:33.333333333333% !important;margin-top : 0px;margin-bottom : 20px;}.fusion-builder-column-15 > .fusion-column-wrapper {padding-top : 10px !important;padding-right : 10px !important;margin-right : 5.76%;padding-bottom : 10px !important;padding-left : 10px !important;margin-left : 5.76%;}@media only screen and (max-width:1024px) {.fusion-body .fusion-builder-column-15{width:33.333333333333% !important;order : 0;}.fusion-builder-column-15 > .fusion-column-wrapper {margin-right : 5.76%;margin-left : 5.76%;}}@media only screen and (max-width:640px) {.fusion-body .fusion-builder-column-15{width:100% !important;order : 0;}.fusion-builder-column-15 > .fusion-column-wrapper {margin-right : 1.92%;margin-left : 1.92%;}}<\/style><\/div><div class=\"fusion-layout-column fusion_builder_column fusion-builder-column-16 fusion_builder_column_1_3 1_3 fusion-flex-column fusion-flex-align-self-flex-start\"><div class=\"fusion-column-wrapper fusion-flex-justify-content-flex-start fusion-content-layout-column\" style=\"background-position:left top;background-repeat:no-repeat;-webkit-background-size:cover;-moz-background-size:cover;-o-background-size:cover;background-size:cover;border-radius:10px 10px 10px 10px;background-color:var(--awb-color5);border-radius:10px 10px 10px 10px;overflow:hidden;padding: 10px 10px 10px 10px;\"><div style=\"text-align:center;\"><span class=\" fusion-imageframe imageframe-none imageframe-14 hover-type-none\" style=\"border-radius:50%;\"><img decoding=\"async\" width=\"224\" height=\"224\" title=\"Rectangle 14\" src=\"https:\/\/ancperu.org\/ancperu\/wp-content\/uploads\/2022\/09\/Rectangle-14.png\" data-orig-src=\"https:\/\/ancperu.org\/ancperu\/wp-content\/uploads\/2022\/09\/Rectangle-14.png\" alt class=\"lazyload img-responsive wp-image-1364\" srcset=\"data:image\/svg+xml,%3Csvg%20xmlns%3D%27http%3A%2F%2Fwww.w3.org%2F2000%2Fsvg%27%20width%3D%27224%27%20height%3D%27224%27%20viewBox%3D%270%200%20224%20224%27%3E%3Crect%20width%3D%27224%27%20height%3D%27224%27%20fill-opacity%3D%220%22%2F%3E%3C%2Fsvg%3E\" data-srcset=\"https:\/\/ancperu.org\/ancperu\/wp-content\/uploads\/2022\/09\/Rectangle-14-200x200.png 200w, https:\/\/ancperu.org\/ancperu\/wp-content\/uploads\/2022\/09\/Rectangle-14.png 224w\" data-sizes=\"auto\" data-orig-sizes=\"(max-width: 640px) 100vw, 224px\" \/><\/span><\/div><style type=\"text\/css\">@media only screen and (max-width:1024px) {.fusion-title.fusion-title-16{margin-top:10px!important; margin-right:0px!important;margin-bottom:15px!important;margin-left:0px!important;}}@media only screen and (max-width:640px) {.fusion-title.fusion-title-16{margin-top:10px!important; margin-right:0px!important;margin-bottom:10px!important; margin-left:0px!important;}}<\/style><div class=\"fusion-title title fusion-title-16 fusion-sep-none fusion-title-center fusion-title-text fusion-title-size-two\" style=\"font-size:21px;margin-top:10px;margin-right:0px;margin-bottom:15px;margin-left:0px;\"><h2 class=\"title-heading-center fusion-responsive-typography-calculated\" style=\"margin:0;font-size:1em;color:var(--awb-color1);--fontSize:21;--minFontSize:21px;line-height:var(--awb-typography1-line-height);\"><p style=\"text-align: center;\">Dr. Juan Mart\u00edn Rodr\u00edguez<\/p><\/h2><\/div><div class=\"fusion-text fusion-text-28\" style=\"text-align:left;font-size:14px;color:var(--awb-color1);\"><p style=\"text-align: center;\"><strong>VOCAL<\/strong><\/p>\n<\/div><div class=\"fusion-text fusion-text-29\" style=\"text-align:left;font-size:14px;color:var(--awb-color1);\"><p>Profesor Investigador, miembro de n\u00famero de la Academia Nacional de Ciencias, dedicado al desarrollo y caracterizaci\u00f3n de materiales avanzados nanotecnol\u00f3gicos preparados por diferentes m\u00e9todos fisicoqu\u00edmicos, para la purificaci\u00f3n del agua utilizando la radiaci\u00f3n solar o la luz artificial. Desarrollo y construcci\u00f3n de prototipos para la desinfecci\u00f3n y remoci\u00f3n de contaminantes del agua. Co-autor de publicaciones en revistas indexadas, patentes, con ponencias invitadas en conferencias cient\u00edficas nacionales e internacionales. Asesor de estudiantes de titulaci\u00f3n, maestr\u00eda y doctorado. Ha escrito cap\u00edtulos de libros nacionales internacionales. Experiencia en trabajos investigaci\u00f3n y desarrollo desde 1992. Lidera su grupo de investigaci\u00f3n desde hace aproximadamente 15 a\u00f1os. Con experiencia en proyectos de investigaci\u00f3n y desarrollo nacionales, regionales e internacionales dedicados al desarrollo de nanomateriales y tecnolog\u00edas para la purificaci\u00f3n del agua en zonas rurales. 24 a\u00f1os de experiencia en laboratorios.<\/p>\n<\/div><\/div><style type=\"text\/css\">.fusion-body .fusion-builder-column-16{width:33.333333333333% !important;margin-top : 0px;margin-bottom : 20px;}.fusion-builder-column-16 > .fusion-column-wrapper {padding-top : 10px !important;padding-right : 10px !important;margin-right : 5.76%;padding-bottom : 10px !important;padding-left : 10px !important;margin-left : 5.76%;}@media only screen and (max-width:1024px) {.fusion-body .fusion-builder-column-16{width:33.333333333333% !important;order : 0;}.fusion-builder-column-16 > .fusion-column-wrapper {margin-right : 5.76%;margin-left : 5.76%;}}@media only screen and (max-width:640px) {.fusion-body .fusion-builder-column-16{width:100% !important;order : 0;}.fusion-builder-column-16 > .fusion-column-wrapper {margin-right : 1.92%;margin-left : 1.92%;}}<\/style><\/div><div class=\"fusion-layout-column fusion_builder_column fusion-builder-column-17 fusion_builder_column_1_1 1_1 fusion-flex-column\"><div class=\"fusion-column-wrapper fusion-flex-justify-content-flex-start fusion-content-layout-column\" style=\"background-position:left top;background-repeat:no-repeat;-webkit-background-size:cover;-moz-background-size:cover;-o-background-size:cover;background-size:cover;padding: 0px 0px 0px 0px;\"><div class=\"fusion-separator fusion-full-width-sep\" style=\"align-self: center;margin-left: auto;margin-right: auto;margin-top:10px;margin-bottom:20px;width:100%;\"><div class=\"fusion-separator-border sep-double\" style=\"border-color:hsla(var(--awb-color5-h),var(--awb-color5-s),var(--awb-color5-l),calc( var(--awb-color5-a) - 97% ));border-top-width:0px;border-bottom-width:0px;\"><\/div><\/div><\/div><style type=\"text\/css\">.fusion-body .fusion-builder-column-17{width:100% !important;margin-top : 0px;margin-bottom : 20px;}.fusion-builder-column-17 > .fusion-column-wrapper {padding-top : 0px !important;padding-right : 0px !important;margin-right : 1.92%;padding-bottom : 0px !important;padding-left : 0px !important;margin-left : 1.92%;}@media only screen and (max-width:1024px) {.fusion-body .fusion-builder-column-17{width:100% !important;order : 0;}.fusion-builder-column-17 > .fusion-column-wrapper {margin-right : 1.92%;margin-left : 1.92%;}}@media only screen and (max-width:640px) {.fusion-body .fusion-builder-column-17{width:100% !important;order : 0;}.fusion-builder-column-17 > .fusion-column-wrapper {margin-right : 1.92%;margin-left : 1.92%;}}<\/style><\/div><\/div><style type=\"text\/css\">.fusion-body .fusion-flex-container.fusion-builder-row-2{ padding-top : 0px;margin-top : 0px;padding-right : 0px;padding-bottom : 0px;margin-bottom : 0px;padding-left : 0px;}<\/style><\/div><div class=\"fusion-fullwidth fullwidth-box fusion-builder-row-3 fusion-flex-container has-pattern-background has-mask-background nonhundred-percent-fullwidth non-hundred-percent-height-scrolling\" style=\"background-color: var(--awb-color6);background-position: center center;background-repeat: no-repeat;border-width: 0px 0px 0px 0px;border-color:hsla(var(--awb-color5-h),var(--awb-color5-s),var(--awb-color5-l),calc( var(--awb-color5-a) - 97% ));border-style:solid;\" ><div class=\"fusion-builder-row fusion-row fusion-flex-align-items-flex-start\" style=\"max-width:1248px;margin-left: calc(-4% \/ 2 );margin-right: calc(-4% \/ 2 );\"><div class=\"fusion-layout-column fusion_builder_column fusion-builder-column-18 fusion_builder_column_1_1 1_1 fusion-flex-column\"><div class=\"fusion-column-wrapper fusion-flex-justify-content-flex-start fusion-content-layout-column\" style=\"background-position:left top;background-repeat:no-repeat;-webkit-background-size:cover;-moz-background-size:cover;-o-background-size:cover;background-size:cover;padding: 0px 0px 0px 0px;\"><div class=\"fusion-separator fusion-full-width-sep\" style=\"align-self: center;margin-left: auto;margin-right: auto;margin-top:10px;margin-bottom:20px;width:100%;\"><div class=\"fusion-separator-border sep-double\" style=\"border-color:hsla(var(--awb-color5-h),var(--awb-color5-s),var(--awb-color5-l),calc( var(--awb-color5-a) - 97% ));border-top-width:0px;border-bottom-width:0px;\"><\/div><\/div><style type=\"text\/css\">@media only screen and (max-width:1024px) {.fusion-title.fusion-title-17{margin-top:10px!important; margin-right:0px!important;margin-bottom:15px!important;margin-left:0px!important;}}@media only screen and (max-width:640px) {.fusion-title.fusion-title-17{margin-top:10px!important; margin-right:0px!important;margin-bottom:10px!important; margin-left:0px!important;}}<\/style><div class=\"fusion-title title fusion-title-17 fusion-sep-none fusion-title-center fusion-title-text fusion-title-size-two\" style=\"margin-top:10px;margin-right:0px;margin-bottom:15px;margin-left:0px;\"><h2 class=\"title-heading-center fusion-responsive-typography-calculated\" style=\"margin:0;color:var(--awb-color4);--fontSize:40;line-height:var(--awb-typography1-line-height);\"><p style=\"text-align: center;\">Consejo Directivo 2015-2018<\/p><\/h2><\/div><\/div><style type=\"text\/css\">.fusion-body .fusion-builder-column-18{width:100% !important;margin-top : 0px;margin-bottom : 20px;}.fusion-builder-column-18 > .fusion-column-wrapper {padding-top : 0px !important;padding-right : 0px !important;margin-right : 1.92%;padding-bottom : 0px !important;padding-left : 0px !important;margin-left : 1.92%;}@media only screen and (max-width:1024px) {.fusion-body .fusion-builder-column-18{width:100% !important;order : 0;}.fusion-builder-column-18 > .fusion-column-wrapper {margin-right : 1.92%;margin-left : 1.92%;}}@media only screen and (max-width:640px) {.fusion-body .fusion-builder-column-18{width:100% !important;order : 0;}.fusion-builder-column-18 > .fusion-column-wrapper {margin-right : 1.92%;margin-left : 1.92%;}}<\/style><\/div><div class=\"fusion-layout-column fusion_builder_column fusion-builder-column-19 fusion_builder_column_1_3 1_3 fusion-flex-column fusion-flex-align-self-flex-start\"><div class=\"fusion-column-wrapper fusion-flex-justify-content-flex-start fusion-content-layout-column\" style=\"background-position:left top;background-repeat:no-repeat;-webkit-background-size:cover;-moz-background-size:cover;-o-background-size:cover;background-size:cover;border-radius:10px 10px 10px 10px;background-color:var(--awb-color5);border-radius:10px 10px 10px 10px;overflow:hidden;padding: 10px 10px 10px 10px;\"><div style=\"text-align:center;\"><span class=\" fusion-imageframe imageframe-none imageframe-15 hover-type-none\" style=\"border-radius:50%;\"><img decoding=\"async\" width=\"224\" height=\"224\" title=\"image 36\" src=\"https:\/\/ancperu.org\/ancperu\/wp-content\/uploads\/2022\/09\/image-36.png\" data-orig-src=\"https:\/\/ancperu.org\/ancperu\/wp-content\/uploads\/2022\/09\/image-36.png\" alt class=\"lazyload img-responsive wp-image-1391\" srcset=\"data:image\/svg+xml,%3Csvg%20xmlns%3D%27http%3A%2F%2Fwww.w3.org%2F2000%2Fsvg%27%20width%3D%27224%27%20height%3D%27224%27%20viewBox%3D%270%200%20224%20224%27%3E%3Crect%20width%3D%27224%27%20height%3D%27224%27%20fill-opacity%3D%220%22%2F%3E%3C%2Fsvg%3E\" data-srcset=\"https:\/\/ancperu.org\/ancperu\/wp-content\/uploads\/2022\/09\/image-36-200x200.png 200w, https:\/\/ancperu.org\/ancperu\/wp-content\/uploads\/2022\/09\/image-36.png 224w\" data-sizes=\"auto\" data-orig-sizes=\"(max-width: 640px) 100vw, 224px\" \/><\/span><\/div><style type=\"text\/css\">@media only screen and (max-width:1024px) {.fusion-title.fusion-title-18{margin-top:10px!important; margin-right:0px!important;margin-bottom:15px!important;margin-left:0px!important;}}@media only screen and (max-width:640px) {.fusion-title.fusion-title-18{margin-top:10px!important; margin-right:0px!important;margin-bottom:10px!important; margin-left:0px!important;}}<\/style><div class=\"fusion-title title fusion-title-18 fusion-sep-none fusion-title-center fusion-title-text fusion-title-size-two\" style=\"font-size:21px;margin-top:10px;margin-right:0px;margin-bottom:15px;margin-left:0px;\"><h2 class=\"title-heading-center fusion-responsive-typography-calculated\" style=\"margin:0;font-size:1em;color:var(--awb-color1);--fontSize:21;--minFontSize:21px;line-height:var(--awb-typography1-line-height);\"><p style=\"text-align: center;\">Dr. Abraham Vaisberg<\/p><\/h2><\/div><div class=\"fusion-text fusion-text-30\" style=\"text-align:left;font-size:14px;color:var(--awb-color1);\"><p style=\"text-align: center;\"><strong>PRESIDENTE<\/strong><\/p>\n<\/div><div class=\"fusion-text fusion-text-31\" style=\"text-align:left;font-size:14px;color:var(--awb-color1);\"><p style=\"text-align: left;\">Ha sido cuatro veces Decano de la Facultad de Ciencias y Filosof\u00eda de la Universidad Peruana Cayetano Heredia. Actualmente es Director y Ep\u00f3nimo de los Laboratorios de Investigaci\u00f3n y Desarrollo (LID) de la Facultad de Ciencias y Filosof\u00eda de la Universidad Peruana Cayetano Heredia, centro de alto nivel de desarrollo en las ciencias biol\u00f3gicas. Su actividad cient\u00edfica la desarrolla en el estudio de plantas medicinales. Profesor principal del Departamento de Microbiolog\u00eda de la Facultad de Ciencias y Filosof\u00eda de esa Universidad; bachiller en ciencias por la UPCH, Ph.D. en Biolog\u00eda por la Universidad de Brandeis (Massachussets, USA); representante del Per\u00fa (Gobernador) en el International Center for Genetic Engineering and Biotechnology (ICGEB), Trieste.<\/p>\n<\/div><\/div><style type=\"text\/css\">.fusion-body .fusion-builder-column-19{width:33.333333333333% !important;margin-top : 0px;margin-bottom : 20px;}.fusion-builder-column-19 > .fusion-column-wrapper {padding-top : 10px !important;padding-right : 10px !important;margin-right : 5.76%;padding-bottom : 10px !important;padding-left : 10px !important;margin-left : 5.76%;}@media only screen and (max-width:1024px) {.fusion-body .fusion-builder-column-19{width:33.333333333333% !important;order : 0;}.fusion-builder-column-19 > .fusion-column-wrapper {margin-right : 5.76%;margin-left : 5.76%;}}@media only screen and (max-width:640px) {.fusion-body .fusion-builder-column-19{width:100% !important;order : 0;}.fusion-builder-column-19 > .fusion-column-wrapper {margin-right : 1.92%;margin-left : 1.92%;}}<\/style><\/div><div class=\"fusion-layout-column fusion_builder_column fusion-builder-column-20 fusion_builder_column_1_3 1_3 fusion-flex-column fusion-flex-align-self-flex-start\"><div class=\"fusion-column-wrapper fusion-flex-justify-content-flex-start fusion-content-layout-column\" style=\"background-position:left top;background-repeat:no-repeat;-webkit-background-size:cover;-moz-background-size:cover;-o-background-size:cover;background-size:cover;border-radius:10px 10px 10px 10px;background-color:var(--awb-color5);border-radius:10px 10px 10px 10px;overflow:hidden;padding: 10px 10px 10px 10px;\"><div style=\"text-align:center;\"><span class=\" fusion-imageframe imageframe-none imageframe-16 hover-type-none\" style=\"border-radius:50%;\"><img decoding=\"async\" width=\"224\" height=\"224\" title=\"Rectangle 8\" src=\"https:\/\/ancperu.org\/ancperu\/wp-content\/uploads\/2022\/09\/Rectangle-8.png\" data-orig-src=\"https:\/\/ancperu.org\/ancperu\/wp-content\/uploads\/2022\/09\/Rectangle-8.png\" alt class=\"lazyload img-responsive wp-image-1370\" srcset=\"data:image\/svg+xml,%3Csvg%20xmlns%3D%27http%3A%2F%2Fwww.w3.org%2F2000%2Fsvg%27%20width%3D%27224%27%20height%3D%27224%27%20viewBox%3D%270%200%20224%20224%27%3E%3Crect%20width%3D%27224%27%20height%3D%27224%27%20fill-opacity%3D%220%22%2F%3E%3C%2Fsvg%3E\" data-srcset=\"https:\/\/ancperu.org\/ancperu\/wp-content\/uploads\/2022\/09\/Rectangle-8-200x200.png 200w, https:\/\/ancperu.org\/ancperu\/wp-content\/uploads\/2022\/09\/Rectangle-8.png 224w\" data-sizes=\"auto\" data-orig-sizes=\"(max-width: 640px) 100vw, 224px\" \/><\/span><\/div><style type=\"text\/css\">@media only screen and (max-width:1024px) {.fusion-title.fusion-title-19{margin-top:10px!important; margin-right:0px!important;margin-bottom:15px!important;margin-left:0px!important;}}@media only screen and (max-width:640px) {.fusion-title.fusion-title-19{margin-top:10px!important; margin-right:0px!important;margin-bottom:10px!important; margin-left:0px!important;}}<\/style><div class=\"fusion-title title fusion-title-19 fusion-sep-none fusion-title-center fusion-title-text fusion-title-size-two\" style=\"font-size:21px;margin-top:10px;margin-right:0px;margin-bottom:15px;margin-left:0px;\"><h2 class=\"title-heading-center fusion-responsive-typography-calculated\" style=\"margin:0;font-size:1em;color:var(--awb-color1);--fontSize:21;--minFontSize:21px;line-height:var(--awb-typography1-line-height);\"><p style=\"text-align: center;\">Dr. Gustavo Gonzales<\/p><\/h2><\/div><div class=\"fusion-text fusion-text-32\" style=\"text-align:left;font-size:14px;color:var(--awb-color1);\"><p style=\"text-align: center;\"><strong>VICEPRESIDENTE<\/strong><\/p>\n<\/div><div class=\"fusion-text fusion-text-33\" style=\"text-align:left;font-size:14px;color:var(--awb-color1);\"><p style=\"text-align: left;\">Bi\u00f3logo y m\u00e9dico endocrin\u00f3logo, doctor en Medicina, y doctor en Ciencias, ambos por la Universidad Peruana Cayetano Heredia; profesor principal del Dpto. de Ciencias Biol\u00f3gicas y Fisiol\u00f3gicas, Facultad de Ciencias y Filosof\u00eda UPCH, de la cual ha sido Decano en una oportunidad; y Director del Instituto de Investigaciones de la Altura de la Universidad Peruana Cayetano Heredia en seis oportunidades. Obtuvo el premio Campod\u00f3nico en el 2002 por su contribuci\u00f3n cient\u00edfica basada en los estudios sobre adaptaci\u00f3n y desadaptaci\u00f3n de la altura aplicados a la mejora de la salud de la poblaci\u00f3n andina del Per\u00fa, especialmente al binomio madre\u2013ni\u00f1o.<\/p>\n<\/div><\/div><style type=\"text\/css\">.fusion-body .fusion-builder-column-20{width:33.333333333333% !important;margin-top : 0px;margin-bottom : 20px;}.fusion-builder-column-20 > .fusion-column-wrapper {padding-top : 10px !important;padding-right : 10px !important;margin-right : 5.76%;padding-bottom : 10px !important;padding-left : 10px !important;margin-left : 5.76%;}@media only screen and (max-width:1024px) {.fusion-body .fusion-builder-column-20{width:33.333333333333% !important;order : 0;}.fusion-builder-column-20 > .fusion-column-wrapper {margin-right : 5.76%;margin-left : 5.76%;}}@media only screen and (max-width:640px) {.fusion-body .fusion-builder-column-20{width:100% !important;order : 0;}.fusion-builder-column-20 > .fusion-column-wrapper {margin-right : 1.92%;margin-left : 1.92%;}}<\/style><\/div><div class=\"fusion-layout-column fusion_builder_column fusion-builder-column-21 fusion_builder_column_1_3 1_3 fusion-flex-column fusion-flex-align-self-flex-start\"><div class=\"fusion-column-wrapper fusion-flex-justify-content-flex-start fusion-content-layout-column\" style=\"background-position:left top;background-repeat:no-repeat;-webkit-background-size:cover;-moz-background-size:cover;-o-background-size:cover;background-size:cover;border-radius:10px 10px 10px 10px;background-color:var(--awb-color5);border-radius:10px 10px 10px 10px;overflow:hidden;padding: 10px 10px 10px 10px;\"><div style=\"text-align:center;\"><span class=\" fusion-imageframe imageframe-none imageframe-17 hover-type-none\" style=\"border-radius:50%;\"><img decoding=\"async\" width=\"224\" height=\"224\" title=\"image 37\" src=\"https:\/\/ancperu.org\/ancperu\/wp-content\/uploads\/2022\/09\/image-37.png\" data-orig-src=\"https:\/\/ancperu.org\/ancperu\/wp-content\/uploads\/2022\/09\/image-37.png\" alt class=\"lazyload img-responsive wp-image-1390\" srcset=\"data:image\/svg+xml,%3Csvg%20xmlns%3D%27http%3A%2F%2Fwww.w3.org%2F2000%2Fsvg%27%20width%3D%27224%27%20height%3D%27224%27%20viewBox%3D%270%200%20224%20224%27%3E%3Crect%20width%3D%27224%27%20height%3D%27224%27%20fill-opacity%3D%220%22%2F%3E%3C%2Fsvg%3E\" data-srcset=\"https:\/\/ancperu.org\/ancperu\/wp-content\/uploads\/2022\/09\/image-37-200x200.png 200w, https:\/\/ancperu.org\/ancperu\/wp-content\/uploads\/2022\/09\/image-37.png 224w\" data-sizes=\"auto\" data-orig-sizes=\"(max-width: 640px) 100vw, 224px\" \/><\/span><\/div><style type=\"text\/css\">@media only screen and (max-width:1024px) {.fusion-title.fusion-title-20{margin-top:10px!important; margin-right:0px!important;margin-bottom:15px!important;margin-left:0px!important;}}@media only screen and (max-width:640px) {.fusion-title.fusion-title-20{margin-top:10px!important; margin-right:0px!important;margin-bottom:10px!important; margin-left:0px!important;}}<\/style><div class=\"fusion-title title fusion-title-20 fusion-sep-none fusion-title-center fusion-title-text fusion-title-size-two\" style=\"font-size:21px;margin-top:10px;margin-right:0px;margin-bottom:15px;margin-left:0px;\"><h2 class=\"title-heading-center fusion-responsive-typography-calculated\" style=\"margin:0;font-size:1em;color:var(--awb-color1);--fontSize:21;--minFontSize:21px;line-height:var(--awb-typography1-line-height);\"><p style=\"text-align: center;\">Mg. Ana Pastor Revoredo<\/p><\/h2><\/div><div class=\"fusion-text fusion-text-34\" style=\"text-align:left;font-size:14px;color:var(--awb-color1);\"><p style=\"text-align: center;\"><strong>SECRETARIA<\/strong><\/p>\n<\/div><div class=\"fusion-text fusion-text-35\" style=\"text-align:left;font-size:14px;color:var(--awb-color1);\"><p style=\"text-align: left;\">Licenciada y magister en Qu\u00edmica por la Pontificia Universidad Cat\u00f3lica del Per\u00fa. Docencia: cursos de Qu\u00edmica General, F\u00edsico Qu\u00edmica, Espectroscop\u00eda Molecular. Investigadora en temas de: fitoqu\u00edmicos de plantas medicinales, colorantes naturales, aceites fijos y esenciales. Aislamiento y caracterizaci\u00f3n de metabolitos secundarios. Obtenci\u00f3n de productos naturales con valor comercial, quitina y quitosanos de exoesqueletos de crust\u00e1ceos para control ambiental, agricultura, y alimentaci\u00f3n. Asesoramiento en tesis de pregrado y postgrado. Investigadora principal de proyectos nacionales auspiciados por DAI, CONCYTEC; e internacionales Cyted, Comisi\u00f3n Europea, Volkswagen Fundation, USAID.<\/p>\n<\/div><\/div><style type=\"text\/css\">.fusion-body .fusion-builder-column-21{width:33.333333333333% !important;margin-top : 0px;margin-bottom : 20px;}.fusion-builder-column-21 > .fusion-column-wrapper {padding-top : 10px !important;padding-right : 10px !important;margin-right : 5.76%;padding-bottom : 10px !important;padding-left : 10px !important;margin-left : 5.76%;}@media only screen and (max-width:1024px) {.fusion-body .fusion-builder-column-21{width:33.333333333333% !important;order : 0;}.fusion-builder-column-21 > .fusion-column-wrapper {margin-right : 5.76%;margin-left : 5.76%;}}@media only screen and (max-width:640px) {.fusion-body .fusion-builder-column-21{width:100% !important;order : 0;}.fusion-builder-column-21 > .fusion-column-wrapper {margin-right : 1.92%;margin-left : 1.92%;}}<\/style><\/div><div class=\"fusion-layout-column fusion_builder_column fusion-builder-column-22 fusion_builder_column_1_3 1_3 fusion-flex-column fusion-flex-align-self-flex-start\"><div class=\"fusion-column-wrapper fusion-flex-justify-content-flex-start fusion-content-layout-column\" style=\"background-position:left top;background-repeat:no-repeat;-webkit-background-size:cover;-moz-background-size:cover;-o-background-size:cover;background-size:cover;border-radius:10px 10px 10px 10px;background-color:var(--awb-color5);border-radius:10px 10px 10px 10px;overflow:hidden;padding: 10px 10px 10px 10px;\"><div style=\"text-align:center;\"><span class=\" fusion-imageframe imageframe-none imageframe-18 hover-type-none\" style=\"border-radius:50%;\"><img decoding=\"async\" width=\"224\" height=\"224\" title=\"image 38\" src=\"https:\/\/ancperu.org\/ancperu\/wp-content\/uploads\/2022\/09\/image-38.png\" data-orig-src=\"https:\/\/ancperu.org\/ancperu\/wp-content\/uploads\/2022\/09\/image-38.png\" alt class=\"lazyload img-responsive wp-image-1389\" srcset=\"data:image\/svg+xml,%3Csvg%20xmlns%3D%27http%3A%2F%2Fwww.w3.org%2F2000%2Fsvg%27%20width%3D%27224%27%20height%3D%27224%27%20viewBox%3D%270%200%20224%20224%27%3E%3Crect%20width%3D%27224%27%20height%3D%27224%27%20fill-opacity%3D%220%22%2F%3E%3C%2Fsvg%3E\" data-srcset=\"https:\/\/ancperu.org\/ancperu\/wp-content\/uploads\/2022\/09\/image-38-200x200.png 200w, https:\/\/ancperu.org\/ancperu\/wp-content\/uploads\/2022\/09\/image-38.png 224w\" data-sizes=\"auto\" data-orig-sizes=\"(max-width: 640px) 100vw, 224px\" \/><\/span><\/div><style type=\"text\/css\">@media only screen and (max-width:1024px) {.fusion-title.fusion-title-21{margin-top:10px!important; margin-right:0px!important;margin-bottom:15px!important;margin-left:0px!important;}}@media only screen and (max-width:640px) {.fusion-title.fusion-title-21{margin-top:10px!important; margin-right:0px!important;margin-bottom:10px!important; margin-left:0px!important;}}<\/style><div class=\"fusion-title title fusion-title-21 fusion-sep-none fusion-title-center fusion-title-text fusion-title-size-two\" style=\"font-size:21px;margin-top:10px;margin-right:0px;margin-bottom:15px;margin-left:0px;\"><h2 class=\"title-heading-center fusion-responsive-typography-calculated\" style=\"margin:0;font-size:1em;color:var(--awb-color1);--fontSize:21;--minFontSize:21px;line-height:var(--awb-typography1-line-height);\"><p style=\"text-align: center;\">Dr. C\u00e9sar Vidal Cobi\u00e1n<\/p><\/h2><\/div><div class=\"fusion-text fusion-text-36\" style=\"text-align:left;font-size:14px;color:var(--awb-color1);\"><p style=\"text-align: center;\"><strong>TESORERO<\/strong><\/p>\n<\/div><div class=\"fusion-text fusion-text-37\" style=\"text-align:left;font-size:14px;color:var(--awb-color1);\"><p style=\"text-align: left;\">Ingeniero Ge\u00f3logo por la Universidad Nacional de Ingenier\u00eda, y Doctor en Geolog\u00eda (Ph.D.) por la Universidad de Liverpool, Reino Unido, con estudios post-doctorales con beca de la Fundaci\u00f3n Alexander von Humboldt en la Universidad de Heidelberg, Alemania.\u00a0 Presidente del Consejo Directivo de la Sociedad Geol\u00f3gica del Per\u00fa (SGP) en el bienio 2008\u20132009. Recibi\u00f3 el Diploma del Colegio de Ingenieros del Per\u00fa como \u201cIngeniero Ge\u00f3logo Distinguido\u201d en el 2002 y la condecoraci\u00f3n \u00abMedalla del Consejo Departamental de Lima\u201d en el 2013. Trabaj\u00f3 en varias empresas mineras y tambi\u00e9n como consultor independiente. Ha colaborado en m\u00e1s de 80 trabajos de investigaci\u00f3n b\u00e1sica y aplicada en temas de geolog\u00eda minera y metalogenia publicados principalmente en boletines de la Sociedad Geol\u00f3gica del Per\u00fa y de la Society of Economic Geologists.<\/p>\n<\/div><\/div><style type=\"text\/css\">.fusion-body .fusion-builder-column-22{width:33.333333333333% !important;margin-top : 0px;margin-bottom : 20px;}.fusion-builder-column-22 > .fusion-column-wrapper {padding-top : 10px !important;padding-right : 10px !important;margin-right : 5.76%;padding-bottom : 10px !important;padding-left : 10px !important;margin-left : 5.76%;}@media only screen and (max-width:1024px) {.fusion-body .fusion-builder-column-22{width:33.333333333333% !important;order : 0;}.fusion-builder-column-22 > .fusion-column-wrapper {margin-right : 5.76%;margin-left : 5.76%;}}@media only screen and (max-width:640px) {.fusion-body .fusion-builder-column-22{width:100% !important;order : 0;}.fusion-builder-column-22 > .fusion-column-wrapper {margin-right : 1.92%;margin-left : 1.92%;}}<\/style><\/div><div class=\"fusion-layout-column fusion_builder_column fusion-builder-column-23 fusion_builder_column_1_3 1_3 fusion-flex-column fusion-flex-align-self-flex-start\"><div class=\"fusion-column-wrapper fusion-flex-justify-content-flex-start fusion-content-layout-column\" style=\"background-position:left top;background-repeat:no-repeat;-webkit-background-size:cover;-moz-background-size:cover;-o-background-size:cover;background-size:cover;border-radius:10px 10px 10px 10px;background-color:var(--awb-color5);border-radius:10px 10px 10px 10px;overflow:hidden;padding: 10px 10px 10px 10px;\"><div style=\"text-align:center;\"><span class=\" fusion-imageframe imageframe-none imageframe-19 hover-type-none\" style=\"border-radius:50%;\"><img decoding=\"async\" width=\"224\" height=\"224\" title=\"Rectangle 12\" src=\"https:\/\/ancperu.org\/ancperu\/wp-content\/uploads\/2022\/09\/Rectangle-12.png\" data-orig-src=\"https:\/\/ancperu.org\/ancperu\/wp-content\/uploads\/2022\/09\/Rectangle-12.png\" alt class=\"lazyload img-responsive wp-image-1366\" srcset=\"data:image\/svg+xml,%3Csvg%20xmlns%3D%27http%3A%2F%2Fwww.w3.org%2F2000%2Fsvg%27%20width%3D%27224%27%20height%3D%27224%27%20viewBox%3D%270%200%20224%20224%27%3E%3Crect%20width%3D%27224%27%20height%3D%27224%27%20fill-opacity%3D%220%22%2F%3E%3C%2Fsvg%3E\" data-srcset=\"https:\/\/ancperu.org\/ancperu\/wp-content\/uploads\/2022\/09\/Rectangle-12-200x200.png 200w, https:\/\/ancperu.org\/ancperu\/wp-content\/uploads\/2022\/09\/Rectangle-12.png 224w\" data-sizes=\"auto\" data-orig-sizes=\"(max-width: 640px) 100vw, 224px\" \/><\/span><\/div><style type=\"text\/css\">@media only screen and (max-width:1024px) {.fusion-title.fusion-title-22{margin-top:10px!important; margin-right:0px!important;margin-bottom:15px!important;margin-left:0px!important;}}@media only screen and (max-width:640px) {.fusion-title.fusion-title-22{margin-top:10px!important; margin-right:0px!important;margin-bottom:10px!important; margin-left:0px!important;}}<\/style><div class=\"fusion-title title fusion-title-22 fusion-sep-none fusion-title-center fusion-title-text fusion-title-size-two\" style=\"font-size:21px;margin-top:10px;margin-right:0px;margin-bottom:15px;margin-left:0px;\"><h2 class=\"title-heading-center fusion-responsive-typography-calculated\" style=\"margin:0;font-size:1em;color:var(--awb-color1);--fontSize:21;--minFontSize:21px;line-height:var(--awb-typography1-line-height);\"><p style=\"text-align: center;\">Dra. Ruth Shady Sol\u00eds<\/p><\/h2><\/div><div class=\"fusion-text fusion-text-38\" style=\"text-align:left;font-size:14px;color:var(--awb-color1);\"><p style=\"text-align: center;\"><strong>VOCAL<\/strong><\/p>\n<\/div><div class=\"fusion-text fusion-text-39\" style=\"text-align:left;font-size:14px;color:var(--awb-color1);\"><p>Estudi\u00f3 Educaci\u00f3n, as\u00ed como Antropolog\u00eda y Arqueolog\u00eda en la Universidad Nacional Mayor de San Marcos. Ha hecho pasant\u00edas de investigaci\u00f3n en los Estados Unidos, en el Smithsonian Institution y en Dumbarton Oacks. Es profesora principal de la Escuela Acad\u00e9mico Profesional de Arqueolog\u00eda de la UNMSM, de la cual ha sido Directora Profesional, Directora del Postgrado de Ciencias Sociales y Coordinadora de la Maestr\u00eda en Arqueolog\u00eda Andina de esta misma instituci\u00f3n. Presidenta de ICOMOS-Per\u00fa del 2003 al 2012, instituci\u00f3n internacional para la conservaci\u00f3n de sitios y monumentos. Dirige desde el 2003 la Zona Arqueol\u00f3gica Caral.<\/p>\n<\/div><\/div><style type=\"text\/css\">.fusion-body .fusion-builder-column-23{width:33.333333333333% !important;margin-top : 0px;margin-bottom : 20px;}.fusion-builder-column-23 > .fusion-column-wrapper {padding-top : 10px !important;padding-right : 10px !important;margin-right : 5.76%;padding-bottom : 10px !important;padding-left : 10px !important;margin-left : 5.76%;}@media only screen and (max-width:1024px) {.fusion-body .fusion-builder-column-23{width:33.333333333333% !important;order : 0;}.fusion-builder-column-23 > .fusion-column-wrapper {margin-right : 5.76%;margin-left : 5.76%;}}@media only screen and (max-width:640px) {.fusion-body .fusion-builder-column-23{width:100% !important;order : 0;}.fusion-builder-column-23 > .fusion-column-wrapper {margin-right : 1.92%;margin-left : 1.92%;}}<\/style><\/div><div class=\"fusion-layout-column fusion_builder_column fusion-builder-column-24 fusion_builder_column_1_3 1_3 fusion-flex-column fusion-flex-align-self-flex-start\"><div class=\"fusion-column-wrapper fusion-flex-justify-content-flex-start fusion-content-layout-column\" style=\"background-position:left top;background-repeat:no-repeat;-webkit-background-size:cover;-moz-background-size:cover;-o-background-size:cover;background-size:cover;border-radius:10px 10px 10px 10px;background-color:var(--awb-color5);border-radius:10px 10px 10px 10px;overflow:hidden;padding: 10px 10px 10px 10px;\"><div style=\"text-align:center;\"><span class=\" fusion-imageframe imageframe-none imageframe-20 hover-type-none\" style=\"border-radius:50%;\"><img decoding=\"async\" width=\"224\" height=\"224\" title=\"image 39\" src=\"https:\/\/ancperu.org\/ancperu\/wp-content\/uploads\/2022\/09\/image-39.png\" data-orig-src=\"https:\/\/ancperu.org\/ancperu\/wp-content\/uploads\/2022\/09\/image-39.png\" alt class=\"lazyload img-responsive wp-image-1388\" srcset=\"data:image\/svg+xml,%3Csvg%20xmlns%3D%27http%3A%2F%2Fwww.w3.org%2F2000%2Fsvg%27%20width%3D%27224%27%20height%3D%27224%27%20viewBox%3D%270%200%20224%20224%27%3E%3Crect%20width%3D%27224%27%20height%3D%27224%27%20fill-opacity%3D%220%22%2F%3E%3C%2Fsvg%3E\" data-srcset=\"https:\/\/ancperu.org\/ancperu\/wp-content\/uploads\/2022\/09\/image-39-200x200.png 200w, https:\/\/ancperu.org\/ancperu\/wp-content\/uploads\/2022\/09\/image-39.png 224w\" data-sizes=\"auto\" data-orig-sizes=\"(max-width: 640px) 100vw, 224px\" \/><\/span><\/div><style type=\"text\/css\">@media only screen and (max-width:1024px) {.fusion-title.fusion-title-23{margin-top:10px!important; margin-right:0px!important;margin-bottom:15px!important;margin-left:0px!important;}}@media only screen and (max-width:640px) {.fusion-title.fusion-title-23{margin-top:10px!important; margin-right:0px!important;margin-bottom:10px!important; margin-left:0px!important;}}<\/style><div class=\"fusion-title title fusion-title-23 fusion-sep-none fusion-title-center fusion-title-text fusion-title-size-two\" style=\"font-size:21px;margin-top:10px;margin-right:0px;margin-bottom:15px;margin-left:0px;\"><h2 class=\"title-heading-center fusion-responsive-typography-calculated\" style=\"margin:0;font-size:1em;color:var(--awb-color1);--fontSize:21;--minFontSize:21px;line-height:var(--awb-typography1-line-height);\"><p style=\"text-align: center;\">Dr. Christian Valqui<\/p><\/h2><\/div><div class=\"fusion-text fusion-text-40\" style=\"text-align:left;font-size:14px;color:var(--awb-color1);\"><p style=\"text-align: center;\"><strong>VOCAL<\/strong><\/p>\n<\/div><div class=\"fusion-text fusion-text-41\" style=\"text-align:left;font-size:14px;color:var(--awb-color1);\"><p>Doctor en Matem\u00e1tica por la Universidad de Heidelberg (Alemania). Especialidad: Algebra y Topolog\u00eda. Profesor principal de la PUCP y profesor investigador del Instituto de Matem\u00e1ticas y Ciencias Afines (IMCA-UNI-PUCP). Varias publicaciones cient\u00edficas en revistas nacionales e internacionales. Pertenece a diversas instituciones cient\u00edficas nacionales e internacionales, entre ellas, la Sociedad Matem\u00e1tica Peruana, en la cual fue Presidente. Ha recibido varios premios, en el que destaca el \u201cPremio de Ciencias B\u00e1sicas para investigadores J\u00f3venes 2002\u201d concedido por la Academia de Ciencias del Tercer Mundo (TWAS).<\/p>\n<\/div><\/div><style type=\"text\/css\">.fusion-body .fusion-builder-column-24{width:33.333333333333% !important;margin-top : 0px;margin-bottom : 20px;}.fusion-builder-column-24 > .fusion-column-wrapper {padding-top : 10px !important;padding-right : 10px !important;margin-right : 5.76%;padding-bottom : 10px !important;padding-left : 10px !important;margin-left : 5.76%;}@media only screen and (max-width:1024px) {.fusion-body .fusion-builder-column-24{width:33.333333333333% !important;order : 0;}.fusion-builder-column-24 > .fusion-column-wrapper {margin-right : 5.76%;margin-left : 5.76%;}}@media only screen and (max-width:640px) {.fusion-body .fusion-builder-column-24{width:100% !important;order : 0;}.fusion-builder-column-24 > .fusion-column-wrapper {margin-right : 1.92%;margin-left : 1.92%;}}<\/style><\/div><div class=\"fusion-layout-column fusion_builder_column fusion-builder-column-25 fusion_builder_column_1_3 1_3 fusion-flex-column fusion-flex-align-self-flex-start\"><div class=\"fusion-column-wrapper fusion-flex-justify-content-flex-start fusion-content-layout-column\" style=\"background-position:left top;background-repeat:no-repeat;-webkit-background-size:cover;-moz-background-size:cover;-o-background-size:cover;background-size:cover;border-radius:10px 10px 10px 10px;background-color:var(--awb-color5);border-radius:10px 10px 10px 10px;overflow:hidden;padding: 10px 10px 10px 10px;\"><div style=\"text-align:center;\"><span class=\" fusion-imageframe imageframe-none imageframe-21 hover-type-none\" style=\"border-radius:50%;\"><img decoding=\"async\" width=\"224\" height=\"224\" title=\"image 40\" src=\"https:\/\/ancperu.org\/ancperu\/wp-content\/uploads\/2022\/09\/image-40.png\" data-orig-src=\"https:\/\/ancperu.org\/ancperu\/wp-content\/uploads\/2022\/09\/image-40.png\" alt class=\"lazyload img-responsive wp-image-1387\" srcset=\"data:image\/svg+xml,%3Csvg%20xmlns%3D%27http%3A%2F%2Fwww.w3.org%2F2000%2Fsvg%27%20width%3D%27224%27%20height%3D%27224%27%20viewBox%3D%270%200%20224%20224%27%3E%3Crect%20width%3D%27224%27%20height%3D%27224%27%20fill-opacity%3D%220%22%2F%3E%3C%2Fsvg%3E\" data-srcset=\"https:\/\/ancperu.org\/ancperu\/wp-content\/uploads\/2022\/09\/image-40-200x200.png 200w, https:\/\/ancperu.org\/ancperu\/wp-content\/uploads\/2022\/09\/image-40.png 224w\" data-sizes=\"auto\" data-orig-sizes=\"(max-width: 640px) 100vw, 224px\" \/><\/span><\/div><style type=\"text\/css\">@media only screen and (max-width:1024px) {.fusion-title.fusion-title-24{margin-top:10px!important; margin-right:0px!important;margin-bottom:15px!important;margin-left:0px!important;}}@media only screen and (max-width:640px) {.fusion-title.fusion-title-24{margin-top:10px!important; margin-right:0px!important;margin-bottom:10px!important; margin-left:0px!important;}}<\/style><div class=\"fusion-title title fusion-title-24 fusion-sep-none fusion-title-center fusion-title-text fusion-title-size-two\" style=\"font-size:21px;margin-top:10px;margin-right:0px;margin-bottom:15px;margin-left:0px;\"><h2 class=\"title-heading-center fusion-responsive-typography-calculated\" style=\"margin:0;font-size:1em;color:var(--awb-color1);--fontSize:21;--minFontSize:21px;line-height:var(--awb-typography1-line-height);\"><p style=\"text-align: center;\">Dr. Manfred Horn<\/p><\/h2><\/div><div class=\"fusion-text fusion-text-42\" style=\"text-align:left;font-size:14px;color:var(--awb-color1);\"><p style=\"text-align: center;\"><strong>VOCAL<\/strong><\/p>\n<\/div><div class=\"fusion-text fusion-text-43\" style=\"text-align:left;font-size:14px;color:var(--awb-color1);\"><p>F\u00edsico, graduado (\u201cDiplomphysiker\u201d) de la Universidad de Munich \u00a0y postgraduado (Ph.D.) de la Universidad de Columbia Brit\u00e1nica, Vancouver. Profesor Principal y ex Decano de la Facultad de Ciencias de la Universidad Nacional de Ingenier\u00eda, Lima; Actividades de investigaci\u00f3n en f\u00edsica del estado s\u00f3lido y materiales para la conversi\u00f3n de energ\u00eda solar; Desarrollo y transferencia de tecnolog\u00edas de energ\u00eda renovable, en particular de secado solar de productos agr\u00edcolas y la energ\u00eda fotovoltaica para la electrificaci\u00f3n rural. Ex-Presidente de la Sociedad Peruana de F\u00edsica y de la Asociaci\u00f3n Peruana de Energ\u00eda Solar. CV en\u00a0http:\/\/fc.uni.edu.pe\/mhorn<\/p>\n<\/div><\/div><style type=\"text\/css\">.fusion-body .fusion-builder-column-25{width:33.333333333333% !important;margin-top : 0px;margin-bottom : 20px;}.fusion-builder-column-25 > .fusion-column-wrapper {padding-top : 10px !important;padding-right : 10px !important;margin-right : 5.76%;padding-bottom : 10px !important;padding-left : 10px !important;margin-left : 5.76%;}@media only screen and (max-width:1024px) {.fusion-body .fusion-builder-column-25{width:33.333333333333% !important;order : 0;}.fusion-builder-column-25 > .fusion-column-wrapper {margin-right : 5.76%;margin-left : 5.76%;}}@media only screen and (max-width:640px) {.fusion-body .fusion-builder-column-25{width:100% !important;order : 0;}.fusion-builder-column-25 > .fusion-column-wrapper {margin-right : 1.92%;margin-left : 1.92%;}}<\/style><\/div><div class=\"fusion-layout-column fusion_builder_column fusion-builder-column-26 fusion_builder_column_1_1 1_1 fusion-flex-column\"><div class=\"fusion-column-wrapper fusion-flex-justify-content-flex-start fusion-content-layout-column\" style=\"background-position:left top;background-repeat:no-repeat;-webkit-background-size:cover;-moz-background-size:cover;-o-background-size:cover;background-size:cover;padding: 0px 0px 0px 0px;\"><div class=\"fusion-separator fusion-full-width-sep\" style=\"align-self: center;margin-left: auto;margin-right: auto;margin-top:10px;margin-bottom:20px;width:100%;\"><div class=\"fusion-separator-border sep-double\" style=\"border-color:hsla(var(--awb-color5-h),var(--awb-color5-s),var(--awb-color5-l),calc( var(--awb-color5-a) - 97% ));border-top-width:0px;border-bottom-width:0px;\"><\/div><\/div><\/div><style type=\"text\/css\">.fusion-body .fusion-builder-column-26{width:100% !important;margin-top : 0px;margin-bottom : 20px;}.fusion-builder-column-26 > .fusion-column-wrapper {padding-top : 0px !important;padding-right : 0px !important;margin-right : 1.92%;padding-bottom : 0px !important;padding-left : 0px !important;margin-left : 1.92%;}@media only screen and (max-width:1024px) {.fusion-body .fusion-builder-column-26{width:100% !important;order : 0;}.fusion-builder-column-26 > .fusion-column-wrapper {margin-right : 1.92%;margin-left : 1.92%;}}@media only screen and (max-width:640px) {.fusion-body .fusion-builder-column-26{width:100% !important;order : 0;}.fusion-builder-column-26 > .fusion-column-wrapper {margin-right : 1.92%;margin-left : 1.92%;}}<\/style><\/div><\/div><style type=\"text\/css\">.fusion-body .fusion-flex-container.fusion-builder-row-3{ padding-top : 0px;margin-top : 0px;padding-right : 0px;padding-bottom : 0px;margin-bottom : 0px;padding-left : 0px;}<\/style><\/div><div class=\"fusion-fullwidth fullwidth-box fusion-builder-row-4 fusion-flex-container has-pattern-background has-mask-background nonhundred-percent-fullwidth non-hundred-percent-height-scrolling\" style=\"background-color: var(--awb-color6);background-position: center center;background-repeat: no-repeat;border-width: 0px 0px 0px 0px;border-color:hsla(var(--awb-color5-h),var(--awb-color5-s),var(--awb-color5-l),calc( var(--awb-color5-a) - 97% ));border-style:solid;\" ><div class=\"fusion-builder-row fusion-row fusion-flex-align-items-flex-start\" style=\"max-width:1248px;margin-left: calc(-4% \/ 2 );margin-right: calc(-4% \/ 2 );\"><div class=\"fusion-layout-column fusion_builder_column fusion-builder-column-27 fusion_builder_column_1_1 1_1 fusion-flex-column\"><div class=\"fusion-column-wrapper fusion-flex-justify-content-flex-start fusion-content-layout-column\" style=\"background-position:left top;background-repeat:no-repeat;-webkit-background-size:cover;-moz-background-size:cover;-o-background-size:cover;background-size:cover;padding: 0px 0px 0px 0px;\"><div class=\"fusion-separator fusion-full-width-sep\" style=\"align-self: center;margin-left: auto;margin-right: auto;margin-top:10px;margin-bottom:20px;width:100%;\"><div class=\"fusion-separator-border sep-double\" style=\"border-color:hsla(var(--awb-color5-h),var(--awb-color5-s),var(--awb-color5-l),calc( var(--awb-color5-a) - 97% ));border-top-width:0px;border-bottom-width:0px;\"><\/div><\/div><style type=\"text\/css\">@media only screen and (max-width:1024px) {.fusion-title.fusion-title-25{margin-top:10px!important; margin-right:0px!important;margin-bottom:15px!important;margin-left:0px!important;}}@media only screen and (max-width:640px) {.fusion-title.fusion-title-25{margin-top:10px!important; margin-right:0px!important;margin-bottom:10px!important; margin-left:0px!important;}}<\/style><div class=\"fusion-title title fusion-title-25 fusion-sep-none fusion-title-center fusion-title-text fusion-title-size-two\" style=\"margin-top:10px;margin-right:0px;margin-bottom:15px;margin-left:0px;\"><h2 class=\"title-heading-center fusion-responsive-typography-calculated\" style=\"margin:0;color:var(--awb-color4);--fontSize:40;line-height:var(--awb-typography1-line-height);\"><p style=\"text-align: center;\">Consejo Directivo 2012-2015<\/p><\/h2><\/div><\/div><style type=\"text\/css\">.fusion-body .fusion-builder-column-27{width:100% !important;margin-top : 0px;margin-bottom : 20px;}.fusion-builder-column-27 > .fusion-column-wrapper {padding-top : 0px !important;padding-right : 0px !important;margin-right : 1.92%;padding-bottom : 0px !important;padding-left : 0px !important;margin-left : 1.92%;}@media only screen and (max-width:1024px) {.fusion-body .fusion-builder-column-27{width:100% !important;order : 0;}.fusion-builder-column-27 > .fusion-column-wrapper {margin-right : 1.92%;margin-left : 1.92%;}}@media only screen and (max-width:640px) {.fusion-body .fusion-builder-column-27{width:100% !important;order : 0;}.fusion-builder-column-27 > .fusion-column-wrapper {margin-right : 1.92%;margin-left : 1.92%;}}<\/style><\/div><div class=\"fusion-layout-column fusion_builder_column fusion-builder-column-28 fusion_builder_column_1_3 1_3 fusion-flex-column fusion-flex-align-self-flex-start\"><div class=\"fusion-column-wrapper fusion-flex-justify-content-flex-start fusion-content-layout-column\" style=\"background-position:left top;background-repeat:no-repeat;-webkit-background-size:cover;-moz-background-size:cover;-o-background-size:cover;background-size:cover;border-radius:10px 10px 10px 10px;background-color:var(--awb-color5);border-radius:10px 10px 10px 10px;overflow:hidden;padding: 10px 10px 10px 10px;\"><div style=\"text-align:center;\"><span class=\" fusion-imageframe imageframe-none imageframe-22 hover-type-none\" style=\"border-radius:50%;\"><img decoding=\"async\" width=\"224\" height=\"224\" title=\"image 41\" src=\"https:\/\/ancperu.org\/ancperu\/wp-content\/uploads\/2022\/09\/image-41.png\" data-orig-src=\"https:\/\/ancperu.org\/ancperu\/wp-content\/uploads\/2022\/09\/image-41.png\" alt class=\"lazyload img-responsive wp-image-1397\" srcset=\"data:image\/svg+xml,%3Csvg%20xmlns%3D%27http%3A%2F%2Fwww.w3.org%2F2000%2Fsvg%27%20width%3D%27224%27%20height%3D%27224%27%20viewBox%3D%270%200%20224%20224%27%3E%3Crect%20width%3D%27224%27%20height%3D%27224%27%20fill-opacity%3D%220%22%2F%3E%3C%2Fsvg%3E\" data-srcset=\"https:\/\/ancperu.org\/ancperu\/wp-content\/uploads\/2022\/09\/image-41-200x200.png 200w, https:\/\/ancperu.org\/ancperu\/wp-content\/uploads\/2022\/09\/image-41.png 224w\" data-sizes=\"auto\" data-orig-sizes=\"(max-width: 640px) 100vw, 224px\" \/><\/span><\/div><style type=\"text\/css\">@media only screen and (max-width:1024px) {.fusion-title.fusion-title-26{margin-top:10px!important; margin-right:0px!important;margin-bottom:15px!important;margin-left:0px!important;}}@media only screen and (max-width:640px) {.fusion-title.fusion-title-26{margin-top:10px!important; margin-right:0px!important;margin-bottom:10px!important; margin-left:0px!important;}}<\/style><div class=\"fusion-title title fusion-title-26 fusion-sep-none fusion-title-center fusion-title-text fusion-title-size-two\" style=\"font-size:21px;margin-top:10px;margin-right:0px;margin-bottom:15px;margin-left:0px;\"><h2 class=\"title-heading-center fusion-responsive-typography-calculated\" style=\"margin:0;font-size:1em;color:var(--awb-color1);--fontSize:21;--minFontSize:21px;line-height:var(--awb-typography1-line-height);\"><p style=\"text-align: center;\">Dr. Ronald Woodman<\/p><\/h2><\/div><div class=\"fusion-text fusion-text-44\" style=\"text-align:left;font-size:14px;color:var(--awb-color1);\"><p style=\"text-align: center;\"><strong>PRESIDENTE<\/strong><\/p>\n<\/div><div class=\"fusion-text fusion-text-45\" style=\"text-align:left;font-size:14px;color:var(--awb-color1);\"><p style=\"text-align: left;\">Presidente Ejecutivo del Instituto Geof\u00edsico del Per\u00fa. Recibi\u00f3 su titulo de Doctorado (PhD.) en F\u00edsica Aplicada de la Universidad de Harvard en 1967 y el de Ingeniero Mec\u00e1nico y Electricista de la UNI \u00a0en 1955. Ostenta los siguientes reconocimientos: Appleton Prize otorgado por el Royal Society of London,1999; Premio Nacional de Cultura: Ciencias Naturales y Matem\u00e1ticas, Per\u00fa, 1976; Premio Nacional a la Innovaci\u00f3n 1993, COSAPI\/ Universidad del Pac\u00edfico; Condecoraci\u00f3n \u00abOrden Cruz Peruana al M\u00e9rito Naval\u00bb, en el Grado de \u00abCaballero\u00bb &#8211; Distintivo Blanco, Marina de Guerra del Per\u00fa, 1994; Condecoraci\u00f3n \u00abMedalla al M\u00e9rito Jorge Ch\u00e1vez Dartnell\u00bb, Fuerza A\u00e9rea del Per\u00fa, 1982; Doctor Honoris Causa, Universidad Ricardo Palma, 19 de noviembre de 1999; Doctor Honoris Causa, Universidad de Piura, Setiembre 9, 1994;\u00a0 Doctor Honoris Causa por la Universidad Nacional de Ingenier\u00eda, 2010.<\/p>\n<\/div><\/div><style type=\"text\/css\">.fusion-body .fusion-builder-column-28{width:33.333333333333% !important;margin-top : 0px;margin-bottom : 20px;}.fusion-builder-column-28 > .fusion-column-wrapper {padding-top : 10px !important;padding-right : 10px !important;margin-right : 5.76%;padding-bottom : 10px !important;padding-left : 10px !important;margin-left : 5.76%;}@media only screen and (max-width:1024px) {.fusion-body .fusion-builder-column-28{width:33.333333333333% !important;order : 0;}.fusion-builder-column-28 > .fusion-column-wrapper {margin-right : 5.76%;margin-left : 5.76%;}}@media only screen and (max-width:640px) {.fusion-body .fusion-builder-column-28{width:100% !important;order : 0;}.fusion-builder-column-28 > .fusion-column-wrapper {margin-right : 1.92%;margin-left : 1.92%;}}<\/style><\/div><div class=\"fusion-layout-column fusion_builder_column fusion-builder-column-29 fusion_builder_column_1_3 1_3 fusion-flex-column fusion-flex-align-self-flex-start\"><div class=\"fusion-column-wrapper fusion-flex-justify-content-flex-start fusion-content-layout-column\" style=\"background-position:left top;background-repeat:no-repeat;-webkit-background-size:cover;-moz-background-size:cover;-o-background-size:cover;background-size:cover;border-radius:10px 10px 10px 10px;background-color:var(--awb-color5);border-radius:10px 10px 10px 10px;overflow:hidden;padding: 10px 10px 10px 10px;\"><div style=\"text-align:center;\"><span class=\" fusion-imageframe imageframe-none imageframe-23 hover-type-none\" style=\"border-radius:50%;\"><img decoding=\"async\" width=\"224\" height=\"224\" title=\"image 36\" src=\"https:\/\/ancperu.org\/ancperu\/wp-content\/uploads\/2022\/09\/image-36.png\" data-orig-src=\"https:\/\/ancperu.org\/ancperu\/wp-content\/uploads\/2022\/09\/image-36.png\" alt class=\"lazyload img-responsive wp-image-1391\" srcset=\"data:image\/svg+xml,%3Csvg%20xmlns%3D%27http%3A%2F%2Fwww.w3.org%2F2000%2Fsvg%27%20width%3D%27224%27%20height%3D%27224%27%20viewBox%3D%270%200%20224%20224%27%3E%3Crect%20width%3D%27224%27%20height%3D%27224%27%20fill-opacity%3D%220%22%2F%3E%3C%2Fsvg%3E\" data-srcset=\"https:\/\/ancperu.org\/ancperu\/wp-content\/uploads\/2022\/09\/image-36-200x200.png 200w, https:\/\/ancperu.org\/ancperu\/wp-content\/uploads\/2022\/09\/image-36.png 224w\" data-sizes=\"auto\" data-orig-sizes=\"(max-width: 640px) 100vw, 224px\" \/><\/span><\/div><style type=\"text\/css\">@media only screen and (max-width:1024px) {.fusion-title.fusion-title-27{margin-top:10px!important; margin-right:0px!important;margin-bottom:15px!important;margin-left:0px!important;}}@media only screen and (max-width:640px) {.fusion-title.fusion-title-27{margin-top:10px!important; margin-right:0px!important;margin-bottom:10px!important; margin-left:0px!important;}}<\/style><div class=\"fusion-title title fusion-title-27 fusion-sep-none fusion-title-center fusion-title-text fusion-title-size-two\" style=\"font-size:21px;margin-top:10px;margin-right:0px;margin-bottom:15px;margin-left:0px;\"><h2 class=\"title-heading-center fusion-responsive-typography-calculated\" style=\"margin:0;font-size:1em;color:var(--awb-color1);--fontSize:21;--minFontSize:21px;line-height:var(--awb-typography1-line-height);\"><p style=\"text-align: center;\">Dr. Abraham Vaisberg<\/p><\/h2><\/div><div class=\"fusion-text fusion-text-46\" style=\"text-align:left;font-size:14px;color:var(--awb-color1);\"><p style=\"text-align: center;\"><strong>VICEPRESIDENTE<\/strong><\/p>\n<\/div><div class=\"fusion-text fusion-text-47\" style=\"text-align:left;font-size:14px;color:var(--awb-color1);\"><p style=\"text-align: left;\">Ha sido cuatro veces Decano de la Facultad de Ciencias y Filosof\u00eda de la Universidad Peruana Cayetano Heredia. Actualmente es Director y Ep\u00f3nimo de los Laboratorios de Investigaci\u00f3n y Desarrollo (LID) de la Facultad de Ciencias y Filosof\u00eda de la Universidad Peruana Cayetano Heredia, centro de alto nivel de desarrollo en las ciencias biol\u00f3gicas. Su actividad cient\u00edfica la desarrolla en el estudio de plantas medicinales. Profesor principal del Departamento de Microbiolog\u00eda de la Facultad de Ciencias y Filosof\u00eda de esa Universidad; bachiller en ciencias por la UPCH, Ph.D. en Biolog\u00eda por la Universidad de Brandeis (Massachussets, USA); representante del Per\u00fa (Gobernador) en el International Center for Genetic Engineering and Biotechnology (ICGEB), Trieste.<\/p>\n<\/div><\/div><style type=\"text\/css\">.fusion-body .fusion-builder-column-29{width:33.333333333333% !important;margin-top : 0px;margin-bottom : 20px;}.fusion-builder-column-29 > .fusion-column-wrapper {padding-top : 10px !important;padding-right : 10px !important;margin-right : 5.76%;padding-bottom : 10px !important;padding-left : 10px !important;margin-left : 5.76%;}@media only screen and (max-width:1024px) {.fusion-body .fusion-builder-column-29{width:33.333333333333% !important;order : 0;}.fusion-builder-column-29 > .fusion-column-wrapper {margin-right : 5.76%;margin-left : 5.76%;}}@media only screen and (max-width:640px) {.fusion-body .fusion-builder-column-29{width:100% !important;order : 0;}.fusion-builder-column-29 > .fusion-column-wrapper {margin-right : 1.92%;margin-left : 1.92%;}}<\/style><\/div><div class=\"fusion-layout-column fusion_builder_column fusion-builder-column-30 fusion_builder_column_1_3 1_3 fusion-flex-column fusion-flex-align-self-flex-start\"><div class=\"fusion-column-wrapper fusion-flex-justify-content-flex-start fusion-content-layout-column\" style=\"background-position:left top;background-repeat:no-repeat;-webkit-background-size:cover;-moz-background-size:cover;-o-background-size:cover;background-size:cover;border-radius:10px 10px 10px 10px;background-color:var(--awb-color5);border-radius:10px 10px 10px 10px;overflow:hidden;padding: 10px 10px 10px 10px;\"><div style=\"text-align:center;\"><span class=\" fusion-imageframe imageframe-none imageframe-24 hover-type-none\" style=\"border-radius:50%;\"><img decoding=\"async\" width=\"224\" height=\"224\" title=\"Rectangle 8\" src=\"https:\/\/ancperu.org\/ancperu\/wp-content\/uploads\/2022\/09\/Rectangle-8.png\" data-orig-src=\"https:\/\/ancperu.org\/ancperu\/wp-content\/uploads\/2022\/09\/Rectangle-8.png\" alt class=\"lazyload img-responsive wp-image-1370\" srcset=\"data:image\/svg+xml,%3Csvg%20xmlns%3D%27http%3A%2F%2Fwww.w3.org%2F2000%2Fsvg%27%20width%3D%27224%27%20height%3D%27224%27%20viewBox%3D%270%200%20224%20224%27%3E%3Crect%20width%3D%27224%27%20height%3D%27224%27%20fill-opacity%3D%220%22%2F%3E%3C%2Fsvg%3E\" data-srcset=\"https:\/\/ancperu.org\/ancperu\/wp-content\/uploads\/2022\/09\/Rectangle-8-200x200.png 200w, https:\/\/ancperu.org\/ancperu\/wp-content\/uploads\/2022\/09\/Rectangle-8.png 224w\" data-sizes=\"auto\" data-orig-sizes=\"(max-width: 640px) 100vw, 224px\" \/><\/span><\/div><style type=\"text\/css\">@media only screen and (max-width:1024px) {.fusion-title.fusion-title-28{margin-top:10px!important; margin-right:0px!important;margin-bottom:15px!important;margin-left:0px!important;}}@media only screen and (max-width:640px) {.fusion-title.fusion-title-28{margin-top:10px!important; margin-right:0px!important;margin-bottom:10px!important; margin-left:0px!important;}}<\/style><div class=\"fusion-title title fusion-title-28 fusion-sep-none fusion-title-center fusion-title-text fusion-title-size-two\" style=\"font-size:21px;margin-top:10px;margin-right:0px;margin-bottom:15px;margin-left:0px;\"><h2 class=\"title-heading-center fusion-responsive-typography-calculated\" style=\"margin:0;font-size:1em;color:var(--awb-color1);--fontSize:21;--minFontSize:21px;line-height:var(--awb-typography1-line-height);\"><p style=\"text-align: center;\">Dr. Gustavo Gonzales<\/p><\/h2><\/div><div class=\"fusion-text fusion-text-48\" style=\"text-align:left;font-size:14px;color:var(--awb-color1);\"><p style=\"text-align: center;\"><strong>SECRETARIO<\/strong><\/p>\n<\/div><div class=\"fusion-text fusion-text-49\" style=\"text-align:left;font-size:14px;color:var(--awb-color1);\"><p style=\"text-align: left;\">Bi\u00f3logo y m\u00e9dico endocrin\u00f3logo, doctor en Medicina, y doctor en Ciencias, ambos por la Universidad Peruana Cayetano Heredia; profesor principal del Dpto. de Ciencias Biol\u00f3gicas y Fisiol\u00f3gicas, Facultad de Ciencias y Filosof\u00eda UPCH, de la cual ha sido Decano en una oportunidad; y Director del Instituto de Investigaciones de la Altura de la Universidad Peruana Cayetano Heredia en seis oportunidades. Obtuvo el premio Campod\u00f3nico en el 2002 por su contribuci\u00f3n cient\u00edfica basada en los estudios sobre adaptaci\u00f3n y desadaptaci\u00f3n de la altura aplicados a la mejora de la salud de la poblaci\u00f3n andina del Per\u00fa, especialmente al binomio madre\u2013ni\u00f1o.<\/p>\n<\/div><\/div><style type=\"text\/css\">.fusion-body .fusion-builder-column-30{width:33.333333333333% !important;margin-top : 0px;margin-bottom : 20px;}.fusion-builder-column-30 > .fusion-column-wrapper {padding-top : 10px !important;padding-right : 10px !important;margin-right : 5.76%;padding-bottom : 10px !important;padding-left : 10px !important;margin-left : 5.76%;}@media only screen and (max-width:1024px) {.fusion-body .fusion-builder-column-30{width:33.333333333333% !important;order : 0;}.fusion-builder-column-30 > .fusion-column-wrapper {margin-right : 5.76%;margin-left : 5.76%;}}@media only screen and (max-width:640px) {.fusion-body .fusion-builder-column-30{width:100% !important;order : 0;}.fusion-builder-column-30 > .fusion-column-wrapper {margin-right : 1.92%;margin-left : 1.92%;}}<\/style><\/div><div class=\"fusion-layout-column fusion_builder_column fusion-builder-column-31 fusion_builder_column_1_3 1_3 fusion-flex-column fusion-flex-align-self-flex-start\"><div class=\"fusion-column-wrapper fusion-flex-justify-content-flex-start fusion-content-layout-column\" style=\"background-position:left top;background-repeat:no-repeat;-webkit-background-size:cover;-moz-background-size:cover;-o-background-size:cover;background-size:cover;border-radius:10px 10px 10px 10px;background-color:var(--awb-color5);border-radius:10px 10px 10px 10px;overflow:hidden;padding: 10px 10px 10px 10px;\"><div style=\"text-align:center;\"><span class=\" fusion-imageframe imageframe-none imageframe-25 hover-type-none\" style=\"border-radius:50%;\"><img decoding=\"async\" width=\"224\" height=\"224\" title=\"image 42\" src=\"https:\/\/ancperu.org\/ancperu\/wp-content\/uploads\/2022\/09\/image-42.png\" data-orig-src=\"https:\/\/ancperu.org\/ancperu\/wp-content\/uploads\/2022\/09\/image-42.png\" alt class=\"lazyload img-responsive wp-image-1396\" srcset=\"data:image\/svg+xml,%3Csvg%20xmlns%3D%27http%3A%2F%2Fwww.w3.org%2F2000%2Fsvg%27%20width%3D%27224%27%20height%3D%27224%27%20viewBox%3D%270%200%20224%20224%27%3E%3Crect%20width%3D%27224%27%20height%3D%27224%27%20fill-opacity%3D%220%22%2F%3E%3C%2Fsvg%3E\" data-srcset=\"https:\/\/ancperu.org\/ancperu\/wp-content\/uploads\/2022\/09\/image-42-200x200.png 200w, https:\/\/ancperu.org\/ancperu\/wp-content\/uploads\/2022\/09\/image-42.png 224w\" data-sizes=\"auto\" data-orig-sizes=\"(max-width: 640px) 100vw, 224px\" \/><\/span><\/div><style type=\"text\/css\">@media only screen and (max-width:1024px) {.fusion-title.fusion-title-29{margin-top:10px!important; margin-right:0px!important;margin-bottom:15px!important;margin-left:0px!important;}}@media only screen and (max-width:640px) {.fusion-title.fusion-title-29{margin-top:10px!important; margin-right:0px!important;margin-bottom:10px!important; margin-left:0px!important;}}<\/style><div class=\"fusion-title title fusion-title-29 fusion-sep-none fusion-title-center fusion-title-text fusion-title-size-two\" style=\"font-size:21px;margin-top:10px;margin-right:0px;margin-bottom:15px;margin-left:0px;\"><h2 class=\"title-heading-center fusion-responsive-typography-calculated\" style=\"margin:0;font-size:1em;color:var(--awb-color1);--fontSize:21;--minFontSize:21px;line-height:var(--awb-typography1-line-height);\"><p style=\"text-align: center;\">Dra. Nicole Bernex<\/p><\/h2><\/div><div class=\"fusion-text fusion-text-50\" style=\"text-align:left;font-size:14px;color:var(--awb-color1);\"><p style=\"text-align: center;\"><strong>TESORERA<\/strong><\/p>\n<\/div><div class=\"fusion-text fusion-text-51\" style=\"text-align:left;font-size:14px;color:var(--awb-color1);\"><p style=\"text-align: left;\">Doctora en Geograf\u00eda por la Universidad de Paul Val\u00e9ry de Montpellier (Francia). Especialidad: Acondicionamiento del territorio y urbanismo. Directora Acad\u00e9mica del Centro de Investigaci\u00f3n en Geograf\u00eda Aplicada de la Pontificia Universidad Cat\u00f3lica del Per\u00fa;\u00a0 profesora principal del Dpto. de Humanidades, Secci\u00f3n Geograf\u00eda de la PUCP. Pertenece a varias instituciones cient\u00edficas nacionales e internacionales y ha recibido varias distinciones; actualmente es Presidenta Honoraria de la Asociaci\u00f3n Mundial de Agua-Per\u00fa; Vice-Presidenta de la Sociedad Geogr\u00e1fica de Lima y Editora de la Revista del Instituto Panamericano de Geograf\u00eda e Historia (IPGH).<\/p>\n<\/div><\/div><style type=\"text\/css\">.fusion-body .fusion-builder-column-31{width:33.333333333333% !important;margin-top : 0px;margin-bottom : 20px;}.fusion-builder-column-31 > .fusion-column-wrapper {padding-top : 10px !important;padding-right : 10px !important;margin-right : 5.76%;padding-bottom : 10px !important;padding-left : 10px !important;margin-left : 5.76%;}@media only screen and (max-width:1024px) {.fusion-body .fusion-builder-column-31{width:33.333333333333% !important;order : 0;}.fusion-builder-column-31 > .fusion-column-wrapper {margin-right : 5.76%;margin-left : 5.76%;}}@media only screen and (max-width:640px) {.fusion-body .fusion-builder-column-31{width:100% !important;order : 0;}.fusion-builder-column-31 > .fusion-column-wrapper {margin-right : 1.92%;margin-left : 1.92%;}}<\/style><\/div><div class=\"fusion-layout-column fusion_builder_column fusion-builder-column-32 fusion_builder_column_1_3 1_3 fusion-flex-column fusion-flex-align-self-flex-start\"><div class=\"fusion-column-wrapper fusion-flex-justify-content-flex-start fusion-content-layout-column\" style=\"background-position:left top;background-repeat:no-repeat;-webkit-background-size:cover;-moz-background-size:cover;-o-background-size:cover;background-size:cover;border-radius:10px 10px 10px 10px;background-color:var(--awb-color5);border-radius:10px 10px 10px 10px;overflow:hidden;padding: 10px 10px 10px 10px;\"><div style=\"text-align:center;\"><span class=\" fusion-imageframe imageframe-none imageframe-26 hover-type-none\" style=\"border-radius:50%;\"><img decoding=\"async\" width=\"224\" height=\"224\" title=\"image 40\" src=\"https:\/\/ancperu.org\/ancperu\/wp-content\/uploads\/2022\/09\/image-40.png\" data-orig-src=\"https:\/\/ancperu.org\/ancperu\/wp-content\/uploads\/2022\/09\/image-40.png\" alt class=\"lazyload img-responsive wp-image-1387\" srcset=\"data:image\/svg+xml,%3Csvg%20xmlns%3D%27http%3A%2F%2Fwww.w3.org%2F2000%2Fsvg%27%20width%3D%27224%27%20height%3D%27224%27%20viewBox%3D%270%200%20224%20224%27%3E%3Crect%20width%3D%27224%27%20height%3D%27224%27%20fill-opacity%3D%220%22%2F%3E%3C%2Fsvg%3E\" data-srcset=\"https:\/\/ancperu.org\/ancperu\/wp-content\/uploads\/2022\/09\/image-40-200x200.png 200w, https:\/\/ancperu.org\/ancperu\/wp-content\/uploads\/2022\/09\/image-40.png 224w\" data-sizes=\"auto\" data-orig-sizes=\"(max-width: 640px) 100vw, 224px\" \/><\/span><\/div><style type=\"text\/css\">@media only screen and (max-width:1024px) {.fusion-title.fusion-title-30{margin-top:10px!important; margin-right:0px!important;margin-bottom:15px!important;margin-left:0px!important;}}@media only screen and (max-width:640px) {.fusion-title.fusion-title-30{margin-top:10px!important; margin-right:0px!important;margin-bottom:10px!important; margin-left:0px!important;}}<\/style><div class=\"fusion-title title fusion-title-30 fusion-sep-none fusion-title-center fusion-title-text fusion-title-size-two\" style=\"font-size:21px;margin-top:10px;margin-right:0px;margin-bottom:15px;margin-left:0px;\"><h2 class=\"title-heading-center fusion-responsive-typography-calculated\" style=\"margin:0;font-size:1em;color:var(--awb-color1);--fontSize:21;--minFontSize:21px;line-height:var(--awb-typography1-line-height);\"><p style=\"text-align: center;\">Dr. Manfred Horn<\/p><\/h2><\/div><div class=\"fusion-text fusion-text-52\" style=\"text-align:left;font-size:14px;color:var(--awb-color1);\"><p style=\"text-align: center;\"><strong>VOCAL<\/strong><\/p>\n<\/div><div class=\"fusion-text fusion-text-53\" style=\"text-align:left;font-size:14px;color:var(--awb-color1);\"><p>F\u00edsico, graduado (\u201cDiplomphysiker\u201d) de la Universidad de Munich \u00a0y postgraduado (Ph.D.) de la Universidad de Columbia Brit\u00e1nica, Vancouver. Profesor Principal y ex Decano de la Facultad de Ciencias de la Universidad Nacional de Ingenier\u00eda, Lima; Actividades de investigaci\u00f3n en f\u00edsica del estado s\u00f3lido y materiales para la conversi\u00f3n de energ\u00eda solar; Desarrollo y transferencia de tecnolog\u00edas de energ\u00eda renovable, en particular de secado solar de productos agr\u00edcolas y la energ\u00eda fotovoltaica para la electrificaci\u00f3n rural. Ex-Presidente de la Sociedad Peruana de F\u00edsica y de la Asociaci\u00f3n Peruana de Energ\u00eda Solar. CV en\u00a0http:\/\/fc.uni.edu.pe\/mhorn<\/p>\n<\/div><\/div><style type=\"text\/css\">.fusion-body .fusion-builder-column-32{width:33.333333333333% !important;margin-top : 0px;margin-bottom : 20px;}.fusion-builder-column-32 > .fusion-column-wrapper {padding-top : 10px !important;padding-right : 10px !important;margin-right : 5.76%;padding-bottom : 10px !important;padding-left : 10px !important;margin-left : 5.76%;}@media only screen and (max-width:1024px) {.fusion-body .fusion-builder-column-32{width:33.333333333333% !important;order : 0;}.fusion-builder-column-32 > .fusion-column-wrapper {margin-right : 5.76%;margin-left : 5.76%;}}@media only screen and (max-width:640px) {.fusion-body .fusion-builder-column-32{width:100% !important;order : 0;}.fusion-builder-column-32 > .fusion-column-wrapper {margin-right : 1.92%;margin-left : 1.92%;}}<\/style><\/div><div class=\"fusion-layout-column fusion_builder_column fusion-builder-column-33 fusion_builder_column_1_3 1_3 fusion-flex-column fusion-flex-align-self-flex-start\"><div class=\"fusion-column-wrapper fusion-flex-justify-content-flex-start fusion-content-layout-column\" style=\"background-position:left top;background-repeat:no-repeat;-webkit-background-size:cover;-moz-background-size:cover;-o-background-size:cover;background-size:cover;border-radius:10px 10px 10px 10px;background-color:var(--awb-color5);border-radius:10px 10px 10px 10px;overflow:hidden;padding: 10px 10px 10px 10px;\"><div style=\"text-align:center;\"><span class=\" fusion-imageframe imageframe-none imageframe-27 hover-type-none\" style=\"border-radius:50%;\"><img decoding=\"async\" width=\"224\" height=\"224\" title=\"image 39\" src=\"https:\/\/ancperu.org\/ancperu\/wp-content\/uploads\/2022\/09\/image-39.png\" data-orig-src=\"https:\/\/ancperu.org\/ancperu\/wp-content\/uploads\/2022\/09\/image-39.png\" alt class=\"lazyload img-responsive wp-image-1388\" srcset=\"data:image\/svg+xml,%3Csvg%20xmlns%3D%27http%3A%2F%2Fwww.w3.org%2F2000%2Fsvg%27%20width%3D%27224%27%20height%3D%27224%27%20viewBox%3D%270%200%20224%20224%27%3E%3Crect%20width%3D%27224%27%20height%3D%27224%27%20fill-opacity%3D%220%22%2F%3E%3C%2Fsvg%3E\" data-srcset=\"https:\/\/ancperu.org\/ancperu\/wp-content\/uploads\/2022\/09\/image-39-200x200.png 200w, https:\/\/ancperu.org\/ancperu\/wp-content\/uploads\/2022\/09\/image-39.png 224w\" data-sizes=\"auto\" data-orig-sizes=\"(max-width: 640px) 100vw, 224px\" \/><\/span><\/div><style type=\"text\/css\">@media only screen and (max-width:1024px) {.fusion-title.fusion-title-31{margin-top:10px!important; margin-right:0px!important;margin-bottom:15px!important;margin-left:0px!important;}}@media only screen and (max-width:640px) {.fusion-title.fusion-title-31{margin-top:10px!important; margin-right:0px!important;margin-bottom:10px!important; margin-left:0px!important;}}<\/style><div class=\"fusion-title title fusion-title-31 fusion-sep-none fusion-title-center fusion-title-text fusion-title-size-two\" style=\"font-size:21px;margin-top:10px;margin-right:0px;margin-bottom:15px;margin-left:0px;\"><h2 class=\"title-heading-center fusion-responsive-typography-calculated\" style=\"margin:0;font-size:1em;color:var(--awb-color1);--fontSize:21;--minFontSize:21px;line-height:var(--awb-typography1-line-height);\"><p style=\"text-align: center;\">Dr. Christian Valqui<\/p><\/h2><\/div><div class=\"fusion-text fusion-text-54\" style=\"text-align:left;font-size:14px;color:var(--awb-color1);\"><p style=\"text-align: center;\"><strong>VOCAL<\/strong><\/p>\n<\/div><div class=\"fusion-text fusion-text-55\" style=\"text-align:left;font-size:14px;color:var(--awb-color1);\"><p>Doctor en Matem\u00e1tica por la Universidad de Heidelberg (Alemania). Especialidad: Algebra y Topolog\u00eda. Profesor principal de la PUCP y profesor investigador del Instituto de Matem\u00e1ticas y Ciencias Afines (IMCA-UNI-PUCP). Varias publicaciones cient\u00edficas en revistas nacionales e internacionales. Pertenece a diversas instituciones cient\u00edficas nacionales e internacionales, entre ellas, la Sociedad Matem\u00e1tica Peruana, en la cual fue Presidente. Ha recibido varios premios, en el que destaca el \u201cPremio de Ciencias B\u00e1sicas para investigadores J\u00f3venes 2002\u201d concedido por la Academia de Ciencias del Tercer Mundo (TWAS).<\/p>\n<\/div><\/div><style type=\"text\/css\">.fusion-body .fusion-builder-column-33{width:33.333333333333% !important;margin-top : 0px;margin-bottom : 20px;}.fusion-builder-column-33 > .fusion-column-wrapper {padding-top : 10px !important;padding-right : 10px !important;margin-right : 5.76%;padding-bottom : 10px !important;padding-left : 10px !important;margin-left : 5.76%;}@media only screen and (max-width:1024px) {.fusion-body .fusion-builder-column-33{width:33.333333333333% !important;order : 0;}.fusion-builder-column-33 > .fusion-column-wrapper {margin-right : 5.76%;margin-left : 5.76%;}}@media only screen and (max-width:640px) {.fusion-body .fusion-builder-column-33{width:100% !important;order : 0;}.fusion-builder-column-33 > .fusion-column-wrapper {margin-right : 1.92%;margin-left : 1.92%;}}<\/style><\/div><div class=\"fusion-layout-column fusion_builder_column fusion-builder-column-34 fusion_builder_column_1_3 1_3 fusion-flex-column fusion-flex-align-self-flex-start\"><div class=\"fusion-column-wrapper fusion-flex-justify-content-flex-start fusion-content-layout-column\" style=\"background-position:left top;background-repeat:no-repeat;-webkit-background-size:cover;-moz-background-size:cover;-o-background-size:cover;background-size:cover;border-radius:10px 10px 10px 10px;background-color:var(--awb-color5);border-radius:10px 10px 10px 10px;overflow:hidden;padding: 10px 10px 10px 10px;\"><div style=\"text-align:center;\"><span class=\" fusion-imageframe imageframe-none imageframe-28 hover-type-none\" style=\"border-radius:50%;\"><img decoding=\"async\" width=\"224\" height=\"224\" title=\"image 43\" src=\"https:\/\/ancperu.org\/ancperu\/wp-content\/uploads\/2022\/09\/image-43.png\" data-orig-src=\"https:\/\/ancperu.org\/ancperu\/wp-content\/uploads\/2022\/09\/image-43.png\" alt class=\"lazyload img-responsive wp-image-1395\" srcset=\"data:image\/svg+xml,%3Csvg%20xmlns%3D%27http%3A%2F%2Fwww.w3.org%2F2000%2Fsvg%27%20width%3D%27224%27%20height%3D%27224%27%20viewBox%3D%270%200%20224%20224%27%3E%3Crect%20width%3D%27224%27%20height%3D%27224%27%20fill-opacity%3D%220%22%2F%3E%3C%2Fsvg%3E\" data-srcset=\"https:\/\/ancperu.org\/ancperu\/wp-content\/uploads\/2022\/09\/image-43-200x200.png 200w, https:\/\/ancperu.org\/ancperu\/wp-content\/uploads\/2022\/09\/image-43.png 224w\" data-sizes=\"auto\" data-orig-sizes=\"(max-width: 640px) 100vw, 224px\" \/><\/span><\/div><style type=\"text\/css\">@media only screen and (max-width:1024px) {.fusion-title.fusion-title-32{margin-top:10px!important; margin-right:0px!important;margin-bottom:15px!important;margin-left:0px!important;}}@media only screen and (max-width:640px) {.fusion-title.fusion-title-32{margin-top:10px!important; margin-right:0px!important;margin-bottom:10px!important; margin-left:0px!important;}}<\/style><div class=\"fusion-title title fusion-title-32 fusion-sep-none fusion-title-center fusion-title-text fusion-title-size-two\" style=\"font-size:21px;margin-top:10px;margin-right:0px;margin-bottom:15px;margin-left:0px;\"><h2 class=\"title-heading-center fusion-responsive-typography-calculated\" style=\"margin:0;font-size:1em;color:var(--awb-color1);--fontSize:21;--minFontSize:21px;line-height:var(--awb-typography1-line-height);\"><p style=\"text-align: center;\">Dr. Jorge Chau<\/p><\/h2><\/div><div class=\"fusion-text fusion-text-56\" style=\"text-align:left;font-size:14px;color:var(--awb-color1);\"><p style=\"text-align: center;\"><strong>VOCAL<\/strong><\/p>\n<\/div><div class=\"fusion-text fusion-text-57\" style=\"text-align:left;font-size:14px;color:var(--awb-color1);\"><p>Doctorado en Ingenier\u00eda El\u00e9ctrica y Computaci\u00f3n en la Universidad de Colorado, Boulder. EE.UU. Director General del Radio Observatorio de Jicamarca, Instituto Geof\u00edsico del Per\u00fa; profesor a tiempo parcial de la Maestr\u00eda de F\u00edsica Aplicada, Pontificia Universidad Cat\u00f3lica del Per\u00fa. Ha recibido los Premios: \u00c1tomo de Oro del Instituto Peruano de Energ\u00eda Nuclear (Lima 2006), Joven Cient\u00edfico (Brasilia 2005), \u201cInvestigador Joven\u201d de la Uni\u00f3n de Radio Cient\u00edficos Internacional (URSI) (Maastricht-Holanda, 2002) y (Toronto-Canad\u00e1 1999).<\/p>\n<\/div><\/div><style type=\"text\/css\">.fusion-body .fusion-builder-column-34{width:33.333333333333% !important;margin-top : 0px;margin-bottom : 20px;}.fusion-builder-column-34 > .fusion-column-wrapper {padding-top : 10px !important;padding-right : 10px !important;margin-right : 5.76%;padding-bottom : 10px !important;padding-left : 10px !important;margin-left : 5.76%;}@media only screen and (max-width:1024px) {.fusion-body .fusion-builder-column-34{width:33.333333333333% !important;order : 0;}.fusion-builder-column-34 > .fusion-column-wrapper {margin-right : 5.76%;margin-left : 5.76%;}}@media only screen and (max-width:640px) {.fusion-body .fusion-builder-column-34{width:100% !important;order : 0;}.fusion-builder-column-34 > .fusion-column-wrapper {margin-right : 1.92%;margin-left : 1.92%;}}<\/style><\/div><div class=\"fusion-layout-column fusion_builder_column fusion-builder-column-35 fusion_builder_column_1_1 1_1 fusion-flex-column\"><div class=\"fusion-column-wrapper fusion-flex-justify-content-flex-start fusion-content-layout-column\" style=\"background-position:left top;background-repeat:no-repeat;-webkit-background-size:cover;-moz-background-size:cover;-o-background-size:cover;background-size:cover;padding: 0px 0px 0px 0px;\"><div class=\"fusion-separator fusion-full-width-sep\" style=\"align-self: center;margin-left: auto;margin-right: auto;margin-top:10px;margin-bottom:20px;width:100%;\"><div class=\"fusion-separator-border sep-double\" style=\"border-color:hsla(var(--awb-color5-h),var(--awb-color5-s),var(--awb-color5-l),calc( var(--awb-color5-a) - 97% ));border-top-width:0px;border-bottom-width:0px;\"><\/div><\/div><\/div><style type=\"text\/css\">.fusion-body .fusion-builder-column-35{width:100% !important;margin-top : 0px;margin-bottom : 20px;}.fusion-builder-column-35 > .fusion-column-wrapper {padding-top : 0px !important;padding-right : 0px !important;margin-right : 1.92%;padding-bottom : 0px !important;padding-left : 0px !important;margin-left : 1.92%;}@media only screen and (max-width:1024px) {.fusion-body .fusion-builder-column-35{width:100% !important;order : 0;}.fusion-builder-column-35 > .fusion-column-wrapper {margin-right : 1.92%;margin-left : 1.92%;}}@media only screen and (max-width:640px) {.fusion-body .fusion-builder-column-35{width:100% !important;order : 0;}.fusion-builder-column-35 > .fusion-column-wrapper {margin-right : 1.92%;margin-left : 1.92%;}}<\/style><\/div><\/div><style type=\"text\/css\">.fusion-body .fusion-flex-container.fusion-builder-row-4{ padding-top : 0px;margin-top : 0px;padding-right : 0px;padding-bottom : 0px;margin-bottom : 0px;padding-left : 0px;}<\/style><\/div><div class=\"fusion-fullwidth fullwidth-box fusion-builder-row-5 fusion-flex-container has-pattern-background has-mask-background nonhundred-percent-fullwidth non-hundred-percent-height-scrolling\" style=\"background-color: var(--awb-color6);background-position: center center;background-repeat: no-repeat;border-width: 0px 0px 0px 0px;border-color:hsla(var(--awb-color5-h),var(--awb-color5-s),var(--awb-color5-l),calc( var(--awb-color5-a) - 97% ));border-style:solid;\" ><div class=\"fusion-builder-row fusion-row fusion-flex-align-items-flex-start\" style=\"max-width:1248px;margin-left: calc(-4% \/ 2 );margin-right: calc(-4% \/ 2 );\"><div class=\"fusion-layout-column fusion_builder_column fusion-builder-column-36 fusion_builder_column_1_1 1_1 fusion-flex-column\"><div class=\"fusion-column-wrapper fusion-flex-justify-content-flex-start fusion-content-layout-column\" style=\"background-position:left top;background-repeat:no-repeat;-webkit-background-size:cover;-moz-background-size:cover;-o-background-size:cover;background-size:cover;padding: 0px 0px 0px 0px;\"><div class=\"fusion-separator fusion-full-width-sep\" style=\"align-self: center;margin-left: auto;margin-right: auto;margin-top:10px;margin-bottom:20px;width:100%;\"><div class=\"fusion-separator-border sep-double\" style=\"border-color:hsla(var(--awb-color5-h),var(--awb-color5-s),var(--awb-color5-l),calc( var(--awb-color5-a) - 97% ));border-top-width:0px;border-bottom-width:0px;\"><\/div><\/div><style type=\"text\/css\">@media only screen and (max-width:1024px) {.fusion-title.fusion-title-33{margin-top:10px!important; margin-right:0px!important;margin-bottom:15px!important;margin-left:0px!important;}}@media only screen and (max-width:640px) {.fusion-title.fusion-title-33{margin-top:10px!important; margin-right:0px!important;margin-bottom:10px!important; margin-left:0px!important;}}<\/style><div class=\"fusion-title title fusion-title-33 fusion-sep-none fusion-title-center fusion-title-text fusion-title-size-two\" style=\"margin-top:10px;margin-right:0px;margin-bottom:15px;margin-left:0px;\"><h2 class=\"title-heading-center fusion-responsive-typography-calculated\" style=\"margin:0;color:var(--awb-color4);--fontSize:40;line-height:var(--awb-typography1-line-height);\"><p style=\"text-align: center;\">Consejo Directivo 2009-2012<\/p><\/h2><\/div><\/div><style type=\"text\/css\">.fusion-body .fusion-builder-column-36{width:100% !important;margin-top : 0px;margin-bottom : 20px;}.fusion-builder-column-36 > .fusion-column-wrapper {padding-top : 0px !important;padding-right : 0px !important;margin-right : 1.92%;padding-bottom : 0px !important;padding-left : 0px !important;margin-left : 1.92%;}@media only screen and (max-width:1024px) {.fusion-body .fusion-builder-column-36{width:100% !important;order : 0;}.fusion-builder-column-36 > .fusion-column-wrapper {margin-right : 1.92%;margin-left : 1.92%;}}@media only screen and (max-width:640px) {.fusion-body .fusion-builder-column-36{width:100% !important;order : 0;}.fusion-builder-column-36 > .fusion-column-wrapper {margin-right : 1.92%;margin-left : 1.92%;}}<\/style><\/div><div class=\"fusion-layout-column fusion_builder_column fusion-builder-column-37 fusion_builder_column_1_3 1_3 fusion-flex-column fusion-flex-align-self-flex-start\"><div class=\"fusion-column-wrapper fusion-flex-justify-content-flex-start fusion-content-layout-column\" style=\"background-position:left top;background-repeat:no-repeat;-webkit-background-size:cover;-moz-background-size:cover;-o-background-size:cover;background-size:cover;border-radius:10px 10px 10px 10px;background-color:var(--awb-color5);border-radius:10px 10px 10px 10px;overflow:hidden;padding: 10px 10px 10px 10px;\"><div style=\"text-align:center;\"><span class=\" fusion-imageframe imageframe-none imageframe-29 hover-type-none\" style=\"border-radius:50%;\"><img decoding=\"async\" width=\"224\" height=\"224\" title=\"Guerra Garci\u0301a\" src=\"https:\/\/ancperu.org\/ancperu\/wp-content\/uploads\/2022\/10\/Guerra-Garci\u0301a.png\" data-orig-src=\"https:\/\/ancperu.org\/ancperu\/wp-content\/uploads\/2022\/10\/Guerra-Garci\u0301a.png\" alt class=\"lazyload img-responsive wp-image-1506\" srcset=\"data:image\/svg+xml,%3Csvg%20xmlns%3D%27http%3A%2F%2Fwww.w3.org%2F2000%2Fsvg%27%20width%3D%27224%27%20height%3D%27224%27%20viewBox%3D%270%200%20224%20224%27%3E%3Crect%20width%3D%27224%27%20height%3D%27224%27%20fill-opacity%3D%220%22%2F%3E%3C%2Fsvg%3E\" data-srcset=\"https:\/\/ancperu.org\/ancperu\/wp-content\/uploads\/2022\/10\/Guerra-Garci\u0301a-200x200.png 200w, https:\/\/ancperu.org\/ancperu\/wp-content\/uploads\/2022\/10\/Guerra-Garci\u0301a.png 224w\" data-sizes=\"auto\" data-orig-sizes=\"(max-width: 640px) 100vw, 224px\" \/><\/span><\/div><style type=\"text\/css\">@media only screen and (max-width:1024px) {.fusion-title.fusion-title-34{margin-top:10px!important; margin-right:0px!important;margin-bottom:15px!important;margin-left:0px!important;}}@media only screen and (max-width:640px) {.fusion-title.fusion-title-34{margin-top:10px!important; margin-right:0px!important;margin-bottom:10px!important; margin-left:0px!important;}}<\/style><div class=\"fusion-title title fusion-title-34 fusion-sep-none fusion-title-center fusion-title-text fusion-title-size-two\" style=\"font-size:21px;margin-top:10px;margin-right:0px;margin-bottom:15px;margin-left:0px;\"><h2 class=\"title-heading-center fusion-responsive-typography-calculated\" style=\"margin:0;font-size:1em;color:var(--awb-color1);--fontSize:21;--minFontSize:21px;line-height:var(--awb-typography1-line-height);\"><p style=\"text-align: center;\">Dr. Roger Guerra Garc\u00eda<\/p><\/h2><\/div><div class=\"fusion-text fusion-text-58\" style=\"text-align:left;font-size:14px;color:var(--awb-color1);\"><p style=\"text-align: center;\"><strong>PRESIDENTE<\/strong><\/p>\n<\/div><div class=\"fusion-text fusion-text-59\" style=\"text-align:left;font-size:14px;color:var(--awb-color1);\"><p><span style=\"font-weight: 400;\">M\u00e9dico. Pionero de los estudios de Endocrinolog\u00eda y Reproducci\u00f3n en grandes alturas. Fue un gran impulsor de la difusi\u00f3n de la ciencia y del reconocimiento a los j\u00f3venes cient\u00edficos. Profesor fundador de la Universidad Peruana Cayetano Heredia, donde fue <\/span><span style=\"font-weight: 400;\">jefe del <\/span><span style=\"font-weight: 400;\">Laboratorio de Endocrinolog\u00eda del Instituto de Investigaciones de la Altura (IIA), director del IIA, director de Planificaci\u00f3n y rector, as\u00ed como profesor em\u00e9rito. Recibi\u00f3 el t\u00edtulo de Doctor Honoris Causa de la Universidad Nacional de Trujillo y de la Universidad Ricardo Palma. Fue el primer presidente del Consejo Nacional de Ciencia y Tecnolog\u00eda, tambi\u00e9n presidi\u00f3 la Comisi\u00f3n Consultiva del Ministerio de Salud, la Sociedad Peruana de Endocrinolog\u00eda, la Academia Nacional de Medicina y la Academia Nacional de Ciencias, as\u00ed como la Asociaci\u00f3n Latinoamericana de Investigadores en Reproducci\u00f3n Humana. Miembro de instituciones como el Consejo Consultivo de la Fundaci\u00f3n Instituto Hip\u00f3lito Unanue y el Consejo Nacional para la Autorizaci\u00f3n y Funcionamiento de las Universidades y consultor de la Biblioteca Regional de Medicina en S\u00e3o Paulo (Brasil). Asimismo, fue Acad\u00e9mico Correspondiente de la Real Academia Nacional de Medicina de Espa\u00f1a y de la Academia Nacional de Medicina de Colombia. Autor de numerosos libros y art\u00edculos <\/span><span style=\"font-weight: 400;\">en revistas especializadas y de divulgaci\u00f3n en diarios y revistas. Recibi\u00f3 la distinci\u00f3n al M\u00e9rito Ordinario y Extraordinario otorgada por el Colegio M\u00e9dico del Per\u00fa. Fue Viceministro de Educaci\u00f3n y congresista de la Rep\u00fablica.<\/span><\/p>\n<\/div><\/div><style type=\"text\/css\">.fusion-body .fusion-builder-column-37{width:33.333333333333% !important;margin-top : 0px;margin-bottom : 20px;}.fusion-builder-column-37 > .fusion-column-wrapper {padding-top : 10px !important;padding-right : 10px !important;margin-right : 5.76%;padding-bottom : 10px !important;padding-left : 10px !important;margin-left : 5.76%;}@media only screen and (max-width:1024px) {.fusion-body .fusion-builder-column-37{width:33.333333333333% !important;order : 0;}.fusion-builder-column-37 > .fusion-column-wrapper {margin-right : 5.76%;margin-left : 5.76%;}}@media only screen and (max-width:640px) {.fusion-body .fusion-builder-column-37{width:100% !important;order : 0;}.fusion-builder-column-37 > .fusion-column-wrapper {margin-right : 1.92%;margin-left : 1.92%;}}<\/style><\/div><div class=\"fusion-layout-column fusion_builder_column fusion-builder-column-38 fusion_builder_column_1_3 1_3 fusion-flex-column fusion-flex-align-self-flex-start\"><div class=\"fusion-column-wrapper fusion-flex-justify-content-flex-start fusion-content-layout-column\" style=\"background-position:left top;background-repeat:no-repeat;-webkit-background-size:cover;-moz-background-size:cover;-o-background-size:cover;background-size:cover;border-radius:10px 10px 10px 10px;background-color:var(--awb-color5);border-radius:10px 10px 10px 10px;overflow:hidden;padding: 10px 10px 10px 10px;\"><div style=\"text-align:center;\"><span class=\" fusion-imageframe imageframe-none imageframe-30 hover-type-none\" style=\"border-radius:50%;\"><img decoding=\"async\" width=\"224\" height=\"224\" title=\"image 41\" src=\"https:\/\/ancperu.org\/ancperu\/wp-content\/uploads\/2022\/09\/image-41.png\" data-orig-src=\"https:\/\/ancperu.org\/ancperu\/wp-content\/uploads\/2022\/09\/image-41.png\" alt class=\"lazyload img-responsive wp-image-1397\" srcset=\"data:image\/svg+xml,%3Csvg%20xmlns%3D%27http%3A%2F%2Fwww.w3.org%2F2000%2Fsvg%27%20width%3D%27224%27%20height%3D%27224%27%20viewBox%3D%270%200%20224%20224%27%3E%3Crect%20width%3D%27224%27%20height%3D%27224%27%20fill-opacity%3D%220%22%2F%3E%3C%2Fsvg%3E\" data-srcset=\"https:\/\/ancperu.org\/ancperu\/wp-content\/uploads\/2022\/09\/image-41-200x200.png 200w, https:\/\/ancperu.org\/ancperu\/wp-content\/uploads\/2022\/09\/image-41.png 224w\" data-sizes=\"auto\" data-orig-sizes=\"(max-width: 640px) 100vw, 224px\" \/><\/span><\/div><style type=\"text\/css\">@media only screen and (max-width:1024px) {.fusion-title.fusion-title-35{margin-top:10px!important; margin-right:0px!important;margin-bottom:15px!important;margin-left:0px!important;}}@media only screen and (max-width:640px) {.fusion-title.fusion-title-35{margin-top:10px!important; margin-right:0px!important;margin-bottom:10px!important; margin-left:0px!important;}}<\/style><div class=\"fusion-title title fusion-title-35 fusion-sep-none fusion-title-center fusion-title-text fusion-title-size-two\" style=\"font-size:21px;margin-top:10px;margin-right:0px;margin-bottom:15px;margin-left:0px;\"><h2 class=\"title-heading-center fusion-responsive-typography-calculated\" style=\"margin:0;font-size:1em;color:var(--awb-color1);--fontSize:21;--minFontSize:21px;line-height:var(--awb-typography1-line-height);\"><p style=\"text-align: center;\">Ronald Woodman Pollitt<\/p><\/h2><\/div><div class=\"fusion-text fusion-text-60\" style=\"text-align:left;font-size:14px;color:var(--awb-color1);\"><p style=\"text-align: center;\"><strong>VICEPRESIDENTE<\/strong><\/p>\n<\/div><div class=\"fusion-text fusion-text-61\" style=\"text-align:left;font-size:14px;color:var(--awb-color1);\"><p style=\"text-align: left;\">Presidente Ejecutivo del Instituto Geof\u00edsico del Per\u00fa. Recibi\u00f3 su titulo de Doctorado (PhD.) en F\u00edsica Aplicada de la Universidad de Harvard en 1967 y el de Ingeniero Mec\u00e1nico y Electricista de la UNI \u00a0en 1955. Ostenta los siguientes reconocimientos: Appleton Prize otorgado por el Royal Society of London,1999; Premio Nacional de Cultura: Ciencias Naturales y Matem\u00e1ticas, Per\u00fa, 1976; Premio Nacional a la Innovaci\u00f3n 1993, COSAPI\/ Universidad del Pac\u00edfico; Condecoraci\u00f3n \u00abOrden Cruz Peruana al M\u00e9rito Naval\u00bb, en el Grado de \u00abCaballero\u00bb &#8211; Distintivo Blanco, Marina de Guerra del Per\u00fa, 1994; Condecoraci\u00f3n \u00abMedalla al M\u00e9rito Jorge Ch\u00e1vez Dartnell\u00bb, Fuerza A\u00e9rea del Per\u00fa, 1982; Doctor Honoris Causa, Universidad Ricardo Palma, 19 de noviembre de 1999; Doctor Honoris Causa, Universidad de Piura, Setiembre 9, 1994;\u00a0 Doctor Honoris Causa por la Universidad Nacional de Ingenier\u00eda, 2010.<\/p>\n<\/div><\/div><style type=\"text\/css\">.fusion-body .fusion-builder-column-38{width:33.333333333333% !important;margin-top : 0px;margin-bottom : 20px;}.fusion-builder-column-38 > .fusion-column-wrapper {padding-top : 10px !important;padding-right : 10px !important;margin-right : 5.76%;padding-bottom : 10px !important;padding-left : 10px !important;margin-left : 5.76%;}@media only screen and (max-width:1024px) {.fusion-body .fusion-builder-column-38{width:33.333333333333% !important;order : 0;}.fusion-builder-column-38 > .fusion-column-wrapper {margin-right : 5.76%;margin-left : 5.76%;}}@media only screen and (max-width:640px) {.fusion-body .fusion-builder-column-38{width:100% !important;order : 0;}.fusion-builder-column-38 > .fusion-column-wrapper {margin-right : 1.92%;margin-left : 1.92%;}}<\/style><\/div><div class=\"fusion-layout-column fusion_builder_column fusion-builder-column-39 fusion_builder_column_1_3 1_3 fusion-flex-column fusion-flex-align-self-flex-start\"><div class=\"fusion-column-wrapper fusion-flex-justify-content-flex-start fusion-content-layout-column\" style=\"background-position:left top;background-repeat:no-repeat;-webkit-background-size:cover;-moz-background-size:cover;-o-background-size:cover;background-size:cover;border-radius:10px 10px 10px 10px;background-color:var(--awb-color5);border-radius:10px 10px 10px 10px;overflow:hidden;padding: 10px 10px 10px 10px;\"><div style=\"text-align:center;\"><span class=\" fusion-imageframe imageframe-none imageframe-31 hover-type-none\" style=\"border-radius:50%;\"><img decoding=\"async\" width=\"224\" height=\"224\" title=\"Rectangle 8\" src=\"https:\/\/ancperu.org\/ancperu\/wp-content\/uploads\/2022\/09\/Rectangle-8.png\" data-orig-src=\"https:\/\/ancperu.org\/ancperu\/wp-content\/uploads\/2022\/09\/Rectangle-8.png\" alt class=\"lazyload img-responsive wp-image-1370\" srcset=\"data:image\/svg+xml,%3Csvg%20xmlns%3D%27http%3A%2F%2Fwww.w3.org%2F2000%2Fsvg%27%20width%3D%27224%27%20height%3D%27224%27%20viewBox%3D%270%200%20224%20224%27%3E%3Crect%20width%3D%27224%27%20height%3D%27224%27%20fill-opacity%3D%220%22%2F%3E%3C%2Fsvg%3E\" data-srcset=\"https:\/\/ancperu.org\/ancperu\/wp-content\/uploads\/2022\/09\/Rectangle-8-200x200.png 200w, https:\/\/ancperu.org\/ancperu\/wp-content\/uploads\/2022\/09\/Rectangle-8.png 224w\" data-sizes=\"auto\" data-orig-sizes=\"(max-width: 640px) 100vw, 224px\" \/><\/span><\/div><style type=\"text\/css\">@media only screen and (max-width:1024px) {.fusion-title.fusion-title-36{margin-top:10px!important; margin-right:0px!important;margin-bottom:15px!important;margin-left:0px!important;}}@media only screen and (max-width:640px) {.fusion-title.fusion-title-36{margin-top:10px!important; margin-right:0px!important;margin-bottom:10px!important; margin-left:0px!important;}}<\/style><div class=\"fusion-title title fusion-title-36 fusion-sep-none fusion-title-center fusion-title-text fusion-title-size-two\" style=\"font-size:21px;margin-top:10px;margin-right:0px;margin-bottom:15px;margin-left:0px;\"><h2 class=\"title-heading-center fusion-responsive-typography-calculated\" style=\"margin:0;font-size:1em;color:var(--awb-color1);--fontSize:21;--minFontSize:21px;line-height:var(--awb-typography1-line-height);\"><p style=\"text-align: center;\">Dr. Gustavo Gonzales<\/p><\/h2><\/div><div class=\"fusion-text fusion-text-62\" style=\"text-align:left;font-size:14px;color:var(--awb-color1);\"><p style=\"text-align: center;\"><strong>SECRETARIO<\/strong><\/p>\n<\/div><div class=\"fusion-text fusion-text-63\" style=\"text-align:left;font-size:14px;color:var(--awb-color1);\"><p style=\"text-align: left;\">Bi\u00f3logo y m\u00e9dico endocrin\u00f3logo, doctor en Medicina, y doctor en Ciencias, ambos por la Universidad Peruana Cayetano Heredia; profesor principal del Dpto. de Ciencias Biol\u00f3gicas y Fisiol\u00f3gicas, Facultad de Ciencias y Filosof\u00eda UPCH, de la cual ha sido Decano en una oportunidad; y Director del Instituto de Investigaciones de la Altura de la Universidad Peruana Cayetano Heredia en seis oportunidades. Obtuvo el premio Campod\u00f3nico en el 2002 por su contribuci\u00f3n cient\u00edfica basada en los estudios sobre adaptaci\u00f3n y desadaptaci\u00f3n de la altura aplicados a la mejora de la salud de la poblaci\u00f3n andina del Per\u00fa, especialmente al binomio madre\u2013ni\u00f1o.<\/p>\n<\/div><\/div><style type=\"text\/css\">.fusion-body .fusion-builder-column-39{width:33.333333333333% !important;margin-top : 0px;margin-bottom : 20px;}.fusion-builder-column-39 > .fusion-column-wrapper {padding-top : 10px !important;padding-right : 10px !important;margin-right : 5.76%;padding-bottom : 10px !important;padding-left : 10px !important;margin-left : 5.76%;}@media only screen and (max-width:1024px) {.fusion-body .fusion-builder-column-39{width:33.333333333333% !important;order : 0;}.fusion-builder-column-39 > .fusion-column-wrapper {margin-right : 5.76%;margin-left : 5.76%;}}@media only screen and (max-width:640px) {.fusion-body .fusion-builder-column-39{width:100% !important;order : 0;}.fusion-builder-column-39 > .fusion-column-wrapper {margin-right : 1.92%;margin-left : 1.92%;}}<\/style><\/div><div class=\"fusion-layout-column fusion_builder_column fusion-builder-column-40 fusion_builder_column_1_3 1_3 fusion-flex-column fusion-flex-align-self-flex-start\"><div class=\"fusion-column-wrapper fusion-flex-justify-content-flex-start fusion-content-layout-column\" style=\"background-position:left top;background-repeat:no-repeat;-webkit-background-size:cover;-moz-background-size:cover;-o-background-size:cover;background-size:cover;border-radius:10px 10px 10px 10px;background-color:var(--awb-color5);border-radius:10px 10px 10px 10px;overflow:hidden;padding: 10px 10px 10px 10px;\"><div style=\"text-align:center;\"><span class=\" fusion-imageframe imageframe-none imageframe-32 hover-type-none\" style=\"border-radius:50%;\"><img decoding=\"async\" width=\"224\" height=\"224\" title=\"image 42\" src=\"https:\/\/ancperu.org\/ancperu\/wp-content\/uploads\/2022\/09\/image-42.png\" data-orig-src=\"https:\/\/ancperu.org\/ancperu\/wp-content\/uploads\/2022\/09\/image-42.png\" alt class=\"lazyload img-responsive wp-image-1396\" srcset=\"data:image\/svg+xml,%3Csvg%20xmlns%3D%27http%3A%2F%2Fwww.w3.org%2F2000%2Fsvg%27%20width%3D%27224%27%20height%3D%27224%27%20viewBox%3D%270%200%20224%20224%27%3E%3Crect%20width%3D%27224%27%20height%3D%27224%27%20fill-opacity%3D%220%22%2F%3E%3C%2Fsvg%3E\" data-srcset=\"https:\/\/ancperu.org\/ancperu\/wp-content\/uploads\/2022\/09\/image-42-200x200.png 200w, https:\/\/ancperu.org\/ancperu\/wp-content\/uploads\/2022\/09\/image-42.png 224w\" data-sizes=\"auto\" data-orig-sizes=\"(max-width: 640px) 100vw, 224px\" \/><\/span><\/div><style type=\"text\/css\">@media only screen and (max-width:1024px) {.fusion-title.fusion-title-37{margin-top:10px!important; margin-right:0px!important;margin-bottom:15px!important;margin-left:0px!important;}}@media only screen and (max-width:640px) {.fusion-title.fusion-title-37{margin-top:10px!important; margin-right:0px!important;margin-bottom:10px!important; margin-left:0px!important;}}<\/style><div class=\"fusion-title title fusion-title-37 fusion-sep-none fusion-title-center fusion-title-text fusion-title-size-two\" style=\"font-size:21px;margin-top:10px;margin-right:0px;margin-bottom:15px;margin-left:0px;\"><h2 class=\"title-heading-center fusion-responsive-typography-calculated\" style=\"margin:0;font-size:1em;color:var(--awb-color1);--fontSize:21;--minFontSize:21px;line-height:var(--awb-typography1-line-height);\"><p style=\"text-align: center;\">Dra. Nicole Bernex<\/p><\/h2><\/div><div class=\"fusion-text fusion-text-64\" style=\"text-align:left;font-size:14px;color:var(--awb-color1);\"><p style=\"text-align: center;\"><strong>TESORERA<\/strong><\/p>\n<\/div><div class=\"fusion-text fusion-text-65\" style=\"text-align:left;font-size:14px;color:var(--awb-color1);\"><p style=\"text-align: left;\">Doctora en Geograf\u00eda por la Universidad de Paul Val\u00e9ry de Montpellier (Francia). Especialidad: Acondicionamiento del territorio y urbanismo. Directora Acad\u00e9mica del Centro de Investigaci\u00f3n en Geograf\u00eda Aplicada de la Pontificia Universidad Cat\u00f3lica del Per\u00fa;\u00a0 profesora principal del Dpto. de Humanidades, Secci\u00f3n Geograf\u00eda de la PUCP. Pertenece a varias instituciones cient\u00edficas nacionales e internacionales y ha recibido varias distinciones; actualmente es Presidenta Honoraria de la Asociaci\u00f3n Mundial de Agua-Per\u00fa; Vice-Presidenta de la Sociedad Geogr\u00e1fica de Lima y Editora de la Revista del Instituto Panamericano de Geograf\u00eda e Historia (IPGH).<\/p>\n<\/div><\/div><style type=\"text\/css\">.fusion-body .fusion-builder-column-40{width:33.333333333333% !important;margin-top : 0px;margin-bottom : 20px;}.fusion-builder-column-40 > .fusion-column-wrapper {padding-top : 10px !important;padding-right : 10px !important;margin-right : 5.76%;padding-bottom : 10px !important;padding-left : 10px !important;margin-left : 5.76%;}@media only screen and (max-width:1024px) {.fusion-body .fusion-builder-column-40{width:33.333333333333% !important;order : 0;}.fusion-builder-column-40 > .fusion-column-wrapper {margin-right : 5.76%;margin-left : 5.76%;}}@media only screen and (max-width:640px) {.fusion-body .fusion-builder-column-40{width:100% !important;order : 0;}.fusion-builder-column-40 > .fusion-column-wrapper {margin-right : 1.92%;margin-left : 1.92%;}}<\/style><\/div><div class=\"fusion-layout-column fusion_builder_column fusion-builder-column-41 fusion_builder_column_1_3 1_3 fusion-flex-column fusion-flex-align-self-flex-start\"><div class=\"fusion-column-wrapper fusion-flex-justify-content-flex-start fusion-content-layout-column\" style=\"background-position:left top;background-repeat:no-repeat;-webkit-background-size:cover;-moz-background-size:cover;-o-background-size:cover;background-size:cover;border-radius:10px 10px 10px 10px;background-color:var(--awb-color5);border-radius:10px 10px 10px 10px;overflow:hidden;padding: 10px 10px 10px 10px;\"><div style=\"text-align:center;\"><span class=\" fusion-imageframe imageframe-none imageframe-33 hover-type-none\" style=\"border-radius:50%;\"><img decoding=\"async\" width=\"224\" height=\"224\" title=\"Cazorla Talleri\" src=\"https:\/\/ancperu.org\/ancperu\/wp-content\/uploads\/2022\/10\/Cazorla-Talleri-1.png\" data-orig-src=\"https:\/\/ancperu.org\/ancperu\/wp-content\/uploads\/2022\/10\/Cazorla-Talleri-1.png\" alt class=\"lazyload img-responsive wp-image-1509\" srcset=\"data:image\/svg+xml,%3Csvg%20xmlns%3D%27http%3A%2F%2Fwww.w3.org%2F2000%2Fsvg%27%20width%3D%27224%27%20height%3D%27224%27%20viewBox%3D%270%200%20224%20224%27%3E%3Crect%20width%3D%27224%27%20height%3D%27224%27%20fill-opacity%3D%220%22%2F%3E%3C%2Fsvg%3E\" data-srcset=\"https:\/\/ancperu.org\/ancperu\/wp-content\/uploads\/2022\/10\/Cazorla-Talleri-1-200x200.png 200w, https:\/\/ancperu.org\/ancperu\/wp-content\/uploads\/2022\/10\/Cazorla-Talleri-1.png 224w\" data-sizes=\"auto\" data-orig-sizes=\"(max-width: 640px) 100vw, 224px\" \/><\/span><\/div><style type=\"text\/css\">@media only screen and (max-width:1024px) {.fusion-title.fusion-title-38{margin-top:10px!important; margin-right:0px!important;margin-bottom:15px!important;margin-left:0px!important;}}@media only screen and (max-width:640px) {.fusion-title.fusion-title-38{margin-top:10px!important; margin-right:0px!important;margin-bottom:10px!important; margin-left:0px!important;}}<\/style><div class=\"fusion-title title fusion-title-38 fusion-sep-none fusion-title-center fusion-title-text fusion-title-size-two\" style=\"font-size:21px;margin-top:10px;margin-right:0px;margin-bottom:15px;margin-left:0px;\"><h2 class=\"title-heading-center fusion-responsive-typography-calculated\" style=\"margin:0;font-size:1em;color:var(--awb-color1);--fontSize:21;--minFontSize:21px;line-height:var(--awb-typography1-line-height);\"><p style=\"text-align: center;\">Dr. Alberto Cazorla Talleri<\/p><\/h2><\/div><div class=\"fusion-text fusion-text-66\" style=\"text-align:left;font-size:14px;color:var(--awb-color1);\"><p style=\"text-align: center;\"><strong>VOCAL<\/strong><\/p>\n<\/div><div class=\"fusion-text fusion-text-67\" style=\"text-align:left;font-size:14px;color:var(--awb-color1);\"><p><span style=\"font-weight: 400;\">M\u00e9dico especialista en Microbiolog\u00eda. Fue jefe del Departamento de Investigaciones del Instituto Nacional de Enfermedades Neopl\u00e1sicas. Su trayectoria como docente e investigador est\u00e1 vinculada a la Universidad Peruana Cayetano Heredia, cuya Facultad de Ciencias y Filosof\u00eda lleva su nombre; en esa casa de estudios fue tambi\u00e9n jefe de la Secci\u00f3n de Bioqu\u00edmica y del Departamento de Ciencias Fisiol\u00f3gicas, as\u00ed como decano de la Facultad de Ciencias y Filosof\u00eda y rector. Asimismo, fue promotor del Laboratorio de Investigaci\u00f3n y desarrollo de dicha universidad, el mejor en el continente. <\/span><span style=\"font-weight: 400;\">Fue Embajador en M\u00e9xico, pa\u00eds que le otorg\u00f3 la condecoraci\u00f3n de la Orden Mexicana del \u00c1guila Azteca, que es la m\u00e1s alta distinci\u00f3n otorgada a los extranjeros que han prestado servicios prominentes a la Naci\u00f3n Mexicana. <\/span><span style=\"font-weight: 400;\">Ha sido presidente de la Academia Nacional de Medicina y la Academia Nacional de Ciencias. Recibi\u00f3 el premio Esteban Campod\u00f3nico, el premio CONCYTEC, la Medalla al M\u00e9rito Extraordinario del Colegio M\u00e9dico del Per\u00fa y fue reconocido como Gran Oficial de la Orden Daniel Carri\u00f3n y Gran Oficial de la Orden Hip\u00f3lito Unanue.<\/span><\/p>\n<\/div><\/div><style type=\"text\/css\">.fusion-body .fusion-builder-column-41{width:33.333333333333% !important;margin-top : 0px;margin-bottom : 20px;}.fusion-builder-column-41 > .fusion-column-wrapper {padding-top : 10px !important;padding-right : 10px !important;margin-right : 5.76%;padding-bottom : 10px !important;padding-left : 10px !important;margin-left : 5.76%;}@media only screen and (max-width:1024px) {.fusion-body .fusion-builder-column-41{width:33.333333333333% !important;order : 0;}.fusion-builder-column-41 > .fusion-column-wrapper {margin-right : 5.76%;margin-left : 5.76%;}}@media only screen and (max-width:640px) {.fusion-body .fusion-builder-column-41{width:100% !important;order : 0;}.fusion-builder-column-41 > .fusion-column-wrapper {margin-right : 1.92%;margin-left : 1.92%;}}<\/style><\/div><div class=\"fusion-layout-column fusion_builder_column fusion-builder-column-42 fusion_builder_column_1_3 1_3 fusion-flex-column fusion-flex-align-self-flex-start\"><div class=\"fusion-column-wrapper fusion-flex-justify-content-flex-start fusion-content-layout-column\" style=\"background-position:left top;background-repeat:no-repeat;-webkit-background-size:cover;-moz-background-size:cover;-o-background-size:cover;background-size:cover;border-radius:10px 10px 10px 10px;background-color:var(--awb-color5);border-radius:10px 10px 10px 10px;overflow:hidden;padding: 10px 10px 10px 10px;\"><div style=\"text-align:center;\"><span class=\" fusion-imageframe imageframe-none imageframe-34 hover-type-none\" style=\"border-radius:50%;\"><img decoding=\"async\" width=\"224\" height=\"224\" title=\"Cesar Carranza Saravia\" src=\"https:\/\/ancperu.org\/ancperu\/wp-content\/uploads\/2022\/10\/Cesar-Carranza-Saravia.png\" data-orig-src=\"https:\/\/ancperu.org\/ancperu\/wp-content\/uploads\/2022\/10\/Cesar-Carranza-Saravia.png\" alt class=\"lazyload img-responsive wp-image-1510\" srcset=\"data:image\/svg+xml,%3Csvg%20xmlns%3D%27http%3A%2F%2Fwww.w3.org%2F2000%2Fsvg%27%20width%3D%27224%27%20height%3D%27224%27%20viewBox%3D%270%200%20224%20224%27%3E%3Crect%20width%3D%27224%27%20height%3D%27224%27%20fill-opacity%3D%220%22%2F%3E%3C%2Fsvg%3E\" data-srcset=\"https:\/\/ancperu.org\/ancperu\/wp-content\/uploads\/2022\/10\/Cesar-Carranza-Saravia-200x200.png 200w, https:\/\/ancperu.org\/ancperu\/wp-content\/uploads\/2022\/10\/Cesar-Carranza-Saravia.png 224w\" data-sizes=\"auto\" data-orig-sizes=\"(max-width: 640px) 100vw, 224px\" \/><\/span><\/div><style type=\"text\/css\">@media only screen and (max-width:1024px) {.fusion-title.fusion-title-39{margin-top:10px!important; margin-right:0px!important;margin-bottom:15px!important;margin-left:0px!important;}}@media only screen and (max-width:640px) {.fusion-title.fusion-title-39{margin-top:10px!important; margin-right:0px!important;margin-bottom:10px!important; margin-left:0px!important;}}<\/style><div class=\"fusion-title title fusion-title-39 fusion-sep-none fusion-title-center fusion-title-text fusion-title-size-two\" style=\"font-size:21px;margin-top:10px;margin-right:0px;margin-bottom:15px;margin-left:0px;\"><h2 class=\"title-heading-center fusion-responsive-typography-calculated\" style=\"margin:0;font-size:1em;color:var(--awb-color1);--fontSize:21;--minFontSize:21px;line-height:var(--awb-typography1-line-height);\"><p style=\"text-align: center;\">Dr. C\u00e9sar Carranza Saravia<\/p><\/h2><\/div><div class=\"fusion-text fusion-text-68\" style=\"text-align:left;font-size:14px;color:var(--awb-color1);\"><p style=\"text-align: center;\"><strong>VOCAL<\/strong><\/p>\n<\/div><div class=\"fusion-text fusion-text-69\" style=\"text-align:left;font-size:14px;color:var(--awb-color1);\"><p><span style=\"font-weight: 400;\">Doctor en Matem\u00e1ticas. Fundador junto con Jos\u00e9 Tola Pasquel del Instituto de Matem\u00e1ticas de la Universidad Nacional de Ingenier\u00eda, antecesor de la Facultad de Ciencias de dicha casa de estudios. Fue presidente de la Comisi\u00f3n Organizadora de la Universidad Nacional Santiago Ant\u00fanez de Mayolo y presidi\u00f3 la primera Comisi\u00f3n de Gobierno de la citada universidad. Ejerci\u00f3 la docencia en la Universidad Nacional Mayor de San Marcos, Universidad Nacional de Ingenier\u00eda, Universidad Enrique Guzm\u00e1n y Valle, y Pontificia Universidad Cat\u00f3lica del Per\u00fa. Ha sido reconocido como profesor em\u00e9rito de esta \u00faltima casa de estudios,<\/span><span style=\"font-weight: 400;\"> de la Universidad Nacional Mayor de San Marcos y de la Universidad Nacional de Ancash \u201cSantiago Ant\u00fanez de Mayolo\u201d; y como profesor honorario de las universidades San Antonio Abad del Cusco, San Luis Gonzaga de Ica, Pedro Ruiz Gallo de Lambayeque y Los Andes de Huancayo. Recibi\u00f3 las Palmas Magisteriales en el grado de Amauta. Ha publicado numerosos libros sobre matem\u00e1ticas de nivel universitario y ha trabajado incansablemente en la formaci\u00f3n no solo de sus estudiantes universitarios, sino tambi\u00e9n de los profesores de matem\u00e1ticas de educaci\u00f3n secundaria y primaria.<\/span><\/p>\n<\/div><\/div><style type=\"text\/css\">.fusion-body .fusion-builder-column-42{width:33.333333333333% !important;margin-top : 0px;margin-bottom : 20px;}.fusion-builder-column-42 > .fusion-column-wrapper {padding-top : 10px !important;padding-right : 10px !important;margin-right : 5.76%;padding-bottom : 10px !important;padding-left : 10px !important;margin-left : 5.76%;}@media only screen and (max-width:1024px) {.fusion-body .fusion-builder-column-42{width:33.333333333333% !important;order : 0;}.fusion-builder-column-42 > .fusion-column-wrapper {margin-right : 5.76%;margin-left : 5.76%;}}@media only screen and (max-width:640px) {.fusion-body .fusion-builder-column-42{width:100% !important;order : 0;}.fusion-builder-column-42 > .fusion-column-wrapper {margin-right : 1.92%;margin-left : 1.92%;}}<\/style><\/div><div class=\"fusion-layout-column fusion_builder_column fusion-builder-column-43 fusion_builder_column_1_3 1_3 fusion-flex-column fusion-flex-align-self-flex-start\"><div class=\"fusion-column-wrapper fusion-flex-justify-content-flex-start fusion-content-layout-column\" style=\"background-position:left top;background-repeat:no-repeat;-webkit-background-size:cover;-moz-background-size:cover;-o-background-size:cover;background-size:cover;border-radius:10px 10px 10px 10px;background-color:var(--awb-color5);border-radius:10px 10px 10px 10px;overflow:hidden;padding: 10px 10px 10px 10px;\"><div style=\"text-align:center;\"><span class=\" fusion-imageframe imageframe-none imageframe-35 hover-type-none\" style=\"border-radius:50%;\"><img decoding=\"async\" width=\"224\" height=\"224\" title=\"Latorre Aguilar\" src=\"https:\/\/ancperu.org\/ancperu\/wp-content\/uploads\/2022\/10\/Latorre-Aguilar.png\" data-orig-src=\"https:\/\/ancperu.org\/ancperu\/wp-content\/uploads\/2022\/10\/Latorre-Aguilar.png\" alt class=\"lazyload img-responsive wp-image-1511\" srcset=\"data:image\/svg+xml,%3Csvg%20xmlns%3D%27http%3A%2F%2Fwww.w3.org%2F2000%2Fsvg%27%20width%3D%27224%27%20height%3D%27224%27%20viewBox%3D%270%200%20224%20224%27%3E%3Crect%20width%3D%27224%27%20height%3D%27224%27%20fill-opacity%3D%220%22%2F%3E%3C%2Fsvg%3E\" data-srcset=\"https:\/\/ancperu.org\/ancperu\/wp-content\/uploads\/2022\/10\/Latorre-Aguilar-200x200.png 200w, https:\/\/ancperu.org\/ancperu\/wp-content\/uploads\/2022\/10\/Latorre-Aguilar.png 224w\" data-sizes=\"auto\" data-orig-sizes=\"(max-width: 640px) 100vw, 224px\" \/><\/span><\/div><style type=\"text\/css\">@media only screen and (max-width:1024px) {.fusion-title.fusion-title-40{margin-top:10px!important; margin-right:0px!important;margin-bottom:15px!important;margin-left:0px!important;}}@media only screen and (max-width:640px) {.fusion-title.fusion-title-40{margin-top:10px!important; margin-right:0px!important;margin-bottom:10px!important; margin-left:0px!important;}}<\/style><div class=\"fusion-title title fusion-title-40 fusion-sep-none fusion-title-center fusion-title-text fusion-title-size-two\" style=\"font-size:21px;margin-top:10px;margin-right:0px;margin-bottom:15px;margin-left:0px;\"><h2 class=\"title-heading-center fusion-responsive-typography-calculated\" style=\"margin:0;font-size:1em;color:var(--awb-color1);--fontSize:21;--minFontSize:21px;line-height:var(--awb-typography1-line-height);\"><p style=\"text-align: center;\">Dr. V\u00edctor Latorre Aguilar<\/p><\/h2><\/div><div class=\"fusion-text fusion-text-70\" style=\"text-align:left;font-size:14px;color:var(--awb-color1);\"><p style=\"text-align: center;\"><strong>VOCAL<\/strong><\/p>\n<\/div><div class=\"fusion-text fusion-text-71\" style=\"text-align:left;font-size:14px;color:var(--awb-color1);\"><p><span style=\"font-weight: 400;\">Doctor en F\u00edsica Nuclear. Tuvo gran influencia en el desarrollo de la ciencia y f\u00edsica en el pa\u00eds. Fue presidente del Instituto Peruano de Energ\u00eda Nuclear, director del Instituto de Ciencia y Tecnolog\u00eda de la Universidad Ricardo Palma y profesor em\u00e9rito de la Universidad Nacional de Ingenier\u00eda. Ejerci\u00f3 la docencia en esas dos casas de estudios y tambi\u00e9n en la Universidad <\/span><span style=\"font-weight: 400;\">Nacional de San Antonio Abad del Cusco, donde influenci\u00f3 la formaci\u00f3n de cientos de estudiantes peruanos. <\/span><span style=\"font-weight: 400;\">Fue m<\/span><span style=\"font-weight: 400;\">iembro de la Comisi\u00f3n de Reforma de la Educaci\u00f3n, cuyo informe final fundament\u00f3 la Ley 19326, Ley General de Educaci\u00f3n, que reform\u00f3 profundamente el sistema educativo y est\u00e1 vigente hasta hoy.\u00a0<\/span><span style=\"font-weight: 400;\">Recibi\u00f3 el premio \u201cSpirit of Abdus Salam\u201d del Abdus Salam International Centre for Theoretical Physics. Fue cofundador de <\/span><span style=\"font-weight: 400;\">\u201cMulticiencias\u201d, una iniciativa para desarrollar la cooperaci\u00f3n internacional para que cient\u00edficos extranjeros realicen intercambio con los peruanos.<\/span><\/p>\n<\/div><\/div><style type=\"text\/css\">.fusion-body .fusion-builder-column-43{width:33.333333333333% !important;margin-top : 0px;margin-bottom : 20px;}.fusion-builder-column-43 > .fusion-column-wrapper {padding-top : 10px !important;padding-right : 10px !important;margin-right : 5.76%;padding-bottom : 10px !important;padding-left : 10px !important;margin-left : 5.76%;}@media only screen and (max-width:1024px) {.fusion-body .fusion-builder-column-43{width:33.333333333333% !important;order : 0;}.fusion-builder-column-43 > .fusion-column-wrapper {margin-right : 5.76%;margin-left : 5.76%;}}@media only screen and (max-width:640px) {.fusion-body .fusion-builder-column-43{width:100% !important;order : 0;}.fusion-builder-column-43 > .fusion-column-wrapper {margin-right : 1.92%;margin-left : 1.92%;}}<\/style><\/div><div class=\"fusion-layout-column fusion_builder_column fusion-builder-column-44 fusion_builder_column_1_1 1_1 fusion-flex-column\"><div class=\"fusion-column-wrapper fusion-flex-justify-content-flex-start fusion-content-layout-column\" style=\"background-position:left top;background-repeat:no-repeat;-webkit-background-size:cover;-moz-background-size:cover;-o-background-size:cover;background-size:cover;padding: 0px 0px 0px 0px;\"><div class=\"fusion-separator fusion-full-width-sep\" style=\"align-self: center;margin-left: auto;margin-right: auto;margin-top:10px;margin-bottom:20px;width:100%;\"><div class=\"fusion-separator-border sep-double\" style=\"border-color:hsla(var(--awb-color5-h),var(--awb-color5-s),var(--awb-color5-l),calc( var(--awb-color5-a) - 97% ));border-top-width:0px;border-bottom-width:0px;\"><\/div><\/div><\/div><style type=\"text\/css\">.fusion-body .fusion-builder-column-44{width:100% !important;margin-top : 0px;margin-bottom : 20px;}.fusion-builder-column-44 > .fusion-column-wrapper {padding-top : 0px !important;padding-right : 0px !important;margin-right : 1.92%;padding-bottom : 0px !important;padding-left : 0px !important;margin-left : 1.92%;}@media only screen and (max-width:1024px) {.fusion-body .fusion-builder-column-44{width:100% !important;order : 0;}.fusion-builder-column-44 > .fusion-column-wrapper {margin-right : 1.92%;margin-left : 1.92%;}}@media only screen and (max-width:640px) {.fusion-body .fusion-builder-column-44{width:100% !important;order : 0;}.fusion-builder-column-44 > .fusion-column-wrapper {margin-right : 1.92%;margin-left : 1.92%;}}<\/style><\/div><\/div><style type=\"text\/css\">.fusion-body .fusion-flex-container.fusion-builder-row-5{ padding-top : 0px;margin-top : 0px;padding-right : 0px;padding-bottom : 0px;margin-bottom : 0px;padding-left : 0px;}<\/style><\/div><div class=\"fusion-fullwidth fullwidth-box fusion-builder-row-6 fusion-flex-container has-pattern-background has-mask-background nonhundred-percent-fullwidth non-hundred-percent-height-scrolling\" style=\"background-color: var(--awb-color6);background-position: center center;background-repeat: no-repeat;border-width: 0px 0px 0px 0px;border-color:hsla(var(--awb-color5-h),var(--awb-color5-s),var(--awb-color5-l),calc( var(--awb-color5-a) - 97% ));border-style:solid;\" ><div class=\"fusion-builder-row fusion-row fusion-flex-align-items-flex-start\" style=\"max-width:1248px;margin-left: calc(-4% \/ 2 );margin-right: calc(-4% \/ 2 );\"><div class=\"fusion-layout-column fusion_builder_column fusion-builder-column-45 fusion_builder_column_1_1 1_1 fusion-flex-column\"><div class=\"fusion-column-wrapper fusion-flex-justify-content-flex-start fusion-content-layout-column\" style=\"background-position:left top;background-repeat:no-repeat;-webkit-background-size:cover;-moz-background-size:cover;-o-background-size:cover;background-size:cover;padding: 0px 0px 0px 0px;\"><div class=\"fusion-separator fusion-full-width-sep\" style=\"align-self: center;margin-left: auto;margin-right: auto;margin-top:10px;margin-bottom:20px;width:100%;\"><div class=\"fusion-separator-border sep-double\" style=\"border-color:hsla(var(--awb-color5-h),var(--awb-color5-s),var(--awb-color5-l),calc( var(--awb-color5-a) - 97% ));border-top-width:0px;border-bottom-width:0px;\"><\/div><\/div><style type=\"text\/css\">@media only screen and (max-width:1024px) {.fusion-title.fusion-title-41{margin-top:10px!important; margin-right:0px!important;margin-bottom:15px!important;margin-left:0px!important;}}@media only screen and (max-width:640px) {.fusion-title.fusion-title-41{margin-top:10px!important; margin-right:0px!important;margin-bottom:10px!important; margin-left:0px!important;}}<\/style><div class=\"fusion-title title fusion-title-41 fusion-sep-none fusion-title-center fusion-title-text fusion-title-size-two\" style=\"margin-top:10px;margin-right:0px;margin-bottom:15px;margin-left:0px;\"><h2 class=\"title-heading-center fusion-responsive-typography-calculated\" style=\"margin:0;color:var(--awb-color4);--fontSize:40;line-height:var(--awb-typography1-line-height);\"><p style=\"text-align: center;\">Consejo Directivo 1999-2009<\/p><\/h2><\/div><\/div><style type=\"text\/css\">.fusion-body .fusion-builder-column-45{width:100% !important;margin-top : 0px;margin-bottom : 20px;}.fusion-builder-column-45 > .fusion-column-wrapper {padding-top : 0px !important;padding-right : 0px !important;margin-right : 1.92%;padding-bottom : 0px !important;padding-left : 0px !important;margin-left : 1.92%;}@media only screen and (max-width:1024px) {.fusion-body .fusion-builder-column-45{width:100% !important;order : 0;}.fusion-builder-column-45 > .fusion-column-wrapper {margin-right : 1.92%;margin-left : 1.92%;}}@media only screen and (max-width:640px) {.fusion-body .fusion-builder-column-45{width:100% !important;order : 0;}.fusion-builder-column-45 > .fusion-column-wrapper {margin-right : 1.92%;margin-left : 1.92%;}}<\/style><\/div><div class=\"fusion-layout-column fusion_builder_column fusion-builder-column-46 fusion_builder_column_1_3 1_3 fusion-flex-column fusion-flex-align-self-flex-start\"><div class=\"fusion-column-wrapper fusion-flex-justify-content-flex-start fusion-content-layout-column\" style=\"background-position:left top;background-repeat:no-repeat;-webkit-background-size:cover;-moz-background-size:cover;-o-background-size:cover;background-size:cover;border-radius:10px 10px 10px 10px;background-color:var(--awb-color5);border-radius:10px 10px 10px 10px;overflow:hidden;padding: 10px 10px 10px 10px;\"><div style=\"text-align:center;\"><span class=\" fusion-imageframe imageframe-none imageframe-36 hover-type-none\" style=\"border-radius:50%;\"><img decoding=\"async\" width=\"224\" height=\"224\" title=\"Giesecke 1\" src=\"https:\/\/ancperu.org\/ancperu\/wp-content\/uploads\/2022\/10\/Giesecke-1.png\" data-orig-src=\"https:\/\/ancperu.org\/ancperu\/wp-content\/uploads\/2022\/10\/Giesecke-1.png\" alt class=\"lazyload img-responsive wp-image-1515\" srcset=\"data:image\/svg+xml,%3Csvg%20xmlns%3D%27http%3A%2F%2Fwww.w3.org%2F2000%2Fsvg%27%20width%3D%27224%27%20height%3D%27224%27%20viewBox%3D%270%200%20224%20224%27%3E%3Crect%20width%3D%27224%27%20height%3D%27224%27%20fill-opacity%3D%220%22%2F%3E%3C%2Fsvg%3E\" data-srcset=\"https:\/\/ancperu.org\/ancperu\/wp-content\/uploads\/2022\/10\/Giesecke-1-200x200.png 200w, https:\/\/ancperu.org\/ancperu\/wp-content\/uploads\/2022\/10\/Giesecke-1.png 224w\" data-sizes=\"auto\" data-orig-sizes=\"(max-width: 640px) 100vw, 224px\" \/><\/span><\/div><style type=\"text\/css\">@media only screen and (max-width:1024px) {.fusion-title.fusion-title-42{margin-top:10px!important; margin-right:0px!important;margin-bottom:15px!important;margin-left:0px!important;}}@media only screen and (max-width:640px) {.fusion-title.fusion-title-42{margin-top:10px!important; margin-right:0px!important;margin-bottom:10px!important; margin-left:0px!important;}}<\/style><div class=\"fusion-title title fusion-title-42 fusion-sep-none fusion-title-center fusion-title-text fusion-title-size-two\" style=\"font-size:21px;margin-top:10px;margin-right:0px;margin-bottom:15px;margin-left:0px;\"><h2 class=\"title-heading-center fusion-responsive-typography-calculated\" style=\"margin:0;font-size:1em;color:var(--awb-color1);--fontSize:21;--minFontSize:21px;line-height:var(--awb-typography1-line-height);\"><p style=\"text-align: center;\"><span style=\"font-weight: 400;\">Ing. Alberto Giesecke Matto <\/span><\/p><\/h2><\/div><div class=\"fusion-text fusion-text-72\" style=\"text-align:left;font-size:14px;color:var(--awb-color1);\"><p style=\"text-align: center;\"><strong>PRESIDENTE<\/strong><\/p>\n<\/div><div class=\"fusion-text fusion-text-73\" style=\"text-align:left;font-size:14px;color:var(--awb-color1);\"><p style=\"text-align: left;\"><span style=\"font-weight: 400;\">Ingeniero electricista, especialista en Geof\u00edsica y Mitigaci\u00f3n de Desastres Naturales. Considerado uno de los especialistas m\u00e1s destacados en sismolog\u00eda aplicada y la mitigaci\u00f3n de desastres en Am\u00e9rica del Sur. Fue el primer director del Instituto Geof\u00edsico del Per\u00fa (IGP) y director ejecutivo del Centro Regional de Sismolog\u00eda para Am\u00e9rica del Sur (CERESIS). Cuando dirigi\u00f3 el IGP, consigui\u00f3 apoyo internacional y se construyeron los observatorios de Jicamarca (con el radar cient\u00edfico m\u00e1s grande del mundo), Anc\u00f3n, \u00d1a\u00f1a, Talara y Arequipa, as\u00ed como una decena de estaciones s\u00edsmicas. Fue presidente del Comit\u00e9 Asesor de Riesgo S\u00edsmico de la UNESCO y UNDRO, miembro del Grupo Ad Hoc y del Comit\u00e9 Cient\u00edfico del Decenio Internacional de las Naciones Unidas para la Reducci\u00f3n de los Desastres Naturales, vicepresidente del Instituto Panamericano de Geograf\u00eda e Historia, presidente de la Comisi\u00f3n Geof\u00edsica y editor de la Revista Geof\u00edsica y miembro de la Academia de Ciencias para el Tercer Mundo (TWAS). Su preocupaci\u00f3n por el desarrollo cient\u00edfico como base para el crecimiento del pa\u00eds lo llev\u00f3 a crear, promover, dirigir y ser parte de los diversos organismos de ciencias y tecnolog\u00eda del pa\u00eds.<\/span><\/p>\n<\/div><\/div><style type=\"text\/css\">.fusion-body .fusion-builder-column-46{width:33.333333333333% !important;margin-top : 0px;margin-bottom : 20px;}.fusion-builder-column-46 > .fusion-column-wrapper {padding-top : 10px !important;padding-right : 10px !important;margin-right : 5.76%;padding-bottom : 10px !important;padding-left : 10px !important;margin-left : 5.76%;}@media only screen and (max-width:1024px) {.fusion-body .fusion-builder-column-46{width:33.333333333333% !important;order : 0;}.fusion-builder-column-46 > .fusion-column-wrapper {margin-right : 5.76%;margin-left : 5.76%;}}@media only screen and (max-width:640px) {.fusion-body .fusion-builder-column-46{width:100% !important;order : 0;}.fusion-builder-column-46 > .fusion-column-wrapper {margin-right : 1.92%;margin-left : 1.92%;}}<\/style><\/div><div class=\"fusion-layout-column fusion_builder_column fusion-builder-column-47 fusion_builder_column_1_3 1_3 fusion-flex-column fusion-flex-align-self-flex-start\"><div class=\"fusion-column-wrapper fusion-flex-justify-content-flex-start fusion-content-layout-column\" style=\"background-position:left top;background-repeat:no-repeat;-webkit-background-size:cover;-moz-background-size:cover;-o-background-size:cover;background-size:cover;border-radius:10px 10px 10px 10px;background-color:var(--awb-color5);border-radius:10px 10px 10px 10px;overflow:hidden;padding: 10px 10px 10px 10px;\"><div style=\"text-align:center;\"><span class=\" fusion-imageframe imageframe-none imageframe-37 hover-type-none\" style=\"border-radius:50%;\"><img decoding=\"async\" width=\"224\" height=\"224\" title=\"Guerra Garci\u0301a\" src=\"https:\/\/ancperu.org\/ancperu\/wp-content\/uploads\/2022\/10\/Guerra-Garci\u0301a.png\" data-orig-src=\"https:\/\/ancperu.org\/ancperu\/wp-content\/uploads\/2022\/10\/Guerra-Garci\u0301a.png\" alt class=\"lazyload img-responsive wp-image-1506\" srcset=\"data:image\/svg+xml,%3Csvg%20xmlns%3D%27http%3A%2F%2Fwww.w3.org%2F2000%2Fsvg%27%20width%3D%27224%27%20height%3D%27224%27%20viewBox%3D%270%200%20224%20224%27%3E%3Crect%20width%3D%27224%27%20height%3D%27224%27%20fill-opacity%3D%220%22%2F%3E%3C%2Fsvg%3E\" data-srcset=\"https:\/\/ancperu.org\/ancperu\/wp-content\/uploads\/2022\/10\/Guerra-Garci\u0301a-200x200.png 200w, https:\/\/ancperu.org\/ancperu\/wp-content\/uploads\/2022\/10\/Guerra-Garci\u0301a.png 224w\" data-sizes=\"auto\" data-orig-sizes=\"(max-width: 640px) 100vw, 224px\" \/><\/span><\/div><style type=\"text\/css\">@media only screen and (max-width:1024px) {.fusion-title.fusion-title-43{margin-top:10px!important; margin-right:0px!important;margin-bottom:15px!important;margin-left:0px!important;}}@media only screen and (max-width:640px) {.fusion-title.fusion-title-43{margin-top:10px!important; margin-right:0px!important;margin-bottom:10px!important; margin-left:0px!important;}}<\/style><div class=\"fusion-title title fusion-title-43 fusion-sep-none fusion-title-center fusion-title-text fusion-title-size-two\" style=\"font-size:21px;margin-top:10px;margin-right:0px;margin-bottom:15px;margin-left:0px;\"><h2 class=\"title-heading-center fusion-responsive-typography-calculated\" style=\"margin:0;font-size:1em;color:var(--awb-color1);--fontSize:21;--minFontSize:21px;line-height:var(--awb-typography1-line-height);\"><p style=\"text-align: center;\">Dr. Roger Guerra Garc\u00eda<\/p><\/h2><\/div><div class=\"fusion-text fusion-text-74\" style=\"text-align:left;font-size:14px;color:var(--awb-color1);\"><p style=\"text-align: center;\"><strong>VICEPRESIDENTE<\/strong><\/p>\n<\/div><div class=\"fusion-text fusion-text-75\" style=\"text-align:left;font-size:14px;color:var(--awb-color1);\"><p><span style=\"font-weight: 400;\">M\u00e9dico. Pionero de los estudios de Endocrinolog\u00eda y Reproducci\u00f3n en grandes alturas. Fue un gran impulsor de la difusi\u00f3n de la ciencia y del reconocimiento a los j\u00f3venes cient\u00edficos. Profesor fundador de la Universidad Peruana Cayetano Heredia, donde fue <\/span><span style=\"font-weight: 400;\">jefe del <\/span><span style=\"font-weight: 400;\">Laboratorio de Endocrinolog\u00eda del Instituto de Investigaciones de la Altura (IIA), director del IIA, director de Planificaci\u00f3n y rector, as\u00ed como profesor em\u00e9rito. Recibi\u00f3 el t\u00edtulo de Doctor Honoris Causa de la Universidad Nacional de Trujillo y de la Universidad Ricardo Palma. Fue el primer presidente del Consejo Nacional de Ciencia y Tecnolog\u00eda, tambi\u00e9n presidi\u00f3 la Comisi\u00f3n Consultiva del Ministerio de Salud, la Sociedad Peruana de Endocrinolog\u00eda, la Academia Nacional de Medicina y la Academia Nacional de Ciencias, as\u00ed como la Asociaci\u00f3n Latinoamericana de Investigadores en Reproducci\u00f3n Humana. Miembro de instituciones como el Consejo Consultivo de la Fundaci\u00f3n Instituto Hip\u00f3lito Unanue y el Consejo Nacional para la Autorizaci\u00f3n y Funcionamiento de las Universidades y consultor de la Biblioteca Regional de Medicina en S\u00e3o Paulo (Brasil). Asimismo, fue Acad\u00e9mico Correspondiente de la Real Academia Nacional de Medicina de Espa\u00f1a y de la Academia Nacional de Medicina de Colombia. Autor de numerosos libros y art\u00edculos <\/span><span style=\"font-weight: 400;\">en revistas especializadas y de divulgaci\u00f3n en diarios y revistas. Recibi\u00f3 la distinci\u00f3n al M\u00e9rito Ordinario y Extraordinario otorgada por el Colegio M\u00e9dico del Per\u00fa. Fue Viceministro de Educaci\u00f3n y congresista de la Rep\u00fablica.<\/span><\/p>\n<\/div><\/div><style type=\"text\/css\">.fusion-body .fusion-builder-column-47{width:33.333333333333% !important;margin-top : 0px;margin-bottom : 20px;}.fusion-builder-column-47 > .fusion-column-wrapper {padding-top : 10px !important;padding-right : 10px !important;margin-right : 5.76%;padding-bottom : 10px !important;padding-left : 10px !important;margin-left : 5.76%;}@media only screen and (max-width:1024px) {.fusion-body .fusion-builder-column-47{width:33.333333333333% !important;order : 0;}.fusion-builder-column-47 > .fusion-column-wrapper {margin-right : 5.76%;margin-left : 5.76%;}}@media only screen and (max-width:640px) {.fusion-body .fusion-builder-column-47{width:100% !important;order : 0;}.fusion-builder-column-47 > .fusion-column-wrapper {margin-right : 1.92%;margin-left : 1.92%;}}<\/style><\/div><div class=\"fusion-layout-column fusion_builder_column fusion-builder-column-48 fusion_builder_column_1_3 1_3 fusion-flex-column fusion-flex-align-self-flex-start\"><div class=\"fusion-column-wrapper fusion-flex-justify-content-flex-start fusion-content-layout-column\" style=\"background-position:left top;background-repeat:no-repeat;-webkit-background-size:cover;-moz-background-size:cover;-o-background-size:cover;background-size:cover;border-radius:10px 10px 10px 10px;background-color:var(--awb-color5);border-radius:10px 10px 10px 10px;overflow:hidden;padding: 10px 10px 10px 10px;\"><div style=\"text-align:center;\"><span class=\" fusion-imageframe imageframe-none imageframe-38 hover-type-none\" style=\"border-radius:50%;\"><img decoding=\"async\" width=\"224\" height=\"224\" title=\"Cesar Carranza Saravia\" src=\"https:\/\/ancperu.org\/ancperu\/wp-content\/uploads\/2022\/10\/Cesar-Carranza-Saravia.png\" data-orig-src=\"https:\/\/ancperu.org\/ancperu\/wp-content\/uploads\/2022\/10\/Cesar-Carranza-Saravia.png\" alt class=\"lazyload img-responsive wp-image-1510\" srcset=\"data:image\/svg+xml,%3Csvg%20xmlns%3D%27http%3A%2F%2Fwww.w3.org%2F2000%2Fsvg%27%20width%3D%27224%27%20height%3D%27224%27%20viewBox%3D%270%200%20224%20224%27%3E%3Crect%20width%3D%27224%27%20height%3D%27224%27%20fill-opacity%3D%220%22%2F%3E%3C%2Fsvg%3E\" data-srcset=\"https:\/\/ancperu.org\/ancperu\/wp-content\/uploads\/2022\/10\/Cesar-Carranza-Saravia-200x200.png 200w, https:\/\/ancperu.org\/ancperu\/wp-content\/uploads\/2022\/10\/Cesar-Carranza-Saravia.png 224w\" data-sizes=\"auto\" data-orig-sizes=\"(max-width: 640px) 100vw, 224px\" \/><\/span><\/div><style type=\"text\/css\">@media only screen and (max-width:1024px) {.fusion-title.fusion-title-44{margin-top:10px!important; margin-right:0px!important;margin-bottom:15px!important;margin-left:0px!important;}}@media only screen and (max-width:640px) {.fusion-title.fusion-title-44{margin-top:10px!important; margin-right:0px!important;margin-bottom:10px!important; margin-left:0px!important;}}<\/style><div class=\"fusion-title title fusion-title-44 fusion-sep-none fusion-title-center fusion-title-text fusion-title-size-two\" style=\"font-size:21px;margin-top:10px;margin-right:0px;margin-bottom:15px;margin-left:0px;\"><h2 class=\"title-heading-center fusion-responsive-typography-calculated\" style=\"margin:0;font-size:1em;color:var(--awb-color1);--fontSize:21;--minFontSize:21px;line-height:var(--awb-typography1-line-height);\"><p style=\"text-align: center;\">Dr. C\u00e9sar Carranza Saravia<\/p><\/h2><\/div><div class=\"fusion-text fusion-text-76\" style=\"text-align:left;font-size:14px;color:var(--awb-color1);\"><p style=\"text-align: center;\"><strong>SECRETARIO<\/strong><\/p>\n<\/div><div class=\"fusion-text fusion-text-77\" style=\"text-align:left;font-size:14px;color:var(--awb-color1);\"><p><span style=\"font-weight: 400;\">Doctor en Matem\u00e1ticas. Fundador junto con Jos\u00e9 Tola Pasquel del Instituto de Matem\u00e1ticas de la Universidad Nacional de Ingenier\u00eda, antecesor de la Facultad de Ciencias de dicha casa de estudios. Fue presidente de la Comisi\u00f3n Organizadora de la Universidad Nacional Santiago Ant\u00fanez de Mayolo y presidi\u00f3 la primera Comisi\u00f3n de Gobierno de la citada universidad. Ejerci\u00f3 la docencia en la Universidad Nacional Mayor de San Marcos, Universidad Nacional de Ingenier\u00eda, Universidad Enrique Guzm\u00e1n y Valle, y Pontificia Universidad Cat\u00f3lica del Per\u00fa. Ha sido reconocido como profesor em\u00e9rito de esta \u00faltima casa de estudios,<\/span><span style=\"font-weight: 400;\"> de la Universidad Nacional Mayor de San Marcos y de la Universidad Nacional de Ancash \u201cSantiago Ant\u00fanez de Mayolo\u201d; y como profesor honorario de las universidades San Antonio Abad del Cusco, San Luis Gonzaga de Ica, Pedro Ruiz Gallo de Lambayeque y Los Andes de Huancayo. Recibi\u00f3 las Palmas Magisteriales en el grado de Amauta. Ha publicado numerosos libros sobre matem\u00e1ticas de nivel universitario y ha trabajado incansablemente en la formaci\u00f3n no solo de sus estudiantes universitarios, sino tambi\u00e9n de los profesores de matem\u00e1ticas de educaci\u00f3n secundaria y primaria.<\/span><\/p>\n<\/div><\/div><style type=\"text\/css\">.fusion-body .fusion-builder-column-48{width:33.333333333333% !important;margin-top : 0px;margin-bottom : 20px;}.fusion-builder-column-48 > .fusion-column-wrapper {padding-top : 10px !important;padding-right : 10px !important;margin-right : 5.76%;padding-bottom : 10px !important;padding-left : 10px !important;margin-left : 5.76%;}@media only screen and (max-width:1024px) {.fusion-body .fusion-builder-column-48{width:33.333333333333% !important;order : 0;}.fusion-builder-column-48 > .fusion-column-wrapper {margin-right : 5.76%;margin-left : 5.76%;}}@media only screen and (max-width:640px) {.fusion-body .fusion-builder-column-48{width:100% !important;order : 0;}.fusion-builder-column-48 > .fusion-column-wrapper {margin-right : 1.92%;margin-left : 1.92%;}}<\/style><\/div><div class=\"fusion-layout-column fusion_builder_column fusion-builder-column-49 fusion_builder_column_1_3 1_3 fusion-flex-column fusion-flex-align-self-flex-start\"><div class=\"fusion-column-wrapper fusion-flex-justify-content-flex-start fusion-content-layout-column\" style=\"background-position:left top;background-repeat:no-repeat;-webkit-background-size:cover;-moz-background-size:cover;-o-background-size:cover;background-size:cover;border-radius:10px 10px 10px 10px;background-color:var(--awb-color5);border-radius:10px 10px 10px 10px;overflow:hidden;padding: 10px 10px 10px 10px;\"><div style=\"text-align:center;\"><span class=\" fusion-imageframe imageframe-none imageframe-39 hover-type-none\" style=\"border-radius:50%;\"><img decoding=\"async\" width=\"224\" height=\"224\" title=\"Latorre Aguilar\" src=\"https:\/\/ancperu.org\/ancperu\/wp-content\/uploads\/2022\/10\/Latorre-Aguilar.png\" data-orig-src=\"https:\/\/ancperu.org\/ancperu\/wp-content\/uploads\/2022\/10\/Latorre-Aguilar.png\" alt class=\"lazyload img-responsive wp-image-1511\" srcset=\"data:image\/svg+xml,%3Csvg%20xmlns%3D%27http%3A%2F%2Fwww.w3.org%2F2000%2Fsvg%27%20width%3D%27224%27%20height%3D%27224%27%20viewBox%3D%270%200%20224%20224%27%3E%3Crect%20width%3D%27224%27%20height%3D%27224%27%20fill-opacity%3D%220%22%2F%3E%3C%2Fsvg%3E\" data-srcset=\"https:\/\/ancperu.org\/ancperu\/wp-content\/uploads\/2022\/10\/Latorre-Aguilar-200x200.png 200w, https:\/\/ancperu.org\/ancperu\/wp-content\/uploads\/2022\/10\/Latorre-Aguilar.png 224w\" data-sizes=\"auto\" data-orig-sizes=\"(max-width: 640px) 100vw, 224px\" \/><\/span><\/div><style type=\"text\/css\">@media only screen and (max-width:1024px) {.fusion-title.fusion-title-45{margin-top:10px!important; margin-right:0px!important;margin-bottom:15px!important;margin-left:0px!important;}}@media only screen and (max-width:640px) {.fusion-title.fusion-title-45{margin-top:10px!important; margin-right:0px!important;margin-bottom:10px!important; margin-left:0px!important;}}<\/style><div class=\"fusion-title title fusion-title-45 fusion-sep-none fusion-title-center fusion-title-text fusion-title-size-two\" style=\"font-size:21px;margin-top:10px;margin-right:0px;margin-bottom:15px;margin-left:0px;\"><h2 class=\"title-heading-center fusion-responsive-typography-calculated\" style=\"margin:0;font-size:1em;color:var(--awb-color1);--fontSize:21;--minFontSize:21px;line-height:var(--awb-typography1-line-height);\"><p style=\"text-align: center;\">Dr. V\u00edctor Latorre Aguilar<\/p><\/h2><\/div><div class=\"fusion-text fusion-text-78\" style=\"text-align:left;font-size:14px;color:var(--awb-color1);\"><p style=\"text-align: center;\"><strong>TESORERO<\/strong><\/p>\n<\/div><div class=\"fusion-text fusion-text-79\" style=\"text-align:left;font-size:14px;color:var(--awb-color1);\"><p><span style=\"font-weight: 400;\">Doctor en F\u00edsica Nuclear. Tuvo gran influencia en el desarrollo de la ciencia y f\u00edsica en el pa\u00eds. Fue presidente del Instituto Peruano de Energ\u00eda Nuclear, director del Instituto de Ciencia y Tecnolog\u00eda de la Universidad Ricardo Palma y profesor em\u00e9rito de la Universidad Nacional de Ingenier\u00eda. Ejerci\u00f3 la docencia en esas dos casas de estudios y tambi\u00e9n en la Universidad <\/span><span style=\"font-weight: 400;\">Nacional de San Antonio Abad del Cusco, donde influenci\u00f3 la formaci\u00f3n de cientos de estudiantes peruanos. <\/span><span style=\"font-weight: 400;\">Fue m<\/span><span style=\"font-weight: 400;\">iembro de la Comisi\u00f3n de Reforma de la Educaci\u00f3n, cuyo informe final fundament\u00f3 la Ley 19326, Ley General de Educaci\u00f3n, que reform\u00f3 profundamente el sistema educativo y est\u00e1 vigente hasta hoy.\u00a0<\/span><span style=\"font-weight: 400;\">Recibi\u00f3 el premio \u201cSpirit of Abdus Salam\u201d del Abdus Salam International Centre for Theoretical Physics. Fue cofundador de <\/span><span style=\"font-weight: 400;\">\u201cMulticiencias\u201d, una iniciativa para desarrollar la cooperaci\u00f3n internacional para que cient\u00edficos extranjeros realicen intercambio con los peruanos.<\/span><\/p>\n<\/div><\/div><style type=\"text\/css\">.fusion-body .fusion-builder-column-49{width:33.333333333333% !important;margin-top : 0px;margin-bottom : 20px;}.fusion-builder-column-49 > .fusion-column-wrapper {padding-top : 10px !important;padding-right : 10px !important;margin-right : 5.76%;padding-bottom : 10px !important;padding-left : 10px !important;margin-left : 5.76%;}@media only screen and (max-width:1024px) {.fusion-body .fusion-builder-column-49{width:33.333333333333% !important;order : 0;}.fusion-builder-column-49 > .fusion-column-wrapper {margin-right : 5.76%;margin-left : 5.76%;}}@media only screen and (max-width:640px) {.fusion-body .fusion-builder-column-49{width:100% !important;order : 0;}.fusion-builder-column-49 > .fusion-column-wrapper {margin-right : 1.92%;margin-left : 1.92%;}}<\/style><\/div><div class=\"fusion-layout-column fusion_builder_column fusion-builder-column-50 fusion_builder_column_1_3 1_3 fusion-flex-column fusion-flex-align-self-flex-start\"><div class=\"fusion-column-wrapper fusion-flex-justify-content-flex-start fusion-content-layout-column\" style=\"background-position:left top;background-repeat:no-repeat;-webkit-background-size:cover;-moz-background-size:cover;-o-background-size:cover;background-size:cover;border-radius:10px 10px 10px 10px;background-color:var(--awb-color5);border-radius:10px 10px 10px 10px;overflow:hidden;padding: 10px 10px 10px 10px;\"><div style=\"text-align:center;\"><span class=\" fusion-imageframe imageframe-none imageframe-40 hover-type-none\" style=\"border-radius:50%;\"><img decoding=\"async\" width=\"224\" height=\"224\" title=\"Guerra Allison 1\" src=\"https:\/\/ancperu.org\/ancperu\/wp-content\/uploads\/2022\/10\/Guerra-Allison-1.png\" data-orig-src=\"https:\/\/ancperu.org\/ancperu\/wp-content\/uploads\/2022\/10\/Guerra-Allison-1.png\" alt class=\"lazyload img-responsive wp-image-1514\" srcset=\"data:image\/svg+xml,%3Csvg%20xmlns%3D%27http%3A%2F%2Fwww.w3.org%2F2000%2Fsvg%27%20width%3D%27224%27%20height%3D%27224%27%20viewBox%3D%270%200%20224%20224%27%3E%3Crect%20width%3D%27224%27%20height%3D%27224%27%20fill-opacity%3D%220%22%2F%3E%3C%2Fsvg%3E\" data-srcset=\"https:\/\/ancperu.org\/ancperu\/wp-content\/uploads\/2022\/10\/Guerra-Allison-1-200x200.png 200w, https:\/\/ancperu.org\/ancperu\/wp-content\/uploads\/2022\/10\/Guerra-Allison-1.png 224w\" data-sizes=\"auto\" data-orig-sizes=\"(max-width: 640px) 100vw, 224px\" \/><\/span><\/div><style type=\"text\/css\">@media only screen and (max-width:1024px) {.fusion-title.fusion-title-46{margin-top:10px!important; margin-right:0px!important;margin-bottom:15px!important;margin-left:0px!important;}}@media only screen and (max-width:640px) {.fusion-title.fusion-title-46{margin-top:10px!important; margin-right:0px!important;margin-bottom:10px!important; margin-left:0px!important;}}<\/style><div class=\"fusion-title title fusion-title-46 fusion-sep-none fusion-title-center fusion-title-text fusion-title-size-two\" style=\"font-size:21px;margin-top:10px;margin-right:0px;margin-bottom:15px;margin-left:0px;\"><h2 class=\"title-heading-center fusion-responsive-typography-calculated\" style=\"margin:0;font-size:1em;color:var(--awb-color1);--fontSize:21;--minFontSize:21px;line-height:var(--awb-typography1-line-height);\"><p style=\"text-align: center;\">Dr. Humberto Guerra Allison<\/p><\/h2><\/div><div class=\"fusion-text fusion-text-80\" style=\"text-align:left;font-size:14px;color:var(--awb-color1);\"><p style=\"text-align: center;\"><strong>VOCAL<\/strong><\/p>\n<\/div><div class=\"fusion-text fusion-text-81\" style=\"text-align:left;font-size:14px;color:var(--awb-color1);\"><p style=\"text-align: left;\"><span style=\"font-weight: 400;\">M\u00e9dico especialista en Microbiolog\u00eda. Es a<\/span><span style=\"font-weight: 400;\">lumno fundador, investigador y profesor em\u00e9rito de la Universidad Peruana Cayetano Heredia (UPCH). Cofundador y exdirector del Instituto de Medicina Tropical Alexander von Humboldt de la UPCH. Se ha desempe\u00f1ado como miembro del Comit\u00e9 de Asesores del Consejo Nacional de Ciencia y Tecnolog\u00eda \u2013 CONCYTEC<\/span><span style=\"font-weight: 400;\"> y como coordinador del Comit\u00e9 Asia Pac\u00edfico de la UPCH en la Red Peruana para Estudios del Asia Pac\u00edfico (REDAP). Recibi\u00f3 el premio Esteban Campod\u00f3nico por servicios a la sociedad peruana. <\/span><span style=\"font-weight: 400;\">Ha participado en trabajos de investigaci\u00f3n comunitaria para enfermedades prevalentes en el Per\u00fa, como la verruga peruana, leishmaniasis, hepatitis B y delta, lepra, entre otras. Es un visionario por su temprano inter\u00e9s en la telemedicina para la atenci\u00f3n m\u00e9dica en la Amazon\u00eda desde hace casi dos d\u00e9cadas. Ha publicado numerosos textos especializados en sus temas de investigaci\u00f3n. <\/span><\/p>\n<\/div><\/div><style type=\"text\/css\">.fusion-body .fusion-builder-column-50{width:33.333333333333% !important;margin-top : 0px;margin-bottom : 20px;}.fusion-builder-column-50 > .fusion-column-wrapper {padding-top : 10px !important;padding-right : 10px !important;margin-right : 5.76%;padding-bottom : 10px !important;padding-left : 10px !important;margin-left : 5.76%;}@media only screen and (max-width:1024px) {.fusion-body .fusion-builder-column-50{width:33.333333333333% !important;order : 0;}.fusion-builder-column-50 > .fusion-column-wrapper {margin-right : 5.76%;margin-left : 5.76%;}}@media only screen and (max-width:640px) {.fusion-body .fusion-builder-column-50{width:100% !important;order : 0;}.fusion-builder-column-50 > .fusion-column-wrapper {margin-right : 1.92%;margin-left : 1.92%;}}<\/style><\/div><div class=\"fusion-layout-column fusion_builder_column fusion-builder-column-51 fusion_builder_column_1_3 1_3 fusion-flex-column fusion-flex-align-self-flex-start\"><div class=\"fusion-column-wrapper fusion-flex-justify-content-flex-start fusion-content-layout-column\" style=\"background-position:left top;background-repeat:no-repeat;-webkit-background-size:cover;-moz-background-size:cover;-o-background-size:cover;background-size:cover;border-radius:10px 10px 10px 10px;background-color:var(--awb-color5);border-radius:10px 10px 10px 10px;overflow:hidden;padding: 10px 10px 10px 10px;\"><div style=\"text-align:center;\"><span class=\" fusion-imageframe imageframe-none imageframe-41 hover-type-none\" style=\"border-radius:50%;\"><img decoding=\"async\" width=\"224\" height=\"224\" title=\"Heraud Perez 1\" src=\"https:\/\/ancperu.org\/ancperu\/wp-content\/uploads\/2022\/10\/Heraud-Perez-1.png\" data-orig-src=\"https:\/\/ancperu.org\/ancperu\/wp-content\/uploads\/2022\/10\/Heraud-Perez-1.png\" alt class=\"lazyload img-responsive wp-image-1516\" srcset=\"data:image\/svg+xml,%3Csvg%20xmlns%3D%27http%3A%2F%2Fwww.w3.org%2F2000%2Fsvg%27%20width%3D%27224%27%20height%3D%27224%27%20viewBox%3D%270%200%20224%20224%27%3E%3Crect%20width%3D%27224%27%20height%3D%27224%27%20fill-opacity%3D%220%22%2F%3E%3C%2Fsvg%3E\" data-srcset=\"https:\/\/ancperu.org\/ancperu\/wp-content\/uploads\/2022\/10\/Heraud-Perez-1-200x200.png 200w, https:\/\/ancperu.org\/ancperu\/wp-content\/uploads\/2022\/10\/Heraud-Perez-1.png 224w\" data-sizes=\"auto\" data-orig-sizes=\"(max-width: 640px) 100vw, 224px\" \/><\/span><\/div><style type=\"text\/css\">@media only screen and (max-width:1024px) {.fusion-title.fusion-title-47{margin-top:10px!important; margin-right:0px!important;margin-bottom:15px!important;margin-left:0px!important;}}@media only screen and (max-width:640px) {.fusion-title.fusion-title-47{margin-top:10px!important; margin-right:0px!important;margin-bottom:10px!important; margin-left:0px!important;}}<\/style><div class=\"fusion-title title fusion-title-47 fusion-sep-none fusion-title-center fusion-title-text fusion-title-size-two\" style=\"font-size:21px;margin-top:10px;margin-right:0px;margin-bottom:15px;margin-left:0px;\"><h2 class=\"title-heading-center fusion-responsive-typography-calculated\" style=\"margin:0;font-size:1em;color:var(--awb-color1);--fontSize:21;--minFontSize:21px;line-height:var(--awb-typography1-line-height);\"><p style=\"text-align: center;\">Dr. Jorge Heraud P\u00e9rez<\/p><\/h2><\/div><div class=\"fusion-text fusion-text-82\" style=\"text-align:left;font-size:14px;color:var(--awb-color1);\"><p style=\"text-align: center;\"><strong>VOCAL<\/strong><\/p>\n<\/div><div class=\"fusion-text fusion-text-83\" style=\"text-align:left;font-size:14px;color:var(--awb-color1);\"><p style=\"text-align: left;\"><span style=\"font-weight: 400;\">Cient\u00edfico. Doctor en Astrof\u00edsica y Radiociencia. Es profesor y director del Instituto de Radioastronom\u00eda de la Pontificia Universidad Cat\u00f3lica del Per\u00fa, dedicado al estudio de la Ciencia e Ingenier\u00eda Espacial, con proyectos en radioastronom\u00eda, radiociencia, f\u00edsica de la tierra s\u00f3lida, entre otras materias. Desde ah\u00ed ha liderado el desarrollo de los dos primeros sat\u00e9lites peruanos que orbitan la Tierra desde el 2013. Actualmente desarrolla una red de magnet\u00f3metros para detectar se\u00f1ales de sismo y emitir alertas con anticipaci\u00f3n, tecnolog\u00eda a\u00fan en modo de prueba, como parte del Proyecto Per\u00fa-Magneto<\/span><span style=\"font-weight: 400;\">.\u00a0<\/span><span style=\"font-weight: 400;\">Fue miembro del Radio Club Peruano, donde dirigi\u00f3 el dise\u00f1o y construcci\u00f3n una antena parab\u00f3lica para comunicaciones y experimentos por rebote lunar. Se desempe\u00f1o como experto internacional de la OEA para conformar el grupo de evaluaci\u00f3n final del Proyecto Multinacional de Microelectr\u00f3nica e Inform\u00e1tica. Ha sido presidente del comit\u00e9 de gesti\u00f3n para el Proyecto del Museo Interactivo de Ciencia y Tecnolog\u00eda en Lima y consultor del Banco Interamericano de Desarrollo para el programa de Ciencia y Tecnolog\u00eda en el Per\u00fa. <\/span><span style=\"font-weight: 400;\">Recibi\u00f3 los premios CONCYTEC en <\/span><span style=\"font-weight: 400;\">\u00abReconocimiento a su Significativa Contribuci\u00f3n al Desarrollo de La Ciencia y Tecnolog\u00eda en el Pa\u00eds\u00bb y \u00abReconocimiento y Est\u00edmulo CONCYTEC 1996 a la Trayectoria y Contribuci\u00f3n Cient\u00edfica y Tecnol\u00f3gica en el \u00c1rea de Ciencias de la Ingenier\u00eda Microelectr\u00f3nica\u00bb, as\u00ed como el premio\u00a0Southern Per\u00fa\u00a0a la \u00abCreatividad Humana en el \u00e1rea de las Ciencias y Medalla Crist\u00f3bal de Lozada y Puga a las Ciencias\u00bb. Es autor de numerosos art\u00edculos y cap\u00edtulos sobre temas de su especialidad.<\/span><\/p>\n<\/div><\/div><style type=\"text\/css\">.fusion-body .fusion-builder-column-51{width:33.333333333333% !important;margin-top : 0px;margin-bottom : 20px;}.fusion-builder-column-51 > .fusion-column-wrapper {padding-top : 10px !important;padding-right : 10px !important;margin-right : 5.76%;padding-bottom : 10px !important;padding-left : 10px !important;margin-left : 5.76%;}@media only screen and (max-width:1024px) {.fusion-body .fusion-builder-column-51{width:33.333333333333% !important;order : 0;}.fusion-builder-column-51 > .fusion-column-wrapper {margin-right : 5.76%;margin-left : 5.76%;}}@media only screen and (max-width:640px) {.fusion-body .fusion-builder-column-51{width:100% !important;order : 0;}.fusion-builder-column-51 > .fusion-column-wrapper {margin-right : 1.92%;margin-left : 1.92%;}}<\/style><\/div><div class=\"fusion-layout-column fusion_builder_column fusion-builder-column-52 fusion_builder_column_1_3 1_3 fusion-flex-column fusion-flex-align-self-flex-start\"><div class=\"fusion-column-wrapper fusion-flex-justify-content-flex-start fusion-content-layout-column\" style=\"background-position:left top;background-repeat:no-repeat;-webkit-background-size:cover;-moz-background-size:cover;-o-background-size:cover;background-size:cover;border-radius:10px 10px 10px 10px;background-color:var(--awb-color5);border-radius:10px 10px 10px 10px;overflow:hidden;padding: 10px 10px 10px 10px;\"><div style=\"text-align:center;\"><span class=\" fusion-imageframe imageframe-none imageframe-42 hover-type-none\" style=\"border-radius:50%;\"><img decoding=\"async\" width=\"224\" height=\"224\" title=\"Cazorla Talleri\" src=\"https:\/\/ancperu.org\/ancperu\/wp-content\/uploads\/2022\/10\/Cazorla-Talleri-1.png\" data-orig-src=\"https:\/\/ancperu.org\/ancperu\/wp-content\/uploads\/2022\/10\/Cazorla-Talleri-1.png\" alt class=\"lazyload img-responsive wp-image-1509\" srcset=\"data:image\/svg+xml,%3Csvg%20xmlns%3D%27http%3A%2F%2Fwww.w3.org%2F2000%2Fsvg%27%20width%3D%27224%27%20height%3D%27224%27%20viewBox%3D%270%200%20224%20224%27%3E%3Crect%20width%3D%27224%27%20height%3D%27224%27%20fill-opacity%3D%220%22%2F%3E%3C%2Fsvg%3E\" data-srcset=\"https:\/\/ancperu.org\/ancperu\/wp-content\/uploads\/2022\/10\/Cazorla-Talleri-1-200x200.png 200w, https:\/\/ancperu.org\/ancperu\/wp-content\/uploads\/2022\/10\/Cazorla-Talleri-1.png 224w\" data-sizes=\"auto\" data-orig-sizes=\"(max-width: 640px) 100vw, 224px\" \/><\/span><\/div><style type=\"text\/css\">@media only screen and (max-width:1024px) {.fusion-title.fusion-title-48{margin-top:10px!important; margin-right:0px!important;margin-bottom:15px!important;margin-left:0px!important;}}@media only screen and (max-width:640px) {.fusion-title.fusion-title-48{margin-top:10px!important; margin-right:0px!important;margin-bottom:10px!important; margin-left:0px!important;}}<\/style><div class=\"fusion-title title fusion-title-48 fusion-sep-none fusion-title-center fusion-title-text fusion-title-size-two\" style=\"font-size:21px;margin-top:10px;margin-right:0px;margin-bottom:15px;margin-left:0px;\"><h2 class=\"title-heading-center fusion-responsive-typography-calculated\" style=\"margin:0;font-size:1em;color:var(--awb-color1);--fontSize:21;--minFontSize:21px;line-height:var(--awb-typography1-line-height);\"><p style=\"text-align: center;\">Dr. Alberto Cazorla Talleri<\/p><\/h2><\/div><div class=\"fusion-text fusion-text-84\" style=\"text-align:left;font-size:14px;color:var(--awb-color1);\"><p style=\"text-align: center;\"><strong>VOCAL<\/strong><\/p>\n<\/div><div class=\"fusion-text fusion-text-85\" style=\"text-align:left;font-size:14px;color:var(--awb-color1);\"><p><span style=\"font-weight: 400;\">M\u00e9dico especialista en Microbiolog\u00eda. Fue jefe del Departamento de Investigaciones del Instituto Nacional de Enfermedades Neopl\u00e1sicas. Su trayectoria como docente e investigador est\u00e1 vinculada a la Universidad Peruana Cayetano Heredia, cuya Facultad de Ciencias y Filosof\u00eda lleva su nombre; en esa casa de estudios fue tambi\u00e9n jefe de la Secci\u00f3n de Bioqu\u00edmica y del Departamento de Ciencias Fisiol\u00f3gicas, as\u00ed como decano de la Facultad de Ciencias y Filosof\u00eda y rector. Asimismo, fue promotor del Laboratorio de Investigaci\u00f3n y desarrollo de dicha universidad, el mejor en el continente. <\/span><span style=\"font-weight: 400;\">Fue Embajador en M\u00e9xico, pa\u00eds que le otorg\u00f3 la condecoraci\u00f3n de la Orden Mexicana del \u00c1guila Azteca, que es la m\u00e1s alta distinci\u00f3n otorgada a los extranjeros que han prestado servicios prominentes a la Naci\u00f3n Mexicana. <\/span><span style=\"font-weight: 400;\">Ha sido presidente de la Academia Nacional de Medicina y la Academia Nacional de Ciencias. Recibi\u00f3 el premio Esteban Campod\u00f3nico, el premio CONCYTEC, la Medalla al M\u00e9rito Extraordinario del Colegio M\u00e9dico del Per\u00fa y fue reconocido como Gran Oficial de la Orden Daniel Carri\u00f3n y Gran Oficial de la Orden Hip\u00f3lito Unanue.<\/span><\/p>\n<\/div><\/div><style type=\"text\/css\">.fusion-body .fusion-builder-column-52{width:33.333333333333% !important;margin-top : 0px;margin-bottom : 20px;}.fusion-builder-column-52 > .fusion-column-wrapper {padding-top : 10px !important;padding-right : 10px !important;margin-right : 5.76%;padding-bottom : 10px !important;padding-left : 10px !important;margin-left : 5.76%;}@media only screen and (max-width:1024px) {.fusion-body .fusion-builder-column-52{width:33.333333333333% !important;order : 0;}.fusion-builder-column-52 > .fusion-column-wrapper {margin-right : 5.76%;margin-left : 5.76%;}}@media only screen and (max-width:640px) {.fusion-body .fusion-builder-column-52{width:100% !important;order : 0;}.fusion-builder-column-52 > .fusion-column-wrapper {margin-right : 1.92%;margin-left : 1.92%;}}<\/style><\/div><div class=\"fusion-layout-column fusion_builder_column fusion-builder-column-53 fusion_builder_column_1_1 1_1 fusion-flex-column\"><div class=\"fusion-column-wrapper fusion-flex-justify-content-flex-start fusion-content-layout-column\" style=\"background-position:left top;background-repeat:no-repeat;-webkit-background-size:cover;-moz-background-size:cover;-o-background-size:cover;background-size:cover;padding: 0px 0px 0px 0px;\"><div class=\"fusion-separator fusion-full-width-sep\" style=\"align-self: center;margin-left: auto;margin-right: auto;margin-top:10px;margin-bottom:20px;width:100%;\"><div class=\"fusion-separator-border sep-double\" style=\"border-color:hsla(var(--awb-color5-h),var(--awb-color5-s),var(--awb-color5-l),calc( var(--awb-color5-a) - 97% ));border-top-width:0px;border-bottom-width:0px;\"><\/div><\/div><\/div><style type=\"text\/css\">.fusion-body .fusion-builder-column-53{width:100% !important;margin-top : 0px;margin-bottom : 20px;}.fusion-builder-column-53 > .fusion-column-wrapper {padding-top : 0px !important;padding-right : 0px !important;margin-right : 1.92%;padding-bottom : 0px !important;padding-left : 0px !important;margin-left : 1.92%;}@media only screen and (max-width:1024px) {.fusion-body .fusion-builder-column-53{width:100% !important;order : 0;}.fusion-builder-column-53 > .fusion-column-wrapper {margin-right : 1.92%;margin-left : 1.92%;}}@media only screen and (max-width:640px) {.fusion-body .fusion-builder-column-53{width:100% !important;order : 0;}.fusion-builder-column-53 > .fusion-column-wrapper {margin-right : 1.92%;margin-left : 1.92%;}}<\/style><\/div><\/div><style type=\"text\/css\">.fusion-body .fusion-flex-container.fusion-builder-row-6{ padding-top : 0px;margin-top : 0px;padding-right : 0px;padding-bottom : 0px;margin-bottom : 0px;padding-left : 0px;}<\/style><\/div><div class=\"fusion-fullwidth fullwidth-box fusion-builder-row-7 fusion-flex-container has-pattern-background has-mask-background nonhundred-percent-fullwidth non-hundred-percent-height-scrolling\" style=\"background-color: var(--awb-color6);background-position: center center;background-repeat: no-repeat;border-width: 0px 0px 0px 0px;border-color:hsla(var(--awb-color5-h),var(--awb-color5-s),var(--awb-color5-l),calc( var(--awb-color5-a) - 97% ));border-style:solid;\" ><div class=\"fusion-builder-row fusion-row fusion-flex-align-items-flex-start\" style=\"max-width:1248px;margin-left: calc(-4% \/ 2 );margin-right: calc(-4% \/ 2 );\"><div class=\"fusion-layout-column fusion_builder_column fusion-builder-column-54 fusion_builder_column_1_1 1_1 fusion-flex-column\"><div class=\"fusion-column-wrapper fusion-flex-justify-content-flex-start fusion-content-layout-column\" style=\"background-position:left top;background-repeat:no-repeat;-webkit-background-size:cover;-moz-background-size:cover;-o-background-size:cover;background-size:cover;padding: 0px 0px 0px 0px;\"><div class=\"fusion-separator fusion-full-width-sep\" style=\"align-self: center;margin-left: auto;margin-right: auto;margin-top:10px;margin-bottom:20px;width:100%;\"><div class=\"fusion-separator-border sep-double\" style=\"border-color:hsla(var(--awb-color5-h),var(--awb-color5-s),var(--awb-color5-l),calc( var(--awb-color5-a) - 97% ));border-top-width:0px;border-bottom-width:0px;\"><\/div><\/div><style type=\"text\/css\">@media only screen and (max-width:1024px) {.fusion-title.fusion-title-49{margin-top:10px!important; margin-right:0px!important;margin-bottom:15px!important;margin-left:0px!important;}}@media only screen and (max-width:640px) {.fusion-title.fusion-title-49{margin-top:10px!important; margin-right:0px!important;margin-bottom:10px!important; margin-left:0px!important;}}<\/style><div class=\"fusion-title title fusion-title-49 fusion-sep-none fusion-title-center fusion-title-text fusion-title-size-two\" style=\"margin-top:10px;margin-right:0px;margin-bottom:15px;margin-left:0px;\"><h2 class=\"title-heading-center fusion-responsive-typography-calculated\" style=\"margin:0;color:var(--awb-color4);--fontSize:40;line-height:var(--awb-typography1-line-height);\"><p style=\"text-align: center;\">Consejo Directivo 1970-1999<\/p><\/h2><\/div><\/div><style type=\"text\/css\">.fusion-body .fusion-builder-column-54{width:100% !important;margin-top : 0px;margin-bottom : 20px;}.fusion-builder-column-54 > .fusion-column-wrapper {padding-top : 0px !important;padding-right : 0px !important;margin-right : 1.92%;padding-bottom : 0px !important;padding-left : 0px !important;margin-left : 1.92%;}@media only screen and (max-width:1024px) {.fusion-body .fusion-builder-column-54{width:100% !important;order : 0;}.fusion-builder-column-54 > .fusion-column-wrapper {margin-right : 1.92%;margin-left : 1.92%;}}@media only screen and (max-width:640px) {.fusion-body .fusion-builder-column-54{width:100% !important;order : 0;}.fusion-builder-column-54 > .fusion-column-wrapper {margin-right : 1.92%;margin-left : 1.92%;}}<\/style><\/div><div class=\"fusion-layout-column fusion_builder_column fusion-builder-column-55 fusion_builder_column_1_3 1_3 fusion-flex-column fusion-flex-align-self-flex-start\"><div class=\"fusion-column-wrapper fusion-flex-justify-content-flex-start fusion-content-layout-column\" style=\"background-position:left top;background-repeat:no-repeat;-webkit-background-size:cover;-moz-background-size:cover;-o-background-size:cover;background-size:cover;border-radius:10px 10px 10px 10px;background-color:var(--awb-color5);border-radius:10px 10px 10px 10px;overflow:hidden;padding: 10px 10px 10px 10px;\"><div style=\"text-align:center;\"><span class=\" fusion-imageframe imageframe-none imageframe-43 hover-type-none\" style=\"border-radius:50%;\"><img decoding=\"async\" width=\"224\" height=\"224\" title=\"Tola Pasquel 1\" src=\"https:\/\/ancperu.org\/ancperu\/wp-content\/uploads\/2022\/10\/Tola-Pasquel-1.png\" data-orig-src=\"https:\/\/ancperu.org\/ancperu\/wp-content\/uploads\/2022\/10\/Tola-Pasquel-1.png\" alt class=\"lazyload img-responsive wp-image-1534\" srcset=\"data:image\/svg+xml,%3Csvg%20xmlns%3D%27http%3A%2F%2Fwww.w3.org%2F2000%2Fsvg%27%20width%3D%27224%27%20height%3D%27224%27%20viewBox%3D%270%200%20224%20224%27%3E%3Crect%20width%3D%27224%27%20height%3D%27224%27%20fill-opacity%3D%220%22%2F%3E%3C%2Fsvg%3E\" data-srcset=\"https:\/\/ancperu.org\/ancperu\/wp-content\/uploads\/2022\/10\/Tola-Pasquel-1-200x200.png 200w, https:\/\/ancperu.org\/ancperu\/wp-content\/uploads\/2022\/10\/Tola-Pasquel-1.png 224w\" data-sizes=\"auto\" data-orig-sizes=\"(max-width: 640px) 100vw, 224px\" \/><\/span><\/div><style type=\"text\/css\">@media only screen and (max-width:1024px) {.fusion-title.fusion-title-50{margin-top:10px!important; margin-right:0px!important;margin-bottom:15px!important;margin-left:0px!important;}}@media only screen and (max-width:640px) {.fusion-title.fusion-title-50{margin-top:10px!important; margin-right:0px!important;margin-bottom:10px!important; margin-left:0px!important;}}<\/style><div class=\"fusion-title title fusion-title-50 fusion-sep-none fusion-title-center fusion-title-text fusion-title-size-two\" style=\"font-size:21px;margin-top:10px;margin-right:0px;margin-bottom:15px;margin-left:0px;\"><h2 class=\"title-heading-center fusion-responsive-typography-calculated\" style=\"margin:0;font-size:1em;color:var(--awb-color1);--fontSize:21;--minFontSize:21px;line-height:var(--awb-typography1-line-height);\"><p style=\"text-align: center;\"><span style=\"font-weight: 400;\">Dr. Jos\u00e9 Tola Pasquel<\/span><\/p><\/h2><\/div><div class=\"fusion-text fusion-text-86\" style=\"text-align:left;font-size:14px;color:var(--awb-color1);\"><p style=\"text-align: left;\"><span style=\"font-weight: 400;\">Matem\u00e1tico e ingeniero civil. <\/span><span style=\"font-weight: 400;\">Contribuy\u00f3 significativamente al desarrollo de las ciencias matem\u00e1ticas, con importantes publicaciones sobre\u00a0\u00e1lgebra lineal y multilineal. Fue docente e investigador en ambas disciplinas. Ejerci\u00f3 la docencia en la Universidad Nacional Mayor de San Marcos, Universidad Nacional de Ingenier\u00eda y Pontificia Universidad Cat\u00f3lica del Per\u00fa. Introdujo en ellas la ense\u00f1anza del \u00c1lgebra Abstracta, el \u00c1lgebra Lineal y Multilineal, Variable Compleja, Teor\u00eda Cualitativa de las Ecuaciones Diferenciales, Teor\u00eda de la Elasticidad, C\u00e1lculo de Variaciones y Teor\u00eda del Control \u00d3ptimo. Rector de la Pontificia Universidad Cat\u00f3lica del Per\u00fa y director de la Escuela de Graduados. Fue el primer presidente de la Sociedad Matem\u00e1tica Peruana, decano del Colegio de Ingenieros del Per\u00fa y miembro del Comit\u00e9 Interamericano de Ense\u00f1anza de las Matem\u00e1ticas. Presidi\u00f3 <\/span><span style=\"font-weight: 400;\">la\u00a0y fue Presidente Honorario del Centro Interuniversitario de Desarrollo Andino (CINDA). Fue tambi\u00e9n miembro de la\u00a0<\/span><span style=\"font-weight: 400;\">Academia Peruana de la Lengua<\/span><span style=\"font-weight: 400;\">,\u00a0y miembro correspondiente de la Academia Colombiana de Ciencias Exactas, F\u00edsicas y Naturales. Recibi\u00f3 el premio a la Investigaci\u00f3n Cient\u00edfica de la Academia Nacional de Ciencias y el Premio Nacional de Cultura de Ciencias Naturales y Matem\u00e1ticas, as\u00ed como las Palmas Magisteriales en el Grado de Amauta y las\u00a0<\/span><span style=\"font-weight: 400;\">Palmas Acad\u00e9micas<\/span><span style=\"font-weight: 400;\">, otorgada por el Gobierno Franc\u00e9s. <\/span><span style=\"font-weight: 400;\">Registra m\u00e1s de 21 memorias cient\u00edficas y 18 libros, entre otras publicaciones.<\/span><\/p>\n<\/div><\/div><style type=\"text\/css\">.fusion-body .fusion-builder-column-55{width:33.333333333333% !important;margin-top : 0px;margin-bottom : 20px;}.fusion-builder-column-55 > .fusion-column-wrapper {padding-top : 10px !important;padding-right : 10px !important;margin-right : 5.76%;padding-bottom : 10px !important;padding-left : 10px !important;margin-left : 5.76%;}@media only screen and (max-width:1024px) {.fusion-body .fusion-builder-column-55{width:33.333333333333% !important;order : 0;}.fusion-builder-column-55 > .fusion-column-wrapper {margin-right : 5.76%;margin-left : 5.76%;}}@media only screen and (max-width:640px) {.fusion-body .fusion-builder-column-55{width:100% !important;order : 0;}.fusion-builder-column-55 > .fusion-column-wrapper {margin-right : 1.92%;margin-left : 1.92%;}}<\/style><\/div><div class=\"fusion-layout-column fusion_builder_column fusion-builder-column-56 fusion_builder_column_1_3 1_3 fusion-flex-column fusion-flex-align-self-flex-start\"><div class=\"fusion-column-wrapper fusion-flex-justify-content-flex-start fusion-content-layout-column\" style=\"background-position:left top;background-repeat:no-repeat;-webkit-background-size:cover;-moz-background-size:cover;-o-background-size:cover;background-size:cover;border-radius:10px 10px 10px 10px;background-color:var(--awb-color5);border-radius:10px 10px 10px 10px;overflow:hidden;padding: 10px 10px 10px 10px;\"><div style=\"text-align:center;\"><span class=\" fusion-imageframe imageframe-none imageframe-44 hover-type-none\" style=\"border-radius:50%;\"><img decoding=\"async\" width=\"224\" height=\"224\" title=\"Latorre Aguilar\" src=\"https:\/\/ancperu.org\/ancperu\/wp-content\/uploads\/2022\/10\/Latorre-Aguilar.png\" data-orig-src=\"https:\/\/ancperu.org\/ancperu\/wp-content\/uploads\/2022\/10\/Latorre-Aguilar.png\" alt class=\"lazyload img-responsive wp-image-1511\" srcset=\"data:image\/svg+xml,%3Csvg%20xmlns%3D%27http%3A%2F%2Fwww.w3.org%2F2000%2Fsvg%27%20width%3D%27224%27%20height%3D%27224%27%20viewBox%3D%270%200%20224%20224%27%3E%3Crect%20width%3D%27224%27%20height%3D%27224%27%20fill-opacity%3D%220%22%2F%3E%3C%2Fsvg%3E\" data-srcset=\"https:\/\/ancperu.org\/ancperu\/wp-content\/uploads\/2022\/10\/Latorre-Aguilar-200x200.png 200w, https:\/\/ancperu.org\/ancperu\/wp-content\/uploads\/2022\/10\/Latorre-Aguilar.png 224w\" data-sizes=\"auto\" data-orig-sizes=\"(max-width: 640px) 100vw, 224px\" \/><\/span><\/div><style type=\"text\/css\">@media only screen and (max-width:1024px) {.fusion-title.fusion-title-51{margin-top:10px!important; margin-right:0px!important;margin-bottom:15px!important;margin-left:0px!important;}}@media only screen and (max-width:640px) {.fusion-title.fusion-title-51{margin-top:10px!important; margin-right:0px!important;margin-bottom:10px!important; margin-left:0px!important;}}<\/style><div class=\"fusion-title title fusion-title-51 fusion-sep-none fusion-title-center fusion-title-text fusion-title-size-two\" style=\"font-size:21px;margin-top:10px;margin-right:0px;margin-bottom:15px;margin-left:0px;\"><h2 class=\"title-heading-center fusion-responsive-typography-calculated\" style=\"margin:0;font-size:1em;color:var(--awb-color1);--fontSize:21;--minFontSize:21px;line-height:var(--awb-typography1-line-height);\"><p style=\"text-align: center;\">Dr. V\u00edctor Latorre Aguilar<\/p><\/h2><\/div><div class=\"fusion-text fusion-text-87\" style=\"text-align:left;font-size:14px;color:var(--awb-color1);\"><p><span style=\"font-weight: 400;\">Doctor en F\u00edsica Nuclear. Tuvo gran influencia en el desarrollo de la ciencia y f\u00edsica en el pa\u00eds. Fue presidente del Instituto Peruano de Energ\u00eda Nuclear, director del Instituto de Ciencia y Tecnolog\u00eda de la Universidad Ricardo Palma y profesor em\u00e9rito de la Universidad Nacional de Ingenier\u00eda. Ejerci\u00f3 la docencia en esas dos casas de estudios y tambi\u00e9n en la Universidad <\/span><span style=\"font-weight: 400;\">Nacional de San Antonio Abad del Cusco, donde influenci\u00f3 la formaci\u00f3n de cientos de estudiantes peruanos. <\/span><span style=\"font-weight: 400;\">Fue m<\/span><span style=\"font-weight: 400;\">iembro de la Comisi\u00f3n de Reforma de la Educaci\u00f3n, cuyo informe final fundament\u00f3 la Ley 19326, Ley General de Educaci\u00f3n, que reform\u00f3 profundamente el sistema educativo y est\u00e1 vigente hasta hoy.\u00a0<\/span><span style=\"font-weight: 400;\">Recibi\u00f3 el premio \u201cSpirit of Abdus Salam\u201d del Abdus Salam International Centre for Theoretical Physics. Fue cofundador de <\/span><span style=\"font-weight: 400;\">\u201cMulticiencias\u201d, una iniciativa para desarrollar la cooperaci\u00f3n internacional para que cient\u00edficos extranjeros realicen intercambio con los peruanos.<\/span><\/p>\n<\/div><\/div><style type=\"text\/css\">.fusion-body .fusion-builder-column-56{width:33.333333333333% !important;margin-top : 0px;margin-bottom : 20px;}.fusion-builder-column-56 > .fusion-column-wrapper {padding-top : 10px !important;padding-right : 10px !important;margin-right : 5.76%;padding-bottom : 10px !important;padding-left : 10px !important;margin-left : 5.76%;}@media only screen and (max-width:1024px) {.fusion-body .fusion-builder-column-56{width:33.333333333333% !important;order : 0;}.fusion-builder-column-56 > .fusion-column-wrapper {margin-right : 5.76%;margin-left : 5.76%;}}@media only screen and (max-width:640px) {.fusion-body .fusion-builder-column-56{width:100% !important;order : 0;}.fusion-builder-column-56 > .fusion-column-wrapper {margin-right : 1.92%;margin-left : 1.92%;}}<\/style><\/div><div class=\"fusion-layout-column fusion_builder_column fusion-builder-column-57 fusion_builder_column_1_3 1_3 fusion-flex-column fusion-flex-align-self-flex-start\"><div class=\"fusion-column-wrapper fusion-flex-justify-content-flex-start fusion-content-layout-column\" style=\"background-position:left top;background-repeat:no-repeat;-webkit-background-size:cover;-moz-background-size:cover;-o-background-size:cover;background-size:cover;border-radius:10px 10px 10px 10px;background-color:var(--awb-color5);border-radius:10px 10px 10px 10px;overflow:hidden;padding: 10px 10px 10px 10px;\"><div style=\"text-align:center;\"><span class=\" fusion-imageframe imageframe-none imageframe-45 hover-type-none\" style=\"border-radius:50%;\"><img decoding=\"async\" width=\"224\" height=\"224\" title=\"Cesar Carranza Saravia\" src=\"https:\/\/ancperu.org\/ancperu\/wp-content\/uploads\/2022\/10\/Cesar-Carranza-Saravia.png\" data-orig-src=\"https:\/\/ancperu.org\/ancperu\/wp-content\/uploads\/2022\/10\/Cesar-Carranza-Saravia.png\" alt class=\"lazyload img-responsive wp-image-1510\" srcset=\"data:image\/svg+xml,%3Csvg%20xmlns%3D%27http%3A%2F%2Fwww.w3.org%2F2000%2Fsvg%27%20width%3D%27224%27%20height%3D%27224%27%20viewBox%3D%270%200%20224%20224%27%3E%3Crect%20width%3D%27224%27%20height%3D%27224%27%20fill-opacity%3D%220%22%2F%3E%3C%2Fsvg%3E\" data-srcset=\"https:\/\/ancperu.org\/ancperu\/wp-content\/uploads\/2022\/10\/Cesar-Carranza-Saravia-200x200.png 200w, https:\/\/ancperu.org\/ancperu\/wp-content\/uploads\/2022\/10\/Cesar-Carranza-Saravia.png 224w\" data-sizes=\"auto\" data-orig-sizes=\"(max-width: 640px) 100vw, 224px\" \/><\/span><\/div><style type=\"text\/css\">@media only screen and (max-width:1024px) {.fusion-title.fusion-title-52{margin-top:10px!important; margin-right:0px!important;margin-bottom:15px!important;margin-left:0px!important;}}@media only screen and (max-width:640px) {.fusion-title.fusion-title-52{margin-top:10px!important; margin-right:0px!important;margin-bottom:10px!important; margin-left:0px!important;}}<\/style><div class=\"fusion-title title fusion-title-52 fusion-sep-none fusion-title-center fusion-title-text fusion-title-size-two\" style=\"font-size:21px;margin-top:10px;margin-right:0px;margin-bottom:15px;margin-left:0px;\"><h2 class=\"title-heading-center fusion-responsive-typography-calculated\" style=\"margin:0;font-size:1em;color:var(--awb-color1);--fontSize:21;--minFontSize:21px;line-height:var(--awb-typography1-line-height);\"><p style=\"text-align: center;\">Dr. C\u00e9sar Carranza Saravia<\/p><\/h2><\/div><div class=\"fusion-text fusion-text-88\" style=\"text-align:left;font-size:14px;color:var(--awb-color1);\"><p><span style=\"font-weight: 400;\">Doctor en Matem\u00e1ticas. Fundador junto con Jos\u00e9 Tola Pasquel del Instituto de Matem\u00e1ticas de la Universidad Nacional de Ingenier\u00eda, antecesor de la Facultad de Ciencias de dicha casa de estudios. Fue presidente de la Comisi\u00f3n Organizadora de la Universidad Nacional Santiago Ant\u00fanez de Mayolo y presidi\u00f3 la primera Comisi\u00f3n de Gobierno de la citada universidad. Ejerci\u00f3 la docencia en la Universidad Nacional Mayor de San Marcos, Universidad Nacional de Ingenier\u00eda, Universidad Enrique Guzm\u00e1n y Valle, y Pontificia Universidad Cat\u00f3lica del Per\u00fa. Ha sido reconocido como profesor em\u00e9rito de esta \u00faltima casa de estudios,<\/span><span style=\"font-weight: 400;\"> de la Universidad Nacional Mayor de San Marcos y de la Universidad Nacional de Ancash \u201cSantiago Ant\u00fanez de Mayolo\u201d; y como profesor honorario de las universidades San Antonio Abad del Cusco, San Luis Gonzaga de Ica, Pedro Ruiz Gallo de Lambayeque y Los Andes de Huancayo. Recibi\u00f3 las Palmas Magisteriales en el grado de Amauta. Ha publicado numerosos libros sobre matem\u00e1ticas de nivel universitario y ha trabajado incansablemente en la formaci\u00f3n no solo de sus estudiantes universitarios, sino tambi\u00e9n de los profesores de matem\u00e1ticas de educaci\u00f3n secundaria y primaria.<\/span><\/p>\n<\/div><\/div><style type=\"text\/css\">.fusion-body .fusion-builder-column-57{width:33.333333333333% !important;margin-top : 0px;margin-bottom : 20px;}.fusion-builder-column-57 > .fusion-column-wrapper {padding-top : 10px !important;padding-right : 10px !important;margin-right : 5.76%;padding-bottom : 10px !important;padding-left : 10px !important;margin-left : 5.76%;}@media only screen and (max-width:1024px) {.fusion-body .fusion-builder-column-57{width:33.333333333333% !important;order : 0;}.fusion-builder-column-57 > .fusion-column-wrapper {margin-right : 5.76%;margin-left : 5.76%;}}@media only screen and (max-width:640px) {.fusion-body .fusion-builder-column-57{width:100% !important;order : 0;}.fusion-builder-column-57 > .fusion-column-wrapper {margin-right : 1.92%;margin-left : 1.92%;}}<\/style><\/div><div class=\"fusion-layout-column fusion_builder_column fusion-builder-column-58 fusion_builder_column_1_1 1_1 fusion-flex-column\"><div class=\"fusion-column-wrapper fusion-flex-justify-content-flex-start fusion-content-layout-column\" style=\"background-position:left top;background-repeat:no-repeat;-webkit-background-size:cover;-moz-background-size:cover;-o-background-size:cover;background-size:cover;padding: 0px 0px 0px 0px;\"><div class=\"fusion-separator fusion-full-width-sep\" style=\"align-self: center;margin-left: auto;margin-right: auto;margin-top:10px;margin-bottom:20px;width:100%;\"><div class=\"fusion-separator-border sep-double\" style=\"border-color:hsla(var(--awb-color5-h),var(--awb-color5-s),var(--awb-color5-l),calc( var(--awb-color5-a) - 97% ));border-top-width:0px;border-bottom-width:0px;\"><\/div><\/div><\/div><style type=\"text\/css\">.fusion-body .fusion-builder-column-58{width:100% !important;margin-top : 0px;margin-bottom : 20px;}.fusion-builder-column-58 > .fusion-column-wrapper {padding-top : 0px !important;padding-right : 0px !important;margin-right : 1.92%;padding-bottom : 0px !important;padding-left : 0px !important;margin-left : 1.92%;}@media only screen and (max-width:1024px) {.fusion-body .fusion-builder-column-58{width:100% !important;order : 0;}.fusion-builder-column-58 > .fusion-column-wrapper {margin-right : 1.92%;margin-left : 1.92%;}}@media only screen and (max-width:640px) {.fusion-body .fusion-builder-column-58{width:100% !important;order : 0;}.fusion-builder-column-58 > .fusion-column-wrapper {margin-right : 1.92%;margin-left : 1.92%;}}<\/style><\/div><\/div><style type=\"text\/css\">.fusion-body .fusion-flex-container.fusion-builder-row-7{ padding-top : 0px;margin-top : 0px;padding-right : 0px;padding-bottom : 0px;margin-bottom : 0px;padding-left : 0px;}<\/style><\/div><div class=\"fusion-fullwidth fullwidth-box fusion-builder-row-8 fusion-flex-container has-pattern-background has-mask-background nonhundred-percent-fullwidth non-hundred-percent-height-scrolling\" style=\"background-color: var(--awb-color6);background-position: center center;background-repeat: no-repeat;border-width: 0px 0px 0px 0px;border-color:hsla(var(--awb-color5-h),var(--awb-color5-s),var(--awb-color5-l),calc( var(--awb-color5-a) - 97% ));border-style:solid;\" ><div class=\"fusion-builder-row fusion-row fusion-flex-align-items-flex-start\" style=\"max-width:1248px;margin-left: calc(-4% \/ 2 );margin-right: calc(-4% \/ 2 );\"><div class=\"fusion-layout-column fusion_builder_column fusion-builder-column-59 fusion_builder_column_1_1 1_1 fusion-flex-column\"><div class=\"fusion-column-wrapper fusion-flex-justify-content-flex-start fusion-content-layout-column\" style=\"background-position:left top;background-repeat:no-repeat;-webkit-background-size:cover;-moz-background-size:cover;-o-background-size:cover;background-size:cover;padding: 0px 0px 0px 0px;\"><div class=\"fusion-separator fusion-full-width-sep\" style=\"align-self: center;margin-left: auto;margin-right: auto;margin-top:10px;margin-bottom:20px;width:100%;\"><div class=\"fusion-separator-border sep-double\" style=\"border-color:hsla(var(--awb-color5-h),var(--awb-color5-s),var(--awb-color5-l),calc( var(--awb-color5-a) - 97% ));border-top-width:0px;border-bottom-width:0px;\"><\/div><\/div><style type=\"text\/css\">@media only screen and (max-width:1024px) {.fusion-title.fusion-title-53{margin-top:10px!important; margin-right:0px!important;margin-bottom:15px!important;margin-left:0px!important;}}@media only screen and (max-width:640px) {.fusion-title.fusion-title-53{margin-top:10px!important; margin-right:0px!important;margin-bottom:10px!important; margin-left:0px!important;}}<\/style><div class=\"fusion-title title fusion-title-53 fusion-sep-none fusion-title-center fusion-title-text fusion-title-size-two\" style=\"margin-top:10px;margin-right:0px;margin-bottom:15px;margin-left:0px;\"><h2 class=\"title-heading-center fusion-responsive-typography-calculated\" style=\"margin:0;color:var(--awb-color4);--fontSize:40;line-height:var(--awb-typography1-line-height);\"><p style=\"text-align: center;\">Consejo Directivo 1938-1970<\/p><\/h2><\/div><\/div><style type=\"text\/css\">.fusion-body .fusion-builder-column-59{width:100% !important;margin-top : 0px;margin-bottom : 20px;}.fusion-builder-column-59 > .fusion-column-wrapper {padding-top : 0px !important;padding-right : 0px !important;margin-right : 1.92%;padding-bottom : 0px !important;padding-left : 0px !important;margin-left : 1.92%;}@media only screen and (max-width:1024px) {.fusion-body .fusion-builder-column-59{width:100% !important;order : 0;}.fusion-builder-column-59 > .fusion-column-wrapper {margin-right : 1.92%;margin-left : 1.92%;}}@media only screen and (max-width:640px) {.fusion-body .fusion-builder-column-59{width:100% !important;order : 0;}.fusion-builder-column-59 > .fusion-column-wrapper {margin-right : 1.92%;margin-left : 1.92%;}}<\/style><\/div><div class=\"fusion-layout-column fusion_builder_column fusion-builder-column-60 fusion_builder_column_1_3 1_3 fusion-flex-column fusion-flex-align-self-flex-start\"><div class=\"fusion-column-wrapper fusion-flex-justify-content-flex-start fusion-content-layout-column\" style=\"background-position:left top;background-repeat:no-repeat;-webkit-background-size:cover;-moz-background-size:cover;-o-background-size:cover;background-size:cover;border-radius:10px 10px 10px 10px;background-color:var(--awb-color5);border-radius:10px 10px 10px 10px;overflow:hidden;padding: 10px 10px 10px 10px;\"><div style=\"text-align:center;\"><span class=\" fusion-imageframe imageframe-none imageframe-46 hover-type-none\" style=\"border-radius:50%;\"><img decoding=\"async\" width=\"224\" height=\"224\" title=\"Godofredo Garci\u0301a\" src=\"https:\/\/ancperu.org\/ancperu\/wp-content\/uploads\/2022\/10\/Godofredo-Garci\u0301a.png\" data-orig-src=\"https:\/\/ancperu.org\/ancperu\/wp-content\/uploads\/2022\/10\/Godofredo-Garci\u0301a.png\" alt class=\"lazyload img-responsive wp-image-1522\" srcset=\"data:image\/svg+xml,%3Csvg%20xmlns%3D%27http%3A%2F%2Fwww.w3.org%2F2000%2Fsvg%27%20width%3D%27224%27%20height%3D%27224%27%20viewBox%3D%270%200%20224%20224%27%3E%3Crect%20width%3D%27224%27%20height%3D%27224%27%20fill-opacity%3D%220%22%2F%3E%3C%2Fsvg%3E\" data-srcset=\"https:\/\/ancperu.org\/ancperu\/wp-content\/uploads\/2022\/10\/Godofredo-Garci\u0301a-200x200.png 200w, https:\/\/ancperu.org\/ancperu\/wp-content\/uploads\/2022\/10\/Godofredo-Garci\u0301a.png 224w\" data-sizes=\"auto\" data-orig-sizes=\"(max-width: 640px) 100vw, 224px\" \/><\/span><\/div><style type=\"text\/css\">@media only screen and (max-width:1024px) {.fusion-title.fusion-title-54{margin-top:10px!important; margin-right:0px!important;margin-bottom:15px!important;margin-left:0px!important;}}@media only screen and (max-width:640px) {.fusion-title.fusion-title-54{margin-top:10px!important; margin-right:0px!important;margin-bottom:10px!important; margin-left:0px!important;}}<\/style><div class=\"fusion-title title fusion-title-54 fusion-sep-none fusion-title-center fusion-title-text fusion-title-size-two\" style=\"font-size:21px;margin-top:10px;margin-right:0px;margin-bottom:15px;margin-left:0px;\"><h2 class=\"title-heading-center fusion-responsive-typography-calculated\" style=\"margin:0;font-size:1em;color:var(--awb-color1);--fontSize:21;--minFontSize:21px;line-height:var(--awb-typography1-line-height);\"><p style=\"text-align: center;\"><span style=\"font-weight: 400;\">Dr. Godofredo Garc\u00eda<\/span><\/p><\/h2><\/div><div class=\"fusion-text fusion-text-89\" style=\"text-align:left;font-size:14px;color:var(--awb-color1);\"><p style=\"text-align: center;\"><strong>PRESIDENTE<\/strong><\/p>\n<\/div><div class=\"fusion-text fusion-text-90\" style=\"text-align:left;font-size:14px;color:var(--awb-color1);\"><p style=\"text-align: left;\"><span style=\"font-weight: 400;\">Matem\u00e1tico e ingeniero civil. <\/span><span style=\"font-weight: 400;\">Contribuy\u00f3 significativamente al desarrollo de las ciencias matem\u00e1ticas, con importantes publicaciones sobre\u00a0\u00e1lgebra lineal y multilineal. Fue docente e investigador en ambas disciplinas. Ejerci\u00f3 la docencia en la Universidad Nacional Mayor de San Marcos, Universidad Nacional de Ingenier\u00eda y Pontificia Universidad Cat\u00f3lica del Per\u00fa. Introdujo en ellas la ense\u00f1anza del \u00c1lgebra Abstracta, el \u00c1lgebra Lineal y Multilineal, Variable Compleja, Teor\u00eda Cualitativa de las Ecuaciones Diferenciales, Teor\u00eda de la Elasticidad, C\u00e1lculo de Variaciones y Teor\u00eda del Control \u00d3ptimo. Rector de la Pontificia Universidad Cat\u00f3lica del Per\u00fa y director de la Escuela de Graduados. Fue el primer presidente de la Sociedad Matem\u00e1tica Peruana, decano del Colegio de Ingenieros del Per\u00fa y miembro del Comit\u00e9 Interamericano de Ense\u00f1anza de las Matem\u00e1ticas. Presidi\u00f3 <\/span><span style=\"font-weight: 400;\">la\u00a0y fue Presidente Honorario del Centro Interuniversitario de Desarrollo Andino (CINDA). Fue tambi\u00e9n miembro de la\u00a0<\/span><span style=\"font-weight: 400;\">Academia Peruana de <\/span><span style=\"font-weight: 400;\">la<\/span><span style=\"font-weight: 400;\"> Lengua<\/span><span style=\"font-weight: 400;\">,\u00a0y miembro correspondiente de la Academia Colombiana de Ciencias Exactas, F\u00edsicas y Naturales. Recibi\u00f3 el premio a la Investigaci\u00f3n Cient\u00edfica de la Academia Nacional de Ciencias y el Premio Nacional de Cultura de Ciencias Naturales y Matem\u00e1ticas, as\u00ed como las Palmas Magisteriales en el Grado de Amauta y las\u00a0<\/span><span style=\"font-weight: 400;\">Palmas Acad\u00e9micas<\/span><span style=\"font-weight: 400;\">, otorgada por el Gobierno Franc\u00e9s. <\/span><span style=\"font-weight: 400;\">Registra m\u00e1s de 21 memorias cient\u00edficas y 18 libros, entre otras publicaciones.<\/span><\/p>\n<\/div><\/div><style type=\"text\/css\">.fusion-body .fusion-builder-column-60{width:33.333333333333% !important;margin-top : 0px;margin-bottom : 20px;}.fusion-builder-column-60 > .fusion-column-wrapper {padding-top : 10px !important;padding-right : 10px !important;margin-right : 5.76%;padding-bottom : 10px !important;padding-left : 10px !important;margin-left : 5.76%;}@media only screen and (max-width:1024px) {.fusion-body .fusion-builder-column-60{width:33.333333333333% !important;order : 0;}.fusion-builder-column-60 > .fusion-column-wrapper {margin-right : 5.76%;margin-left : 5.76%;}}@media only screen and (max-width:640px) {.fusion-body .fusion-builder-column-60{width:100% !important;order : 0;}.fusion-builder-column-60 > .fusion-column-wrapper {margin-right : 1.92%;margin-left : 1.92%;}}<\/style><\/div><div class=\"fusion-layout-column fusion_builder_column fusion-builder-column-61 fusion_builder_column_1_3 1_3 fusion-flex-column fusion-flex-align-self-flex-start\"><div class=\"fusion-column-wrapper fusion-flex-justify-content-flex-start fusion-content-layout-column\" style=\"background-position:left top;background-repeat:no-repeat;-webkit-background-size:cover;-moz-background-size:cover;-o-background-size:cover;background-size:cover;border-radius:10px 10px 10px 10px;background-color:var(--awb-color5);border-radius:10px 10px 10px 10px;overflow:hidden;padding: 10px 10px 10px 10px;\"><div style=\"text-align:center;\"><span class=\" fusion-imageframe imageframe-none imageframe-47 hover-type-none\" style=\"border-radius:50%;\"><img decoding=\"async\" width=\"224\" height=\"224\" title=\"Carlos Monge\" src=\"https:\/\/ancperu.org\/ancperu\/wp-content\/uploads\/2022\/10\/Carlos-Monge.png\" data-orig-src=\"https:\/\/ancperu.org\/ancperu\/wp-content\/uploads\/2022\/10\/Carlos-Monge.png\" alt class=\"lazyload img-responsive wp-image-1526\" srcset=\"data:image\/svg+xml,%3Csvg%20xmlns%3D%27http%3A%2F%2Fwww.w3.org%2F2000%2Fsvg%27%20width%3D%27224%27%20height%3D%27224%27%20viewBox%3D%270%200%20224%20224%27%3E%3Crect%20width%3D%27224%27%20height%3D%27224%27%20fill-opacity%3D%220%22%2F%3E%3C%2Fsvg%3E\" data-srcset=\"https:\/\/ancperu.org\/ancperu\/wp-content\/uploads\/2022\/10\/Carlos-Monge-200x200.png 200w, https:\/\/ancperu.org\/ancperu\/wp-content\/uploads\/2022\/10\/Carlos-Monge.png 224w\" data-sizes=\"auto\" data-orig-sizes=\"(max-width: 640px) 100vw, 224px\" \/><\/span><\/div><style type=\"text\/css\">@media only screen and (max-width:1024px) {.fusion-title.fusion-title-55{margin-top:10px!important; margin-right:0px!important;margin-bottom:15px!important;margin-left:0px!important;}}@media only screen and (max-width:640px) {.fusion-title.fusion-title-55{margin-top:10px!important; margin-right:0px!important;margin-bottom:10px!important; margin-left:0px!important;}}<\/style><div class=\"fusion-title title fusion-title-55 fusion-sep-none fusion-title-center fusion-title-text fusion-title-size-two\" style=\"font-size:21px;margin-top:10px;margin-right:0px;margin-bottom:15px;margin-left:0px;\"><h2 class=\"title-heading-center fusion-responsive-typography-calculated\" style=\"margin:0;font-size:1em;color:var(--awb-color1);--fontSize:21;--minFontSize:21px;line-height:var(--awb-typography1-line-height);\"><p style=\"text-align: center;\"><span style=\"font-weight: 400;\">Dr. Carlos Monge<\/span><\/p><\/h2><\/div><div class=\"fusion-text fusion-text-91\" style=\"text-align:left;font-size:14px;color:var(--awb-color1);\"><p style=\"text-align: center;\"><strong>VICEPRESIDENTE<\/strong><\/p>\n<\/div><div class=\"fusion-text fusion-text-92\" style=\"text-align:left;font-size:14px;color:var(--awb-color1);\"><p><span style=\"font-weight: 400;\">Doctor en F\u00edsica Nuclear. Tuvo gran influencia en el desarrollo de la ciencia y f\u00edsica en el pa\u00eds. Fue presidente del Instituto Peruano de Energ\u00eda Nuclear, director del Instituto de Ciencia y Tecnolog\u00eda de la Universidad Ricardo Palma y profesor em\u00e9rito de la Universidad Nacional de Ingenier\u00eda. Ejerci\u00f3 la docencia en esas dos casas de estudios y tambi\u00e9n en la Universidad <\/span><span style=\"font-weight: 400;\">Nacional de San Antonio Abad del Cusco, donde influenci\u00f3 la formaci\u00f3n de cientos de estudiantes peruanos. <\/span><span style=\"font-weight: 400;\">Fue m<\/span><span style=\"font-weight: 400;\">iembro de la Comisi\u00f3n de Reforma de la Educaci\u00f3n, cuyo informe final fundament\u00f3 la Ley 19326, Ley General de Educaci\u00f3n, que reform\u00f3 profundamente el sistema educativo y est\u00e1 vigente hasta hoy. <\/span><span style=\"font-weight: 400;\">Recibi\u00f3 el premio \u201cSpirit of Abdus Salam\u201d del Abdus Salam International Centre for Theoretical Physics. Fue cofundador de <\/span><span style=\"font-weight: 400;\">\u201cMulticiencias\u201d, una iniciativa para desarrollar la cooperaci\u00f3n internacional para que cient\u00edficos extranjeros realicen intercambio con los peruanos.<\/span><\/p>\n<\/div><\/div><style type=\"text\/css\">.fusion-body .fusion-builder-column-61{width:33.333333333333% !important;margin-top : 0px;margin-bottom : 20px;}.fusion-builder-column-61 > .fusion-column-wrapper {padding-top : 10px !important;padding-right : 10px !important;margin-right : 5.76%;padding-bottom : 10px !important;padding-left : 10px !important;margin-left : 5.76%;}@media only screen and (max-width:1024px) {.fusion-body .fusion-builder-column-61{width:33.333333333333% !important;order : 0;}.fusion-builder-column-61 > .fusion-column-wrapper {margin-right : 5.76%;margin-left : 5.76%;}}@media only screen and (max-width:640px) {.fusion-body .fusion-builder-column-61{width:100% !important;order : 0;}.fusion-builder-column-61 > .fusion-column-wrapper {margin-right : 1.92%;margin-left : 1.92%;}}<\/style><\/div><div class=\"fusion-layout-column fusion_builder_column fusion-builder-column-62 fusion_builder_column_1_3 1_3 fusion-flex-column fusion-flex-align-self-flex-start\"><div class=\"fusion-column-wrapper fusion-flex-justify-content-flex-start fusion-content-layout-column\" style=\"background-position:left top;background-repeat:no-repeat;-webkit-background-size:cover;-moz-background-size:cover;-o-background-size:cover;background-size:cover;border-radius:10px 10px 10px 10px;background-color:var(--awb-color5);border-radius:10px 10px 10px 10px;overflow:hidden;padding: 10px 10px 10px 10px;\"><div style=\"text-align:center;\"><span class=\" fusion-imageframe imageframe-none imageframe-48 hover-type-none\" style=\"border-radius:50%;\"><img decoding=\"async\" width=\"224\" height=\"224\" title=\"Gamarra Herna\u0301ndez\" src=\"https:\/\/ancperu.org\/ancperu\/wp-content\/uploads\/2022\/10\/Gamarra-Herna\u0301ndez.png\" data-orig-src=\"https:\/\/ancperu.org\/ancperu\/wp-content\/uploads\/2022\/10\/Gamarra-Herna\u0301ndez.png\" alt class=\"lazyload img-responsive wp-image-1525\" srcset=\"data:image\/svg+xml,%3Csvg%20xmlns%3D%27http%3A%2F%2Fwww.w3.org%2F2000%2Fsvg%27%20width%3D%27224%27%20height%3D%27224%27%20viewBox%3D%270%200%20224%20224%27%3E%3Crect%20width%3D%27224%27%20height%3D%27224%27%20fill-opacity%3D%220%22%2F%3E%3C%2Fsvg%3E\" data-srcset=\"https:\/\/ancperu.org\/ancperu\/wp-content\/uploads\/2022\/10\/Gamarra-Herna\u0301ndez-200x200.png 200w, https:\/\/ancperu.org\/ancperu\/wp-content\/uploads\/2022\/10\/Gamarra-Herna\u0301ndez.png 224w\" data-sizes=\"auto\" data-orig-sizes=\"(max-width: 640px) 100vw, 224px\" \/><\/span><\/div><style type=\"text\/css\">@media only screen and (max-width:1024px) {.fusion-title.fusion-title-56{margin-top:10px!important; margin-right:0px!important;margin-bottom:15px!important;margin-left:0px!important;}}@media only screen and (max-width:640px) {.fusion-title.fusion-title-56{margin-top:10px!important; margin-right:0px!important;margin-bottom:10px!important; margin-left:0px!important;}}<\/style><div class=\"fusion-title title fusion-title-56 fusion-sep-none fusion-title-center fusion-title-text fusion-title-size-two\" style=\"font-size:21px;margin-top:10px;margin-right:0px;margin-bottom:15px;margin-left:0px;\"><h2 class=\"title-heading-center fusion-responsive-typography-calculated\" style=\"margin:0;font-size:1em;color:var(--awb-color1);--fontSize:21;--minFontSize:21px;line-height:var(--awb-typography1-line-height);\"><p style=\"text-align: center;\"><span style=\"font-weight: 400;\">Dr. M. Enrique Gamarra<\/span><\/p><\/h2><\/div><div class=\"fusion-text fusion-text-93\" style=\"text-align:left;font-size:14px;color:var(--awb-color1);\"><p style=\"text-align: center;\"><strong>SECRETARIO<\/strong><\/p>\n<\/div><div class=\"fusion-text fusion-text-94\" style=\"text-align:left;font-size:14px;color:var(--awb-color1);\"><p><span style=\"font-weight: 400;\">Doctor en Matem\u00e1ticas. Fundador junto con Jos\u00e9 Tola Pasquel del Instituto de Matem\u00e1ticas de la Universidad Nacional de Ingenier\u00eda, antecesor de la Facultad de Ciencias de dicha casa de estudios. Fue presidente de la Comisi\u00f3n Organizadora de la Universidad Nacional Santiago Ant\u00fanez de Mayolo y presidi\u00f3 la primera Comisi\u00f3n de Gobierno de la citada universidad. Ejerci\u00f3 la docencia en la Universidad Nacional Mayor de San Marcos, Universidad Nacional de Ingenier\u00eda, Universidad Enrique Guzm\u00e1n y Valle, y Pontificia Universidad Cat\u00f3lica del Per\u00fa. Ha sido reconocido como profesor em\u00e9rito de esta \u00faltima casa de estudios,<\/span><span style=\"font-weight: 400;\"> de la Universidad Nacional Mayor de San Marcos y de la Universidad Nacional de Ancash \u201cSantiago Ant\u00fanez de Mayolo\u201d; y como profesor honorario de las universidades San Antonio Abad del Cusco, San Luis Gonzaga de Ica, Pedro Ruiz Gallo de Lambayeque y Los Andes de Huancayo. Recibi\u00f3 las Palmas Magisteriales en el grado de Amauta. Ha publicado numerosos libros sobre matem\u00e1ticas de nivel universitario y ha trabajado incansablemente en la formaci\u00f3n no solo de sus estudiantes universitarios, sino tambi\u00e9n de los profesores de matem\u00e1ticas de educaci\u00f3n secundaria y primaria.<\/span><\/p>\n<\/div><\/div><style type=\"text\/css\">.fusion-body .fusion-builder-column-62{width:33.333333333333% !important;margin-top : 0px;margin-bottom : 20px;}.fusion-builder-column-62 > .fusion-column-wrapper {padding-top : 10px !important;padding-right : 10px !important;margin-right : 5.76%;padding-bottom : 10px !important;padding-left : 10px !important;margin-left : 5.76%;}@media only screen and (max-width:1024px) {.fusion-body .fusion-builder-column-62{width:33.333333333333% !important;order : 0;}.fusion-builder-column-62 > .fusion-column-wrapper {margin-right : 5.76%;margin-left : 5.76%;}}@media only screen and (max-width:640px) {.fusion-body .fusion-builder-column-62{width:100% !important;order : 0;}.fusion-builder-column-62 > .fusion-column-wrapper {margin-right : 1.92%;margin-left : 1.92%;}}<\/style><\/div><div class=\"fusion-layout-column fusion_builder_column fusion-builder-column-63 fusion_builder_column_1_3 1_3 fusion-flex-column fusion-flex-align-self-flex-start\"><div class=\"fusion-column-wrapper fusion-flex-justify-content-flex-start fusion-content-layout-column\" style=\"background-position:left top;background-repeat:no-repeat;-webkit-background-size:cover;-moz-background-size:cover;-o-background-size:cover;background-size:cover;border-radius:10px 10px 10px 10px;background-color:var(--awb-color5);border-radius:10px 10px 10px 10px;overflow:hidden;padding: 10px 10px 10px 10px;\"><div style=\"text-align:center;\"><span class=\" fusion-imageframe imageframe-none imageframe-49 hover-type-none\" style=\"border-radius:50%;\"><img decoding=\"async\" width=\"224\" height=\"224\" title=\"Juan Lastres\" src=\"https:\/\/ancperu.org\/ancperu\/wp-content\/uploads\/2022\/10\/Juan-Lastres.png\" data-orig-src=\"https:\/\/ancperu.org\/ancperu\/wp-content\/uploads\/2022\/10\/Juan-Lastres.png\" alt class=\"lazyload img-responsive wp-image-1524\" srcset=\"data:image\/svg+xml,%3Csvg%20xmlns%3D%27http%3A%2F%2Fwww.w3.org%2F2000%2Fsvg%27%20width%3D%27224%27%20height%3D%27224%27%20viewBox%3D%270%200%20224%20224%27%3E%3Crect%20width%3D%27224%27%20height%3D%27224%27%20fill-opacity%3D%220%22%2F%3E%3C%2Fsvg%3E\" data-srcset=\"https:\/\/ancperu.org\/ancperu\/wp-content\/uploads\/2022\/10\/Juan-Lastres-200x200.png 200w, https:\/\/ancperu.org\/ancperu\/wp-content\/uploads\/2022\/10\/Juan-Lastres.png 224w\" data-sizes=\"auto\" data-orig-sizes=\"(max-width: 640px) 100vw, 224px\" \/><\/span><\/div><style type=\"text\/css\">@media only screen and (max-width:1024px) {.fusion-title.fusion-title-57{margin-top:10px!important; margin-right:0px!important;margin-bottom:15px!important;margin-left:0px!important;}}@media only screen and (max-width:640px) {.fusion-title.fusion-title-57{margin-top:10px!important; margin-right:0px!important;margin-bottom:10px!important; margin-left:0px!important;}}<\/style><div class=\"fusion-title title fusion-title-57 fusion-sep-none fusion-title-center fusion-title-text fusion-title-size-two\" style=\"font-size:21px;margin-top:10px;margin-right:0px;margin-bottom:15px;margin-left:0px;\"><h2 class=\"title-heading-center fusion-responsive-typography-calculated\" style=\"margin:0;font-size:1em;color:var(--awb-color1);--fontSize:21;--minFontSize:21px;line-height:var(--awb-typography1-line-height);\"><p style=\"text-align: center;\"><span style=\"font-weight: 400;\">Dr. Juan B. Lastres<\/span><\/p><\/h2><\/div><div class=\"fusion-text fusion-text-95\" style=\"text-align:left;font-size:14px;color:var(--awb-color1);\"><p style=\"text-align: center;\"><strong>SECRETARIO<\/strong><\/p>\n<\/div><div class=\"fusion-text fusion-text-96\" style=\"text-align:left;font-size:14px;color:var(--awb-color1);\"><p><span style=\"font-weight: 400;\">Doctor en Medicina, reconocido por sus investigaciones m\u00e9dicas e hist\u00f3ricas. Especialista en Neuropsiquiatr\u00eda, catedr\u00e1tico en Semiolog\u00eda y Cl\u00ednica Proped\u00e9utica, catedr\u00e1tico fundador de Historia de la Medicina, cofundador de la Revista M\u00e9dica Peruana y de los Anales de la Sociedad Peruana de Historia de la Medicina. Como m\u00e9dico asimilado al Ej\u00e9rcito nacional fue jefe de la cl\u00ednica de sintomatolog\u00eda, m\u00e9dico en la cl\u00ednica para hombres, jefe de la cl\u00ednica de neuropatolog\u00eda y jefe del departamento de neuropsiquiatr\u00eda. Miembro de la Comisi\u00f3n Encargada de Redactar la Historia de la Universidad Nacional Mayor de San Marcos con motivo de la conmemoraci\u00f3n por su cuarto centenario y asumi\u00f3 el encargo de la redacci\u00f3n de la \u201cHistoria de la Medicina Peruana\u201d, quinto tomo (en tres vol\u00famenes). Fue tambi\u00e9n miembro de la Academia Nacional de Medicina, la Sociedad Peruana de Historia de la Medicina (que fund\u00f3) y de la Asociaci\u00f3n M\u00e9dica Argentina. Reconocido y prol\u00edfico investigador de la primera parte del siglo XX, public\u00f3 numerosos libros, as\u00ed como art\u00edculos y ensayos en revistas especializadas, entre otros.<\/span><\/p>\n<\/div><\/div><style type=\"text\/css\">.fusion-body .fusion-builder-column-63{width:33.333333333333% !important;margin-top : 0px;margin-bottom : 20px;}.fusion-builder-column-63 > .fusion-column-wrapper {padding-top : 10px !important;padding-right : 10px !important;margin-right : 5.76%;padding-bottom : 10px !important;padding-left : 10px !important;margin-left : 5.76%;}@media only screen and (max-width:1024px) {.fusion-body .fusion-builder-column-63{width:33.333333333333% !important;order : 0;}.fusion-builder-column-63 > .fusion-column-wrapper {margin-right : 5.76%;margin-left : 5.76%;}}@media only screen and (max-width:640px) {.fusion-body .fusion-builder-column-63{width:100% !important;order : 0;}.fusion-builder-column-63 > .fusion-column-wrapper {margin-right : 1.92%;margin-left : 1.92%;}}<\/style><\/div><div class=\"fusion-layout-column fusion_builder_column fusion-builder-column-64 fusion_builder_column_1_3 1_3 fusion-flex-column fusion-flex-align-self-flex-start\"><div class=\"fusion-column-wrapper fusion-flex-justify-content-flex-start fusion-content-layout-column\" style=\"background-position:left top;background-repeat:no-repeat;-webkit-background-size:cover;-moz-background-size:cover;-o-background-size:cover;background-size:cover;border-radius:10px 10px 10px 10px;background-color:var(--awb-color5);border-radius:10px 10px 10px 10px;overflow:hidden;padding: 10px 10px 10px 10px;\"><div style=\"text-align:center;\"><span class=\" fusion-imageframe imageframe-none imageframe-50 hover-type-none\" style=\"border-radius:50%;\"><img decoding=\"async\" width=\"224\" height=\"224\" title=\"Luis E\" src=\"https:\/\/ancperu.org\/ancperu\/wp-content\/uploads\/2022\/10\/Luis-E.png\" data-orig-src=\"https:\/\/ancperu.org\/ancperu\/wp-content\/uploads\/2022\/10\/Luis-E.png\" alt class=\"lazyload img-responsive wp-image-1523\" srcset=\"data:image\/svg+xml,%3Csvg%20xmlns%3D%27http%3A%2F%2Fwww.w3.org%2F2000%2Fsvg%27%20width%3D%27224%27%20height%3D%27224%27%20viewBox%3D%270%200%20224%20224%27%3E%3Crect%20width%3D%27224%27%20height%3D%27224%27%20fill-opacity%3D%220%22%2F%3E%3C%2Fsvg%3E\" data-srcset=\"https:\/\/ancperu.org\/ancperu\/wp-content\/uploads\/2022\/10\/Luis-E-200x200.png 200w, https:\/\/ancperu.org\/ancperu\/wp-content\/uploads\/2022\/10\/Luis-E.png 224w\" data-sizes=\"auto\" data-orig-sizes=\"(max-width: 640px) 100vw, 224px\" \/><\/span><\/div><style type=\"text\/css\">@media only screen and (max-width:1024px) {.fusion-title.fusion-title-58{margin-top:10px!important; margin-right:0px!important;margin-bottom:15px!important;margin-left:0px!important;}}@media only screen and (max-width:640px) {.fusion-title.fusion-title-58{margin-top:10px!important; margin-right:0px!important;margin-bottom:10px!important; margin-left:0px!important;}}<\/style><div class=\"fusion-title title fusion-title-58 fusion-sep-none fusion-title-center fusion-title-text fusion-title-size-two\" style=\"font-size:21px;margin-top:10px;margin-right:0px;margin-bottom:15px;margin-left:0px;\"><h2 class=\"title-heading-center fusion-responsive-typography-calculated\" style=\"margin:0;font-size:1em;color:var(--awb-color1);--fontSize:21;--minFontSize:21px;line-height:var(--awb-typography1-line-height);\"><p style=\"text-align: center;\"><span style=\"font-weight: 400;\">Dr. Luis E. Valc\u00e1rcel<\/span><\/p><\/h2><\/div><div class=\"fusion-text fusion-text-97\" style=\"text-align:left;font-size:14px;color:var(--awb-color1);\"><p style=\"text-align: center;\"><strong>TESORERO<\/strong><\/p>\n<\/div><div class=\"fusion-text fusion-text-98\" style=\"text-align:left;font-size:14px;color:var(--awb-color1);\"><p><span style=\"font-weight: 400;\">Fundador de la antropolog\u00eda peruana. Inici\u00f3 la corriente indigenista con otros destacados intelectuales. Fue precursor de conceptos tan actuales como interculturalidad y multiculturalidad e introdujo un nuevo derecho, el derecho a la \u00absoberan\u00eda cultural de los pueblos\u00bb. Ejerci\u00f3 la docencia en la Universidad Nacional de San Antonio Abad del Cusco y la Universidad Nacional Mayor de San Marcos, y fue profesor visitante en las universidades de Columbia, Cornell y Harvard. Fund\u00f3 el primer Museo Arqueol\u00f3gico en la UNSAAC (hoy Museo Inca), el Archivo de esa casa de estudios \u2014que fue la base para el Archivo Regional del Cusco\u2014 y cre\u00f3 el Instituto Arqueol\u00f3gico de la Universidad. En Lima fund\u00f3 el Museo Nacional de la Cultura Peruana y el Instituto de Etnolog\u00eda de la UNMSM, sentando las bases de la antropolog\u00eda moderna en el pa\u00eds. Adem\u00e1s, fue fundador y director del Instituto Indigenista Peruano, Instituto Cultural Peruano Norteamericano, Instituto de Estudios Peruanos. Fue miembro de la Academia Nacional de Historia y de la Sociedad Geogr\u00e1fica de Lima. Condecorado con La Gran Orden del Sol del Per\u00fa, La Legi\u00f3n de Honor de Francia, La Medalla de Israel, entre otros. Recibi\u00f3 el Premio Nacional de Cultura, la Medalla del Congreso y las Palmas Magisteriales en el grado de Amauta. <\/span><\/p>\n<\/div><\/div><style type=\"text\/css\">.fusion-body .fusion-builder-column-64{width:33.333333333333% !important;margin-top : 0px;margin-bottom : 20px;}.fusion-builder-column-64 > .fusion-column-wrapper {padding-top : 10px !important;padding-right : 10px !important;margin-right : 5.76%;padding-bottom : 10px !important;padding-left : 10px !important;margin-left : 5.76%;}@media only screen and (max-width:1024px) {.fusion-body .fusion-builder-column-64{width:33.333333333333% !important;order : 0;}.fusion-builder-column-64 > .fusion-column-wrapper {margin-right : 5.76%;margin-left : 5.76%;}}@media only screen and (max-width:640px) {.fusion-body .fusion-builder-column-64{width:100% !important;order : 0;}.fusion-builder-column-64 > .fusion-column-wrapper {margin-right : 1.92%;margin-left : 1.92%;}}<\/style><\/div><div class=\"fusion-layout-column fusion_builder_column fusion-builder-column-65 fusion_builder_column_1_3 1_3 fusion-flex-column fusion-flex-align-self-flex-start\"><div class=\"fusion-column-wrapper fusion-flex-justify-content-flex-start fusion-content-layout-column\" style=\"background-position:left top;background-repeat:no-repeat;-webkit-background-size:cover;-moz-background-size:cover;-o-background-size:cover;background-size:cover;border-radius:10px 10px 10px 10px;background-color:var(--awb-color5);border-radius:10px 10px 10px 10px;overflow:hidden;padding: 10px 10px 10px 10px;\"><div style=\"text-align:center;\"><span class=\" fusion-imageframe imageframe-none imageframe-51 hover-type-none\" style=\"border-radius:50%;\"><img decoding=\"async\" width=\"224\" height=\"224\" title=\"Pedro Wiess\" src=\"https:\/\/ancperu.org\/ancperu\/wp-content\/uploads\/2022\/10\/Pedro-Wiess.png\" data-orig-src=\"https:\/\/ancperu.org\/ancperu\/wp-content\/uploads\/2022\/10\/Pedro-Wiess.png\" alt class=\"lazyload img-responsive wp-image-1521\" srcset=\"data:image\/svg+xml,%3Csvg%20xmlns%3D%27http%3A%2F%2Fwww.w3.org%2F2000%2Fsvg%27%20width%3D%27224%27%20height%3D%27224%27%20viewBox%3D%270%200%20224%20224%27%3E%3Crect%20width%3D%27224%27%20height%3D%27224%27%20fill-opacity%3D%220%22%2F%3E%3C%2Fsvg%3E\" data-srcset=\"https:\/\/ancperu.org\/ancperu\/wp-content\/uploads\/2022\/10\/Pedro-Wiess-200x200.png 200w, https:\/\/ancperu.org\/ancperu\/wp-content\/uploads\/2022\/10\/Pedro-Wiess.png 224w\" data-sizes=\"auto\" data-orig-sizes=\"(max-width: 640px) 100vw, 224px\" \/><\/span><\/div><style type=\"text\/css\">@media only screen and (max-width:1024px) {.fusion-title.fusion-title-59{margin-top:10px!important; margin-right:0px!important;margin-bottom:15px!important;margin-left:0px!important;}}@media only screen and (max-width:640px) {.fusion-title.fusion-title-59{margin-top:10px!important; margin-right:0px!important;margin-bottom:10px!important; margin-left:0px!important;}}<\/style><div class=\"fusion-title title fusion-title-59 fusion-sep-none fusion-title-center fusion-title-text fusion-title-size-two\" style=\"font-size:21px;margin-top:10px;margin-right:0px;margin-bottom:15px;margin-left:0px;\"><h2 class=\"title-heading-center fusion-responsive-typography-calculated\" style=\"margin:0;font-size:1em;color:var(--awb-color1);--fontSize:21;--minFontSize:21px;line-height:var(--awb-typography1-line-height);\"><p style=\"text-align: center;\"><span style=\"font-weight: 400;\">Dr. Pedro Weiss<\/span><\/p><\/h2><\/div><div class=\"fusion-text fusion-text-99\" style=\"text-align:left;font-size:14px;color:var(--awb-color1);\"><p style=\"text-align: center;\"><strong>BIBLIOTECARIO<\/strong><\/p>\n<\/div><div class=\"fusion-text fusion-text-100\" style=\"text-align:left;font-size:14px;color:var(--awb-color1);\"><p><span style=\"font-weight: 400;\">M\u00e9dico bi\u00f3logo. Destacado investigador, fundador de la Escuela de Patolog\u00eda en el Per\u00fa y considerado padre de esa especialidad. Inici\u00f3 los estudios sobre paleopatolog\u00eda y osteolog\u00eda cultural en el pa\u00eds. Sus aportes y descripciones sobre deformaciones craneanas, trepanaciones y osteopatolog\u00edas han permitido aproximaci\u00f3n a las enfermedades m\u00e1s frecuentes en nuestros pueblos precolombinos. No solo describi\u00f3 cambios morfol\u00f3gicos, trat\u00f3 adem\u00e1s de dar explicaciones fisiopatol\u00f3gicas con aportes a la verruga, linfoma endonasal, leishmanniasis, entre otros. Muchos de sus descubrimientos se encuentran vigentes como legados valiosos a la ciencia m\u00e9dica. Ejerci\u00f3 la docencia en la Universidad Nacional Mayor de San Marcos y en la Universidad Peruana Cayetano Heredia; en la primera casa de estudios se desempe\u00f1\u00f3 como director del Museo de la Facultad de Medicina. Tambi\u00e9n realiz\u00f3 estudios sobre la navegaci\u00f3n y la pesca artesanal, reivindicando en la d\u00e9cada de 1940 la importancia del ciclo de la anchoveta, que a\u00f1os despu\u00e9s ser\u00eda pilar de nuestra econom\u00eda. Sus principales trabajos han sido publicados en revistas especializadas del pa\u00eds y el extranjero.<\/span><\/p>\n<\/div><\/div><style type=\"text\/css\">.fusion-body .fusion-builder-column-65{width:33.333333333333% !important;margin-top : 0px;margin-bottom : 20px;}.fusion-builder-column-65 > .fusion-column-wrapper {padding-top : 10px !important;padding-right : 10px !important;margin-right : 5.76%;padding-bottom : 10px !important;padding-left : 10px !important;margin-left : 5.76%;}@media only screen and (max-width:1024px) {.fusion-body .fusion-builder-column-65{width:33.333333333333% !important;order : 0;}.fusion-builder-column-65 > .fusion-column-wrapper {margin-right : 5.76%;margin-left : 5.76%;}}@media only screen and (max-width:640px) {.fusion-body .fusion-builder-column-65{width:100% !important;order : 0;}.fusion-builder-column-65 > .fusion-column-wrapper {margin-right : 1.92%;margin-left : 1.92%;}}<\/style><\/div><div class=\"fusion-layout-column fusion_builder_column fusion-builder-column-66 fusion_builder_column_1_1 1_1 fusion-flex-column\"><div class=\"fusion-column-wrapper fusion-flex-justify-content-flex-start fusion-content-layout-column\" style=\"background-position:left top;background-repeat:no-repeat;-webkit-background-size:cover;-moz-background-size:cover;-o-background-size:cover;background-size:cover;padding: 0px 0px 0px 0px;\"><div class=\"fusion-separator fusion-full-width-sep\" style=\"align-self: center;margin-left: auto;margin-right: auto;margin-top:10px;margin-bottom:20px;width:100%;\"><div class=\"fusion-separator-border sep-double\" style=\"border-color:hsla(var(--awb-color5-h),var(--awb-color5-s),var(--awb-color5-l),calc( var(--awb-color5-a) - 97% ));border-top-width:0px;border-bottom-width:0px;\"><\/div><\/div><\/div><style type=\"text\/css\">.fusion-body .fusion-builder-column-66{width:100% !important;margin-top : 0px;margin-bottom : 20px;}.fusion-builder-column-66 > .fusion-column-wrapper {padding-top : 0px !important;padding-right : 0px !important;margin-right : 1.92%;padding-bottom : 0px !important;padding-left : 0px !important;margin-left : 1.92%;}@media only screen and (max-width:1024px) {.fusion-body .fusion-builder-column-66{width:100% !important;order : 0;}.fusion-builder-column-66 > .fusion-column-wrapper {margin-right : 1.92%;margin-left : 1.92%;}}@media only screen and (max-width:640px) {.fusion-body .fusion-builder-column-66{width:100% !important;order : 0;}.fusion-builder-column-66 > .fusion-column-wrapper {margin-right : 1.92%;margin-left : 1.92%;}}<\/style><\/div><\/div><style type=\"text\/css\">.fusion-body .fusion-flex-container.fusion-builder-row-8{ padding-top : 0px;margin-top : 0px;padding-right : 0px;padding-bottom : 0px;margin-bottom : 0px;padding-left : 0px;}<\/style><\/div><\/p>\n","protected":false},"excerpt":{"rendered":"","protected":false},"author":1,"featured_media":0,"parent":0,"menu_order":0,"comment_status":"closed","ping_status":"closed","template":"100-width.php","meta":{"footnotes":""},"class_list":["post-1352","page","type-page","status-publish","hentry"],"_links":{"self":[{"href":"https:\/\/ancperu.org\/ancperu\/wp-json\/wp\/v2\/pages\/1352","targetHints":{"allow":["GET"]}}],"collection":[{"href":"https:\/\/ancperu.org\/ancperu\/wp-json\/wp\/v2\/pages"}],"about":[{"href":"https:\/\/ancperu.org\/ancperu\/wp-json\/wp\/v2\/types\/page"}],"author":[{"embeddable":true,"href":"https:\/\/ancperu.org\/ancperu\/wp-json\/wp\/v2\/users\/1"}],"replies":[{"embeddable":true,"href":"https:\/\/ancperu.org\/ancperu\/wp-json\/wp\/v2\/comments?post=1352"}],"version-history":[{"count":48,"href":"https:\/\/ancperu.org\/ancperu\/wp-json\/wp\/v2\/pages\/1352\/revisions"}],"predecessor-version":[{"id":1810,"href":"https:\/\/ancperu.org\/ancperu\/wp-json\/wp\/v2\/pages\/1352\/revisions\/1810"}],"wp:attachment":[{"href":"https:\/\/ancperu.org\/ancperu\/wp-json\/wp\/v2\/media?parent=1352"}],"curies":[{"name":"wp","href":"https:\/\/api.w.org\/{rel}","templated":true}]}}